{"id":117,"date":"2015-12-03T00:32:08","date_gmt":"2015-12-03T00:32:08","guid":{"rendered":"https:\/\/teresalaiz.com\/web\/?page_id=117"},"modified":"2025-09-16T20:05:19","modified_gmt":"2025-09-16T20:05:19","slug":"conciertos","status":"publish","type":"page","link":"https:\/\/teresalaiz.com\/web\/conciertos\/","title":{"rendered":"Conciertos"},"content":{"rendered":"<p style=\"text-align: center;\"><em>Un toque de distinci\u00f3n y originalidad &#8230; cuando las Casta\u00f1uelas hablan.<\/em><\/p>\n<p style=\"text-align: justify;\">Teresa Laiz ofrece Conciertos de Casta\u00f1uelas donde destaca la pasi\u00f3n y el virtuosismo,\u00a0 la elegancia y la musicalidad, en diferentes formaciones musicales desde d\u00fao a orquesta,\u00a0 escogiendo el repertorio que mejor se adapte al evento.<\/p>\n<p style=\"text-align: justify;\">Teresa Laiz en sus conciertos desvela un aspecto cultural espa\u00f1ol muy arraigado a la vez que desconocido, pues las casta\u00f1uelas no act\u00faan como mero acompa\u00f1amiento sino como instrumento solista de orquesta, con partituras escritas por la propia concertista, interpretando tanto m\u00fasica cl\u00e1sica (Vivaldi, Bach, Scarlatti, Haydn, Boccherini, Mozart, Beethoven, Strauss\u2026), espa\u00f1ola (Bizet, Chueca, Gim\u00e9nez, Alb\u00e9niz, Granados, Larregla, Vives, Falla, Soutullo\u2026), catalana -sardanas, habaneras, tradicional catalana (E. Morera, Els Groullers, Els Montgrins &#8230;), moderna, jazz, flamenco o popular de diferentes pa\u00edses.<\/p>\n<p style=\"text-align: center;\"><em>Haz click en la foto de cada tipo de concierto para m\u00e1s informaci\u00f3n.<\/em><\/p>\n<table style=\"border-collapse: collapse; width: 100%;\">\n<tbody>\n<tr>\n<td style=\"width: 25%;\">\n<p style=\"text-align: center;\"><strong><a href=\"https:\/\/teresalaiz.com\/web\/conciertos\/solista\/\" target=\"_blank\" rel=\"noopener\"><img loading=\"lazy\" decoding=\"async\" class=\"aligncenter wp-image-2329 size-full\" src=\"https:\/\/teresalaiz.com\/web\/wp-content\/uploads\/2021\/10\/Teresa-Laiz-Orquesta-JMJ-grande.jpg\" alt=\"Concierto de Casta\u00f1uelas Teresa Laiz\" width=\"958\" height=\"729\" srcset=\"https:\/\/teresalaiz.com\/web\/wp-content\/uploads\/2021\/10\/Teresa-Laiz-Orquesta-JMJ-grande.jpg 958w, https:\/\/teresalaiz.com\/web\/wp-content\/uploads\/2021\/10\/Teresa-Laiz-Orquesta-JMJ-grande-300x228.jpg 300w, https:\/\/teresalaiz.com\/web\/wp-content\/uploads\/2021\/10\/Teresa-Laiz-Orquesta-JMJ-grande-768x584.jpg 768w\" sizes=\"(max-width: 958px) 100vw, 958px\" \/><\/a>Solista de Orquesta\/Banda<\/strong><\/p>\n<\/td>\n<td style=\"width: 25%;\">\n<p style=\"text-align: center;\"><a href=\"https:\/\/teresalaiz.com\/web\/conciertos\/piano-castanuelas\/\" target=\"_blank\" rel=\"noopener\"><img loading=\"lazy\" decoding=\"async\" class=\"aligncenter wp-image-993 size-full\" src=\"https:\/\/teresalaiz.com\/web\/wp-content\/uploads\/2015\/12\/a162fa4cd60bb9031234231a9d9c2070.jpg\" alt=\"Teresa Laiz y Laura Scarb\u00f3\" width=\"560\" height=\"420\" srcset=\"https:\/\/teresalaiz.com\/web\/wp-content\/uploads\/2015\/12\/a162fa4cd60bb9031234231a9d9c2070.jpg 560w, https:\/\/teresalaiz.com\/web\/wp-content\/uploads\/2015\/12\/a162fa4cd60bb9031234231a9d9c2070-300x225.jpg 300w\" sizes=\"(max-width: 560px) 100vw, 560px\" \/><\/a><strong>Piano &amp; Casta\u00f1uelas<\/strong><\/p>\n<\/td>\n<td style=\"width: 25%; text-align: center;\"><strong><a href=\"https:\/\/teresalaiz.com\/web\/conciertos\/cuarteto-de-cuerda-castanuelas\/\" target=\"_blank\" rel=\"noopener\"> <img loading=\"lazy\" decoding=\"async\" class=\"aligncenter wp-image-2386 size-full\" src=\"https:\/\/teresalaiz.com\/web\/wp-content\/uploads\/2021\/10\/Quartet-Sonor.jpg\" alt=\"\" width=\"1900\" height=\"1429\" srcset=\"https:\/\/teresalaiz.com\/web\/wp-content\/uploads\/2021\/10\/Quartet-Sonor.jpg 1900w, https:\/\/teresalaiz.com\/web\/wp-content\/uploads\/2021\/10\/Quartet-Sonor-300x226.jpg 300w, https:\/\/teresalaiz.com\/web\/wp-content\/uploads\/2021\/10\/Quartet-Sonor-1024x770.jpg 1024w, https:\/\/teresalaiz.com\/web\/wp-content\/uploads\/2021\/10\/Quartet-Sonor-768x578.jpg 768w, https:\/\/teresalaiz.com\/web\/wp-content\/uploads\/2021\/10\/Quartet-Sonor-1536x1155.jpg 1536w\" sizes=\"(max-width: 1900px) 100vw, 1900px\" \/><\/a>Cuarteto de Cuerdas &amp; Casta\u00f1uelas<\/strong><\/td>\n<td style=\"width: 25%; text-align: center;\"><strong><a href=\"https:\/\/teresalaiz.com\/web\/conciertos\/guitarra-castanuelas\/\" target=\"_blank\" rel=\"noopener\"><img loading=\"lazy\" decoding=\"async\" class=\"alignnone size-full wp-image-2431\" src=\"https:\/\/teresalaiz.com\/web\/wp-content\/uploads\/2021\/10\/Teresa-Laiz-Antonio-Reyes.jpg\" alt=\"\" width=\"1600\" height=\"1201\" srcset=\"https:\/\/teresalaiz.com\/web\/wp-content\/uploads\/2021\/10\/Teresa-Laiz-Antonio-Reyes.jpg 1600w, https:\/\/teresalaiz.com\/web\/wp-content\/uploads\/2021\/10\/Teresa-Laiz-Antonio-Reyes-300x225.jpg 300w, https:\/\/teresalaiz.com\/web\/wp-content\/uploads\/2021\/10\/Teresa-Laiz-Antonio-Reyes-1024x769.jpg 1024w, https:\/\/teresalaiz.com\/web\/wp-content\/uploads\/2021\/10\/Teresa-Laiz-Antonio-Reyes-768x576.jpg 768w, https:\/\/teresalaiz.com\/web\/wp-content\/uploads\/2021\/10\/Teresa-Laiz-Antonio-Reyes-1536x1153.jpg 1536w\" sizes=\"(max-width: 1600px) 100vw, 1600px\" \/><\/a>Guitarra y Casta\u00f1uelas<\/strong><\/td>\n<\/tr>\n<\/tbody>\n<\/table>\n<table style=\"border-collapse: collapse; width: 100%;\">\n<tbody>\n<tr>\n<td style=\"width: 25%; text-align: left;\"><\/td>\n<td style=\"width: 25%;\">\n<p style=\"text-align: center;\">\n<\/td>\n<td style=\"width: 25%;\">\n<p style=\"text-align: center;\">\n<\/td>\n<td style=\"width: 25%;\">\n<p style=\"text-align: center;\">\n<\/td>\n<\/tr>\n<\/tbody>\n<\/table>\n<table style=\"border-collapse: collapse; width: 100%; height: 293px;\">\n<tbody>\n<tr style=\"height: 293px;\">\n<td style=\"width: 33.3333%; text-align: center; height: 293px;\"><a href=\"https:\/\/teresalaiz.com\/web\/xi-festival-internacional-de-castanuelas\/\" target=\"_blank\" rel=\"noopener\"><img loading=\"lazy\" decoding=\"async\" class=\"aligncenter wp-image-649\" src=\"https:\/\/teresalaiz.com\/web\/wp-content\/uploads\/2015\/12\/9649e20f50f164b0fec3058ab6a51028.jpg\" alt=\"Festival Internacional de Casta\u00f1uelas\" width=\"185\" height=\"164\" srcset=\"https:\/\/teresalaiz.com\/web\/wp-content\/uploads\/2015\/12\/9649e20f50f164b0fec3058ab6a51028.jpg 475w, https:\/\/teresalaiz.com\/web\/wp-content\/uploads\/2015\/12\/9649e20f50f164b0fec3058ab6a51028-300x265.jpg 300w\" sizes=\"(max-width: 185px) 100vw, 185px\" \/><\/a><strong>Festival Internacional de Casta\u00f1uelas<\/strong><\/td>\n<td style=\"width: 34.6716%; text-align: center; height: 293px;\"><a href=\"https:\/\/teresalaiz.com\/web\/coro-castanuelas-madrid-2\/\" target=\"_blank\" rel=\"noopener\"><img loading=\"lazy\" decoding=\"async\" class=\"aligncenter wp-image-4245\" src=\"https:\/\/teresalaiz.com\/web\/wp-content\/uploads\/2025\/09\/Coro-de-Castanuelas-de-Madrid-recorte-2Mb-1024x468.jpg\" alt=\"\" width=\"720\" height=\"329\" srcset=\"https:\/\/teresalaiz.com\/web\/wp-content\/uploads\/2025\/09\/Coro-de-Castanuelas-de-Madrid-recorte-2Mb-1024x468.jpg 1024w, https:\/\/teresalaiz.com\/web\/wp-content\/uploads\/2025\/09\/Coro-de-Castanuelas-de-Madrid-recorte-2Mb-300x137.jpg 300w, https:\/\/teresalaiz.com\/web\/wp-content\/uploads\/2025\/09\/Coro-de-Castanuelas-de-Madrid-recorte-2Mb-768x351.jpg 768w, https:\/\/teresalaiz.com\/web\/wp-content\/uploads\/2025\/09\/Coro-de-Castanuelas-de-Madrid-recorte-2Mb-1536x701.jpg 1536w, https:\/\/teresalaiz.com\/web\/wp-content\/uploads\/2025\/09\/Coro-de-Castanuelas-de-Madrid-recorte-2Mb-2048x935.jpg 2048w\" sizes=\"(max-width: 720px) 100vw, 720px\" \/><\/a><strong>Coro de Casta\u00f1uelas de Madrid<\/strong><\/td>\n<td style=\"width: 31.995%; text-align: center; height: 293px;\"><strong><a href=\"https:\/\/teresalaiz.com\/web\/wp-content\/uploads\/2025\/09\/REPERTORIO-CONCIERTOS-DE-CASTANUELAS.pdf\" target=\"_blank\" rel=\"noopener\"><img loading=\"lazy\" decoding=\"async\" class=\"aligncenter wp-image-2468\" src=\"https:\/\/teresalaiz.com\/web\/wp-content\/uploads\/2021\/10\/Partituras-fondo-web.jpg\" alt=\"Repertorio Teresa Laiz Casta\u00f1uelas\" width=\"231\" height=\"182\" srcset=\"https:\/\/teresalaiz.com\/web\/wp-content\/uploads\/2021\/10\/Partituras-fondo-web.jpg 1477w, https:\/\/teresalaiz.com\/web\/wp-content\/uploads\/2021\/10\/Partituras-fondo-web-300x237.jpg 300w, https:\/\/teresalaiz.com\/web\/wp-content\/uploads\/2021\/10\/Partituras-fondo-web-1024x809.jpg 1024w, https:\/\/teresalaiz.com\/web\/wp-content\/uploads\/2021\/10\/Partituras-fondo-web-768x607.jpg 768w\" sizes=\"(max-width: 231px) 100vw, 231px\" \/><\/a>Repertorio completo<\/strong><\/td>\n<\/tr>\n<\/tbody>\n<\/table>\n<table style=\"border-collapse: collapse; width: 100%;\">\n<tbody>\n<tr>\n<td style=\"width: 100%; text-align: center;\"><a href=\"https:\/\/teresalaiz.com\/web\/proximos-conciertos\/\" target=\"_blank\" rel=\"noopener\"><img loading=\"lazy\" decoding=\"async\" class=\"aligncenter wp-image-2482\" src=\"https:\/\/teresalaiz.com\/web\/wp-content\/uploads\/2021\/10\/Agenda-Fondo-web.jpg\" alt=\"Pr\u00f3ximos conciertos de casta\u00f1uelas\" width=\"329\" height=\"300\" srcset=\"https:\/\/teresalaiz.com\/web\/wp-content\/uploads\/2021\/10\/Agenda-Fondo-web.jpg 471w, https:\/\/teresalaiz.com\/web\/wp-content\/uploads\/2021\/10\/Agenda-Fondo-web-300x273.jpg 300w\" sizes=\"(max-width: 329px) 100vw, 329px\" \/><\/a><strong>Pr\u00f3ximos Conciertos<\/strong><\/td>\n<\/tr>\n<\/tbody>\n<\/table>\n<p>&nbsp;<\/p>\n<p>&nbsp;<\/p>\n<p>&nbsp;<\/p>\n<p>&nbsp;<\/p>\n<p>&nbsp;<\/p>\n","protected":false},"excerpt":{"rendered":"<p>Un toque de distinci\u00f3n y originalidad &#8230; cuando las Casta\u00f1uelas hablan. Teresa Laiz ofrece Conciertos de Casta\u00f1uelas donde destaca la pasi\u00f3n y el virtuosismo,\u00a0 la elegancia y la musicalidad, en diferentes formaciones musicales desde d\u00fao a orquesta,\u00a0 escogiendo el repertorio que mejor se adapte al evento. Teresa Laiz en sus conciertos desvela un aspecto cultural espa\u00f1ol muy arraigado a la vez que desconocido, pues las casta\u00f1uelas no act\u00faan como mero acompa\u00f1amiento sino como instrumento solista de orquesta, con partituras escritas por la propia concertista, interpretando tanto m\u00fasica cl\u00e1sica (Vivaldi, Bach, Scarlatti, Haydn, Boccherini, Mozart, Beethoven, Strauss\u2026), espa\u00f1ola (Bizet, Chueca, Gim\u00e9nez, Alb\u00e9niz, Granados, Larregla, Vives, Falla, Soutullo\u2026), catalana -sardanas, habaneras, tradicional [&hellip;]<\/p>\n","protected":false},"author":1,"featured_media":221,"parent":0,"menu_order":0,"comment_status":"closed","ping_status":"closed","template":"templates\/full-width.php","meta":{"footnotes":""},"yoast_head":"<!-- This site is optimized with the Yoast SEO plugin v22.7 - https:\/\/yoast.com\/wordpress\/plugins\/seo\/ -->\n<title>Conciertos - Teresa Laiz<\/title>\n<meta name=\"robots\" content=\"index, follow, max-snippet:-1, max-image-preview:large, max-video-preview:-1\" \/>\n<link rel=\"canonical\" href=\"https:\/\/teresalaiz.com\/web\/conciertos\/\" \/>\n<meta property=\"og:locale\" content=\"es_ES\" \/>\n<meta property=\"og:type\" content=\"article\" \/>\n<meta property=\"og:title\" content=\"Conciertos - Teresa Laiz\" \/>\n<meta property=\"og:description\" content=\"Un toque de distinci\u00f3n y originalidad &#8230; cuando las Casta\u00f1uelas hablan. Teresa Laiz ofrece Conciertos de Casta\u00f1uelas donde destaca la pasi\u00f3n y el virtuosismo,\u00a0 la elegancia y la musicalidad, en diferentes formaciones musicales desde d\u00fao a orquesta,\u00a0 escogiendo el repertorio que mejor se adapte al evento. Teresa Laiz en sus conciertos desvela un aspecto cultural espa\u00f1ol muy arraigado a la vez que desconocido, pues las casta\u00f1uelas no act\u00faan como mero acompa\u00f1amiento sino como instrumento solista de orquesta, con partituras escritas por la propia concertista, interpretando tanto m\u00fasica cl\u00e1sica (Vivaldi, Bach, Scarlatti, Haydn, Boccherini, Mozart, Beethoven, Strauss\u2026), espa\u00f1ola (Bizet, Chueca, Gim\u00e9nez, Alb\u00e9niz, Granados, Larregla, Vives, Falla, Soutullo\u2026), catalana -sardanas, habaneras, tradicional [&hellip;]\" \/>\n<meta property=\"og:url\" content=\"https:\/\/teresalaiz.com\/web\/conciertos\/\" \/>\n<meta property=\"og:site_name\" content=\"Teresa Laiz\" \/>\n<meta property=\"article:modified_time\" content=\"2025-09-16T20:05:19+00:00\" \/>\n<meta property=\"og:image\" content=\"https:\/\/teresalaiz.com\/web\/wp-content\/uploads\/2015\/12\/7a4e8836630f43457579880068989af1.jpg\" \/>\n\t<meta property=\"og:image:width\" content=\"628\" \/>\n\t<meta property=\"og:image:height\" content=\"420\" \/>\n\t<meta property=\"og:image:type\" content=\"image\/jpeg\" \/>\n<meta name=\"twitter:card\" content=\"summary_large_image\" \/>\n<meta name=\"twitter:label1\" content=\"Tiempo de lectura\" \/>\n\t<meta name=\"twitter:data1\" content=\"3 minutos\" \/>\n<script type=\"application\/ld+json\" class=\"yoast-schema-graph\">{\"@context\":\"https:\/\/schema.org\",\"@graph\":[{\"@type\":\"WebPage\",\"@id\":\"https:\/\/teresalaiz.com\/web\/conciertos\/\",\"url\":\"https:\/\/teresalaiz.com\/web\/conciertos\/\",\"name\":\"Conciertos - Teresa Laiz\",\"isPartOf\":{\"@id\":\"https:\/\/teresalaiz.com\/web\/#website\"},\"primaryImageOfPage\":{\"@id\":\"https:\/\/teresalaiz.com\/web\/conciertos\/#primaryimage\"},\"image\":{\"@id\":\"https:\/\/teresalaiz.com\/web\/conciertos\/#primaryimage\"},\"thumbnailUrl\":\"https:\/\/teresalaiz.com\/web\/wp-content\/uploads\/2015\/12\/7a4e8836630f43457579880068989af1.jpg\",\"datePublished\":\"2015-12-03T00:32:08+00:00\",\"dateModified\":\"2025-09-16T20:05:19+00:00\",\"breadcrumb\":{\"@id\":\"https:\/\/teresalaiz.com\/web\/conciertos\/#breadcrumb\"},\"inLanguage\":\"es\",\"potentialAction\":[{\"@type\":\"ReadAction\",\"target\":[\"https:\/\/teresalaiz.com\/web\/conciertos\/\"]}]},{\"@type\":\"ImageObject\",\"inLanguage\":\"es\",\"@id\":\"https:\/\/teresalaiz.com\/web\/conciertos\/#primaryimage\",\"url\":\"https:\/\/teresalaiz.com\/web\/wp-content\/uploads\/2015\/12\/7a4e8836630f43457579880068989af1.jpg\",\"contentUrl\":\"https:\/\/teresalaiz.com\/web\/wp-content\/uploads\/2015\/12\/7a4e8836630f43457579880068989af1.jpg\",\"width\":628,\"height\":420,\"caption\":\"Conciertos de Casta\u00f1uelas Teresa Laiz\"},{\"@type\":\"BreadcrumbList\",\"@id\":\"https:\/\/teresalaiz.com\/web\/conciertos\/#breadcrumb\",\"itemListElement\":[{\"@type\":\"ListItem\",\"position\":1,\"name\":\"Portada\",\"item\":\"https:\/\/teresalaiz.com\/web\/\"},{\"@type\":\"ListItem\",\"position\":2,\"name\":\"Conciertos\"}]},{\"@type\":\"WebSite\",\"@id\":\"https:\/\/teresalaiz.com\/web\/#website\",\"url\":\"https:\/\/teresalaiz.com\/web\/\",\"name\":\"Teresa Laiz\",\"description\":\"Casta\u00f1uelas, Conciertos de Casta\u00f1uelas, Cursos de Casta\u00f1uelas, Festival Internacional de Casta\u00f1uelas, M\u00e9todo de Casta\u00f1uelas, Castanets, Castagnettes, Kastagnetten, \u30ab\u30b9\u30bf\u30cd\u30c3\u30c8\",\"potentialAction\":[{\"@type\":\"SearchAction\",\"target\":{\"@type\":\"EntryPoint\",\"urlTemplate\":\"https:\/\/teresalaiz.com\/web\/?s={search_term_string}\"},\"query-input\":\"required name=search_term_string\"}],\"inLanguage\":\"es\"}]}<\/script>\n<!-- \/ Yoast SEO plugin. -->","yoast_head_json":{"title":"Conciertos - Teresa Laiz","robots":{"index":"index","follow":"follow","max-snippet":"max-snippet:-1","max-image-preview":"max-image-preview:large","max-video-preview":"max-video-preview:-1"},"canonical":"https:\/\/teresalaiz.com\/web\/conciertos\/","og_locale":"es_ES","og_type":"article","og_title":"Conciertos - Teresa Laiz","og_description":"Un toque de distinci\u00f3n y originalidad &#8230; cuando las Casta\u00f1uelas hablan. Teresa Laiz ofrece Conciertos de Casta\u00f1uelas donde destaca la pasi\u00f3n y el virtuosismo,\u00a0 la elegancia y la musicalidad, en diferentes formaciones musicales desde d\u00fao a orquesta,\u00a0 escogiendo el repertorio que mejor se adapte al evento. Teresa Laiz en sus conciertos desvela un aspecto cultural espa\u00f1ol muy arraigado a la vez que desconocido, pues las casta\u00f1uelas no act\u00faan como mero acompa\u00f1amiento sino como instrumento solista de orquesta, con partituras escritas por la propia concertista, interpretando tanto m\u00fasica cl\u00e1sica (Vivaldi, Bach, Scarlatti, Haydn, Boccherini, Mozart, Beethoven, Strauss\u2026), espa\u00f1ola (Bizet, Chueca, Gim\u00e9nez, Alb\u00e9niz, Granados, Larregla, Vives, Falla, Soutullo\u2026), catalana -sardanas, habaneras, tradicional [&hellip;]","og_url":"https:\/\/teresalaiz.com\/web\/conciertos\/","og_site_name":"Teresa Laiz","article_modified_time":"2025-09-16T20:05:19+00:00","og_image":[{"width":628,"height":420,"url":"https:\/\/teresalaiz.com\/web\/wp-content\/uploads\/2015\/12\/7a4e8836630f43457579880068989af1.jpg","type":"image\/jpeg"}],"twitter_card":"summary_large_image","twitter_misc":{"Tiempo de lectura":"3 minutos"},"schema":{"@context":"https:\/\/schema.org","@graph":[{"@type":"WebPage","@id":"https:\/\/teresalaiz.com\/web\/conciertos\/","url":"https:\/\/teresalaiz.com\/web\/conciertos\/","name":"Conciertos - Teresa Laiz","isPartOf":{"@id":"https:\/\/teresalaiz.com\/web\/#website"},"primaryImageOfPage":{"@id":"https:\/\/teresalaiz.com\/web\/conciertos\/#primaryimage"},"image":{"@id":"https:\/\/teresalaiz.com\/web\/conciertos\/#primaryimage"},"thumbnailUrl":"https:\/\/teresalaiz.com\/web\/wp-content\/uploads\/2015\/12\/7a4e8836630f43457579880068989af1.jpg","datePublished":"2015-12-03T00:32:08+00:00","dateModified":"2025-09-16T20:05:19+00:00","breadcrumb":{"@id":"https:\/\/teresalaiz.com\/web\/conciertos\/#breadcrumb"},"inLanguage":"es","potentialAction":[{"@type":"ReadAction","target":["https:\/\/teresalaiz.com\/web\/conciertos\/"]}]},{"@type":"ImageObject","inLanguage":"es","@id":"https:\/\/teresalaiz.com\/web\/conciertos\/#primaryimage","url":"https:\/\/teresalaiz.com\/web\/wp-content\/uploads\/2015\/12\/7a4e8836630f43457579880068989af1.jpg","contentUrl":"https:\/\/teresalaiz.com\/web\/wp-content\/uploads\/2015\/12\/7a4e8836630f43457579880068989af1.jpg","width":628,"height":420,"caption":"Conciertos de Casta\u00f1uelas Teresa Laiz"},{"@type":"BreadcrumbList","@id":"https:\/\/teresalaiz.com\/web\/conciertos\/#breadcrumb","itemListElement":[{"@type":"ListItem","position":1,"name":"Portada","item":"https:\/\/teresalaiz.com\/web\/"},{"@type":"ListItem","position":2,"name":"Conciertos"}]},{"@type":"WebSite","@id":"https:\/\/teresalaiz.com\/web\/#website","url":"https:\/\/teresalaiz.com\/web\/","name":"Teresa Laiz","description":"Casta\u00f1uelas, Conciertos de Casta\u00f1uelas, Cursos de Casta\u00f1uelas, Festival Internacional de Casta\u00f1uelas, M\u00e9todo de Casta\u00f1uelas, Castanets, Castagnettes, Kastagnetten, \u30ab\u30b9\u30bf\u30cd\u30c3\u30c8","potentialAction":[{"@type":"SearchAction","target":{"@type":"EntryPoint","urlTemplate":"https:\/\/teresalaiz.com\/web\/?s={search_term_string}"},"query-input":"required name=search_term_string"}],"inLanguage":"es"}]}},"jetpack_sharing_enabled":true,"jetpack_shortlink":"https:\/\/wp.me\/P702QQ-1T","jetpack_likes_enabled":true,"_links":{"self":[{"href":"https:\/\/teresalaiz.com\/web\/wp-json\/wp\/v2\/pages\/117"}],"collection":[{"href":"https:\/\/teresalaiz.com\/web\/wp-json\/wp\/v2\/pages"}],"about":[{"href":"https:\/\/teresalaiz.com\/web\/wp-json\/wp\/v2\/types\/page"}],"author":[{"embeddable":true,"href":"https:\/\/teresalaiz.com\/web\/wp-json\/wp\/v2\/users\/1"}],"replies":[{"embeddable":true,"href":"https:\/\/teresalaiz.com\/web\/wp-json\/wp\/v2\/comments?post=117"}],"version-history":[{"count":12,"href":"https:\/\/teresalaiz.com\/web\/wp-json\/wp\/v2\/pages\/117\/revisions"}],"predecessor-version":[{"id":4265,"href":"https:\/\/teresalaiz.com\/web\/wp-json\/wp\/v2\/pages\/117\/revisions\/4265"}],"wp:featuredmedia":[{"embeddable":true,"href":"https:\/\/teresalaiz.com\/web\/wp-json\/wp\/v2\/media\/221"}],"wp:attachment":[{"href":"https:\/\/teresalaiz.com\/web\/wp-json\/wp\/v2\/media?parent=117"}],"curies":[{"name":"wp","href":"https:\/\/api.w.org\/{rel}","templated":true}]}}