{"id":139,"date":"2015-12-03T13:39:32","date_gmt":"2015-12-03T13:39:32","guid":{"rendered":"https:\/\/teresalaiz.com\/web\/?page_id=139"},"modified":"2025-09-16T18:55:35","modified_gmt":"2025-09-16T18:55:35","slug":"piano-castanuelas","status":"publish","type":"page","link":"https:\/\/teresalaiz.com\/web\/conciertos\/piano-castanuelas\/","title":{"rendered":"Piano &#038; Casta\u00f1uelas"},"content":{"rendered":"<h4 style=\"text-align: center;\"><\/h4>\n<h4 style=\"text-align: center;\"><strong>Concierto de Casta\u00f1uelas &amp; Piano<\/strong><\/h4>\n<h4 style=\"text-align: center;\"><b>\u201cRepicando el Alma\u201d<\/b><\/h4>\n<p style=\"text-align: center;\">Un repertorio cl\u00e1sico\u00a0 y espa\u00f1ol , con las casta\u00f1uelas como instrumento solista.<\/p>\n<p style=\"text-align: center;\"><b>\u201cRepicando el Alma\u201d<\/b>:\u00a0\u00a0 <i>sentimiento, virtuosismo, expresi\u00f3n, fuerza, energ\u00eda, delicadeza, elegancia y belleza.<\/i><\/p>\n<p style=\"text-align: center;\">Un concierto, sin duda, singular y apasionado, donde no se puede decir m\u00e1s con menos \u2026<\/p>\n<p style=\"text-align: center;\">\u201cRepicando el Alma\u201d es un concierto donde lo cl\u00e1sico y lo espa\u00f1ol se combinan, el piano y las casta\u00f1uelas se funden y dialogan; siendo la casta\u00f1uela el instrumento solista. Teresa Laiz presenta un concierto novedoso e impactante donde su fuerza y su t\u00e9cnica hacen grande este peque\u00f1o instrumento.<\/p>\n<p style=\"text-align: center;\">Teresa Laiz compone sus propias partituras de casta\u00f1uelas para piezas de todos los estilos de m\u00fasica: cl\u00e1sica, espa\u00f1ola y popular. Una de sus grandes virtudes y se\u00f1a de identidad en su interpretaci\u00f3n con las casta\u00f1uelas, adem\u00e1s del virtuosismo y los peque\u00f1os apuntes de baile, es su capacidad de expresi\u00f3n, de transmisi\u00f3n de las emociones, su forma de llegar al p\u00fablico.<\/p>\n<p style=\"text-align: center;\">Teresa Laiz ofrece un concierto a d\u00fao de gran calidad, presencia esc\u00e9nica y originalidad.<\/p>\n<p><span style=\"border-radius: 2px; text-indent: 20px; width: auto; padding: 0px 4px 0px 0px; text-align: center; font: bold 11px\/20px 'Helvetica Neue',Helvetica,sans-serif; color: #ffffff; background: #bd081c no-repeat scroll 3px 50{c33df344504e76e9b8c2d2d40490653b527477a3d546cc803e63fd4404a403e4} \/ 14px 14px; position: absolute; opacity: 1; z-index: 8675309; display: none; cursor: pointer; top: 2366px; left: 368px;\">Guardar<\/span><\/p>\n<p><span style=\"border-radius: 2px; text-indent: 20px; width: auto; padding: 0px 4px 0px 0px; text-align: center; font: bold 11px\/20px 'Helvetica Neue',Helvetica,sans-serif; color: #ffffff; background: #bd081c no-repeat scroll 3px 50{c33df344504e76e9b8c2d2d40490653b527477a3d546cc803e63fd4404a403e4} \/ 14px 14px; position: absolute; opacity: 1; z-index: 8675309; display: none; cursor: pointer; top: 2366px; left: 368px;\">Guardar<\/span><\/p>\n<p><span style=\"border-radius: 2px; text-indent: 20px; width: auto; padding: 0px 4px 0px 0px; text-align: center; font: bold 11px\/20px 'Helvetica Neue',Helvetica,sans-serif; color: #ffffff; background: #bd081c no-repeat scroll 3px 50{c33df344504e76e9b8c2d2d40490653b527477a3d546cc803e63fd4404a403e4} \/ 14px 14px; position: absolute; opacity: 1; z-index: 8675309; display: none; cursor: pointer; top: 2366px; left: 368px;\">Guardar<\/span><\/p>\n<p><span style=\"border-radius: 2px; text-indent: 20px; width: auto; padding: 0px 4px 0px 0px; text-align: center; font: bold 11px\/20px 'Helvetica Neue',Helvetica,sans-serif; color: #ffffff; background: #bd081c no-repeat scroll 3px 50{c33df344504e76e9b8c2d2d40490653b527477a3d546cc803e63fd4404a403e4} \/ 14px 14px; position: absolute; opacity: 1; z-index: 8675309; display: none; cursor: pointer; top: 2366px; left: 368px;\">Guardar<\/span><\/p>\n<p><span style=\"border-radius: 2px; text-indent: 20px; width: auto; padding: 0px 4px 0px 0px; text-align: center; font: bold 11px\/20px 'Helvetica Neue',Helvetica,sans-serif; color: #ffffff; background: #bd081c no-repeat scroll 3px 50{c33df344504e76e9b8c2d2d40490653b527477a3d546cc803e63fd4404a403e4} \/ 14px 14px; position: absolute; opacity: 1; z-index: 8675309; display: none; cursor: pointer; top: 946px; left: 368px;\">Guardar<\/span><\/p>\n<p><span style=\"border-radius: 2px; text-indent: 20px; width: auto; padding: 0px 4px 0px 0px; text-align: center; font: bold 11px\/20px 'Helvetica Neue',Helvetica,sans-serif; color: #ffffff; background: #bd081c no-repeat scroll 3px 50{c33df344504e76e9b8c2d2d40490653b527477a3d546cc803e63fd4404a403e4} \/ 14px 14px; position: absolute; opacity: 1; z-index: 8675309; display: none; cursor: pointer;\">Guardar<\/span><\/p>\n","protected":false},"excerpt":{"rendered":"<p>Concierto de Casta\u00f1uelas &amp; Piano \u201cRepicando el Alma\u201d Un repertorio cl\u00e1sico\u00a0 y espa\u00f1ol , con las casta\u00f1uelas como instrumento solista. \u201cRepicando el Alma\u201d:\u00a0\u00a0 sentimiento, virtuosismo, expresi\u00f3n, fuerza, energ\u00eda, delicadeza, elegancia y belleza. Un concierto, sin duda, singular y apasionado, donde no se puede decir m\u00e1s con menos \u2026 \u201cRepicando el Alma\u201d es un concierto donde lo cl\u00e1sico y lo espa\u00f1ol se combinan, el piano y las casta\u00f1uelas se funden y dialogan; siendo la casta\u00f1uela el instrumento solista. Teresa Laiz presenta un concierto novedoso e impactante donde su fuerza y su t\u00e9cnica hacen grande este peque\u00f1o instrumento. Teresa Laiz compone sus propias partituras de casta\u00f1uelas para piezas de todos los estilos [&hellip;]<\/p>\n","protected":false},"author":1,"featured_media":993,"parent":117,"menu_order":0,"comment_status":"closed","ping_status":"closed","template":"templates\/full-width.php","meta":{"footnotes":""},"yoast_head":"<!-- This site is optimized with the Yoast SEO plugin v22.7 - https:\/\/yoast.com\/wordpress\/plugins\/seo\/ -->\n<title>Piano &amp; Casta\u00f1uelas - Teresa Laiz<\/title>\n<meta name=\"robots\" content=\"index, follow, max-snippet:-1, max-image-preview:large, max-video-preview:-1\" \/>\n<link rel=\"canonical\" href=\"https:\/\/teresalaiz.com\/web\/conciertos\/piano-castanuelas\/\" \/>\n<meta property=\"og:locale\" content=\"es_ES\" \/>\n<meta property=\"og:type\" content=\"article\" \/>\n<meta property=\"og:title\" content=\"Piano &amp; Casta\u00f1uelas - Teresa Laiz\" \/>\n<meta property=\"og:description\" content=\"Concierto de Casta\u00f1uelas &amp; Piano \u201cRepicando el Alma\u201d Un repertorio cl\u00e1sico\u00a0 y espa\u00f1ol , con las casta\u00f1uelas como instrumento solista. \u201cRepicando el Alma\u201d:\u00a0\u00a0 sentimiento, virtuosismo, expresi\u00f3n, fuerza, energ\u00eda, delicadeza, elegancia y belleza. Un concierto, sin duda, singular y apasionado, donde no se puede decir m\u00e1s con menos \u2026 \u201cRepicando el Alma\u201d es un concierto donde lo cl\u00e1sico y lo espa\u00f1ol se combinan, el piano y las casta\u00f1uelas se funden y dialogan; siendo la casta\u00f1uela el instrumento solista. Teresa Laiz presenta un concierto novedoso e impactante donde su fuerza y su t\u00e9cnica hacen grande este peque\u00f1o instrumento. Teresa Laiz compone sus propias partituras de casta\u00f1uelas para piezas de todos los estilos [&hellip;]\" \/>\n<meta property=\"og:url\" content=\"https:\/\/teresalaiz.com\/web\/conciertos\/piano-castanuelas\/\" \/>\n<meta property=\"og:site_name\" content=\"Teresa Laiz\" \/>\n<meta property=\"article:modified_time\" content=\"2025-09-16T18:55:35+00:00\" \/>\n<meta property=\"og:image\" content=\"https:\/\/teresalaiz.com\/web\/wp-content\/uploads\/2015\/12\/a162fa4cd60bb9031234231a9d9c2070.jpg\" \/>\n\t<meta property=\"og:image:width\" content=\"560\" \/>\n\t<meta property=\"og:image:height\" content=\"420\" \/>\n\t<meta property=\"og:image:type\" content=\"image\/jpeg\" \/>\n<meta name=\"twitter:card\" content=\"summary_large_image\" \/>\n<meta name=\"twitter:label1\" content=\"Tiempo de lectura\" \/>\n\t<meta name=\"twitter:data1\" content=\"1 minuto\" \/>\n<script type=\"application\/ld+json\" class=\"yoast-schema-graph\">{\"@context\":\"https:\/\/schema.org\",\"@graph\":[{\"@type\":\"WebPage\",\"@id\":\"https:\/\/teresalaiz.com\/web\/conciertos\/piano-castanuelas\/\",\"url\":\"https:\/\/teresalaiz.com\/web\/conciertos\/piano-castanuelas\/\",\"name\":\"Piano & Casta\u00f1uelas - Teresa Laiz\",\"isPartOf\":{\"@id\":\"https:\/\/teresalaiz.com\/web\/#website\"},\"primaryImageOfPage\":{\"@id\":\"https:\/\/teresalaiz.com\/web\/conciertos\/piano-castanuelas\/#primaryimage\"},\"image\":{\"@id\":\"https:\/\/teresalaiz.com\/web\/conciertos\/piano-castanuelas\/#primaryimage\"},\"thumbnailUrl\":\"https:\/\/teresalaiz.com\/web\/wp-content\/uploads\/2015\/12\/a162fa4cd60bb9031234231a9d9c2070.jpg\",\"datePublished\":\"2015-12-03T13:39:32+00:00\",\"dateModified\":\"2025-09-16T18:55:35+00:00\",\"breadcrumb\":{\"@id\":\"https:\/\/teresalaiz.com\/web\/conciertos\/piano-castanuelas\/#breadcrumb\"},\"inLanguage\":\"es\",\"potentialAction\":[{\"@type\":\"ReadAction\",\"target\":[\"https:\/\/teresalaiz.com\/web\/conciertos\/piano-castanuelas\/\"]}]},{\"@type\":\"ImageObject\",\"inLanguage\":\"es\",\"@id\":\"https:\/\/teresalaiz.com\/web\/conciertos\/piano-castanuelas\/#primaryimage\",\"url\":\"https:\/\/teresalaiz.com\/web\/wp-content\/uploads\/2015\/12\/a162fa4cd60bb9031234231a9d9c2070.jpg\",\"contentUrl\":\"https:\/\/teresalaiz.com\/web\/wp-content\/uploads\/2015\/12\/a162fa4cd60bb9031234231a9d9c2070.jpg\",\"width\":560,\"height\":420,\"caption\":\"Concierto de Casta\u00f1uelas y Piano\"},{\"@type\":\"BreadcrumbList\",\"@id\":\"https:\/\/teresalaiz.com\/web\/conciertos\/piano-castanuelas\/#breadcrumb\",\"itemListElement\":[{\"@type\":\"ListItem\",\"position\":1,\"name\":\"Portada\",\"item\":\"https:\/\/teresalaiz.com\/web\/\"},{\"@type\":\"ListItem\",\"position\":2,\"name\":\"Conciertos\",\"item\":\"https:\/\/teresalaiz.com\/web\/conciertos\/\"},{\"@type\":\"ListItem\",\"position\":3,\"name\":\"Piano &#038; Casta\u00f1uelas\"}]},{\"@type\":\"WebSite\",\"@id\":\"https:\/\/teresalaiz.com\/web\/#website\",\"url\":\"https:\/\/teresalaiz.com\/web\/\",\"name\":\"Teresa Laiz\",\"description\":\"Casta\u00f1uelas, Conciertos de Casta\u00f1uelas, Cursos de Casta\u00f1uelas, Festival Internacional de Casta\u00f1uelas, M\u00e9todo de Casta\u00f1uelas, Castanets, Castagnettes, Kastagnetten, \u30ab\u30b9\u30bf\u30cd\u30c3\u30c8\",\"potentialAction\":[{\"@type\":\"SearchAction\",\"target\":{\"@type\":\"EntryPoint\",\"urlTemplate\":\"https:\/\/teresalaiz.com\/web\/?s={search_term_string}\"},\"query-input\":\"required name=search_term_string\"}],\"inLanguage\":\"es\"}]}<\/script>\n<!-- \/ Yoast SEO plugin. -->","yoast_head_json":{"title":"Piano & Casta\u00f1uelas - Teresa Laiz","robots":{"index":"index","follow":"follow","max-snippet":"max-snippet:-1","max-image-preview":"max-image-preview:large","max-video-preview":"max-video-preview:-1"},"canonical":"https:\/\/teresalaiz.com\/web\/conciertos\/piano-castanuelas\/","og_locale":"es_ES","og_type":"article","og_title":"Piano & Casta\u00f1uelas - Teresa Laiz","og_description":"Concierto de Casta\u00f1uelas &amp; Piano \u201cRepicando el Alma\u201d Un repertorio cl\u00e1sico\u00a0 y espa\u00f1ol , con las casta\u00f1uelas como instrumento solista. \u201cRepicando el Alma\u201d:\u00a0\u00a0 sentimiento, virtuosismo, expresi\u00f3n, fuerza, energ\u00eda, delicadeza, elegancia y belleza. Un concierto, sin duda, singular y apasionado, donde no se puede decir m\u00e1s con menos \u2026 \u201cRepicando el Alma\u201d es un concierto donde lo cl\u00e1sico y lo espa\u00f1ol se combinan, el piano y las casta\u00f1uelas se funden y dialogan; siendo la casta\u00f1uela el instrumento solista. Teresa Laiz presenta un concierto novedoso e impactante donde su fuerza y su t\u00e9cnica hacen grande este peque\u00f1o instrumento. Teresa Laiz compone sus propias partituras de casta\u00f1uelas para piezas de todos los estilos [&hellip;]","og_url":"https:\/\/teresalaiz.com\/web\/conciertos\/piano-castanuelas\/","og_site_name":"Teresa Laiz","article_modified_time":"2025-09-16T18:55:35+00:00","og_image":[{"width":560,"height":420,"url":"https:\/\/teresalaiz.com\/web\/wp-content\/uploads\/2015\/12\/a162fa4cd60bb9031234231a9d9c2070.jpg","type":"image\/jpeg"}],"twitter_card":"summary_large_image","twitter_misc":{"Tiempo de lectura":"1 minuto"},"schema":{"@context":"https:\/\/schema.org","@graph":[{"@type":"WebPage","@id":"https:\/\/teresalaiz.com\/web\/conciertos\/piano-castanuelas\/","url":"https:\/\/teresalaiz.com\/web\/conciertos\/piano-castanuelas\/","name":"Piano & Casta\u00f1uelas - Teresa Laiz","isPartOf":{"@id":"https:\/\/teresalaiz.com\/web\/#website"},"primaryImageOfPage":{"@id":"https:\/\/teresalaiz.com\/web\/conciertos\/piano-castanuelas\/#primaryimage"},"image":{"@id":"https:\/\/teresalaiz.com\/web\/conciertos\/piano-castanuelas\/#primaryimage"},"thumbnailUrl":"https:\/\/teresalaiz.com\/web\/wp-content\/uploads\/2015\/12\/a162fa4cd60bb9031234231a9d9c2070.jpg","datePublished":"2015-12-03T13:39:32+00:00","dateModified":"2025-09-16T18:55:35+00:00","breadcrumb":{"@id":"https:\/\/teresalaiz.com\/web\/conciertos\/piano-castanuelas\/#breadcrumb"},"inLanguage":"es","potentialAction":[{"@type":"ReadAction","target":["https:\/\/teresalaiz.com\/web\/conciertos\/piano-castanuelas\/"]}]},{"@type":"ImageObject","inLanguage":"es","@id":"https:\/\/teresalaiz.com\/web\/conciertos\/piano-castanuelas\/#primaryimage","url":"https:\/\/teresalaiz.com\/web\/wp-content\/uploads\/2015\/12\/a162fa4cd60bb9031234231a9d9c2070.jpg","contentUrl":"https:\/\/teresalaiz.com\/web\/wp-content\/uploads\/2015\/12\/a162fa4cd60bb9031234231a9d9c2070.jpg","width":560,"height":420,"caption":"Concierto de Casta\u00f1uelas y Piano"},{"@type":"BreadcrumbList","@id":"https:\/\/teresalaiz.com\/web\/conciertos\/piano-castanuelas\/#breadcrumb","itemListElement":[{"@type":"ListItem","position":1,"name":"Portada","item":"https:\/\/teresalaiz.com\/web\/"},{"@type":"ListItem","position":2,"name":"Conciertos","item":"https:\/\/teresalaiz.com\/web\/conciertos\/"},{"@type":"ListItem","position":3,"name":"Piano &#038; Casta\u00f1uelas"}]},{"@type":"WebSite","@id":"https:\/\/teresalaiz.com\/web\/#website","url":"https:\/\/teresalaiz.com\/web\/","name":"Teresa Laiz","description":"Casta\u00f1uelas, Conciertos de Casta\u00f1uelas, Cursos de Casta\u00f1uelas, Festival Internacional de Casta\u00f1uelas, M\u00e9todo de Casta\u00f1uelas, Castanets, Castagnettes, Kastagnetten, \u30ab\u30b9\u30bf\u30cd\u30c3\u30c8","potentialAction":[{"@type":"SearchAction","target":{"@type":"EntryPoint","urlTemplate":"https:\/\/teresalaiz.com\/web\/?s={search_term_string}"},"query-input":"required name=search_term_string"}],"inLanguage":"es"}]}},"jetpack_sharing_enabled":true,"jetpack_shortlink":"https:\/\/wp.me\/P702QQ-2f","jetpack_likes_enabled":true,"_links":{"self":[{"href":"https:\/\/teresalaiz.com\/web\/wp-json\/wp\/v2\/pages\/139"}],"collection":[{"href":"https:\/\/teresalaiz.com\/web\/wp-json\/wp\/v2\/pages"}],"about":[{"href":"https:\/\/teresalaiz.com\/web\/wp-json\/wp\/v2\/types\/page"}],"author":[{"embeddable":true,"href":"https:\/\/teresalaiz.com\/web\/wp-json\/wp\/v2\/users\/1"}],"replies":[{"embeddable":true,"href":"https:\/\/teresalaiz.com\/web\/wp-json\/wp\/v2\/comments?post=139"}],"version-history":[{"count":2,"href":"https:\/\/teresalaiz.com\/web\/wp-json\/wp\/v2\/pages\/139\/revisions"}],"predecessor-version":[{"id":4252,"href":"https:\/\/teresalaiz.com\/web\/wp-json\/wp\/v2\/pages\/139\/revisions\/4252"}],"up":[{"embeddable":true,"href":"https:\/\/teresalaiz.com\/web\/wp-json\/wp\/v2\/pages\/117"}],"wp:featuredmedia":[{"embeddable":true,"href":"https:\/\/teresalaiz.com\/web\/wp-json\/wp\/v2\/media\/993"}],"wp:attachment":[{"href":"https:\/\/teresalaiz.com\/web\/wp-json\/wp\/v2\/media?parent=139"}],"curies":[{"name":"wp","href":"https:\/\/api.w.org\/{rel}","templated":true}]}}