{"id":2485,"date":"2021-10-23T23:44:44","date_gmt":"2021-10-23T23:44:44","guid":{"rendered":"https:\/\/teresalaiz.com\/web\/?page_id=2485"},"modified":"2026-04-13T18:37:21","modified_gmt":"2026-04-13T18:37:21","slug":"proximos-conciertos","status":"publish","type":"page","link":"https:\/\/teresalaiz.com\/web\/proximos-conciertos\/","title":{"rendered":"Pr\u00f3ximos Conciertos"},"content":{"rendered":"<h3><img loading=\"lazy\" decoding=\"async\" class=\"alignnone size-full wp-image-4384\" src=\"https:\/\/teresalaiz.com\/web\/wp-content\/uploads\/2026\/04\/Agenda-2026-9-2-scaled.jpg\" alt=\"\" width=\"2560\" height=\"2114\" srcset=\"https:\/\/teresalaiz.com\/web\/wp-content\/uploads\/2026\/04\/Agenda-2026-9-2-scaled.jpg 2560w, https:\/\/teresalaiz.com\/web\/wp-content\/uploads\/2026\/04\/Agenda-2026-9-2-300x248.jpg 300w, https:\/\/teresalaiz.com\/web\/wp-content\/uploads\/2026\/04\/Agenda-2026-9-2-1024x846.jpg 1024w, https:\/\/teresalaiz.com\/web\/wp-content\/uploads\/2026\/04\/Agenda-2026-9-2-768x634.jpg 768w, https:\/\/teresalaiz.com\/web\/wp-content\/uploads\/2026\/04\/Agenda-2026-9-2-1536x1269.jpg 1536w, https:\/\/teresalaiz.com\/web\/wp-content\/uploads\/2026\/04\/Agenda-2026-9-2-2048x1691.jpg 2048w\" sizes=\"(max-width: 2560px) 100vw, 2560px\" \/><\/h3>\n<hr \/>\n<p><img loading=\"lazy\" decoding=\"async\" class=\"size-full wp-image-4375 aligncenter\" src=\"https:\/\/teresalaiz.com\/web\/wp-content\/uploads\/2026\/04\/Cartel-Apaisado-2-MB.jpg\" alt=\"\" width=\"2333\" height=\"1553\" srcset=\"https:\/\/teresalaiz.com\/web\/wp-content\/uploads\/2026\/04\/Cartel-Apaisado-2-MB.jpg 2333w, https:\/\/teresalaiz.com\/web\/wp-content\/uploads\/2026\/04\/Cartel-Apaisado-2-MB-300x200.jpg 300w, https:\/\/teresalaiz.com\/web\/wp-content\/uploads\/2026\/04\/Cartel-Apaisado-2-MB-1024x682.jpg 1024w, https:\/\/teresalaiz.com\/web\/wp-content\/uploads\/2026\/04\/Cartel-Apaisado-2-MB-768x511.jpg 768w, https:\/\/teresalaiz.com\/web\/wp-content\/uploads\/2026\/04\/Cartel-Apaisado-2-MB-1536x1022.jpg 1536w, https:\/\/teresalaiz.com\/web\/wp-content\/uploads\/2026\/04\/Cartel-Apaisado-2-MB-2048x1363.jpg 2048w\" sizes=\"(max-width: 2333px) 100vw, 2333px\" \/><\/p>\n<p style=\"text-align: center;\"><a href=\"https:\/\/sala-negra.com\/evento\/concierto-de-castanuelas\/\" target=\"_blank\" rel=\"noopener\"><img loading=\"lazy\" decoding=\"async\" class=\"aligncenter wp-image-1548 size-full\" src=\"https:\/\/teresalaiz.com\/web\/wp-content\/uploads\/2019\/11\/42493cfd690c8987d950aac8f53e8cfa.jpg\" alt=\"Bot\u00f3n entradas Concierto Navidad\" width=\"300\" height=\"125\" \/><\/a><\/p>\n<hr \/>\n<p><img loading=\"lazy\" decoding=\"async\" class=\"size-full wp-image-4373 aligncenter\" src=\"https:\/\/teresalaiz.com\/web\/wp-content\/uploads\/2026\/04\/Cartel.jpeg\" alt=\"Festival de M\u00fasica Cl\u00e1sica por los Caminos del Vino\" width=\"962\" height=\"1280\" srcset=\"https:\/\/teresalaiz.com\/web\/wp-content\/uploads\/2026\/04\/Cartel.jpeg 962w, https:\/\/teresalaiz.com\/web\/wp-content\/uploads\/2026\/04\/Cartel-225x300.jpeg 225w, https:\/\/teresalaiz.com\/web\/wp-content\/uploads\/2026\/04\/Cartel-770x1024.jpeg 770w, https:\/\/teresalaiz.com\/web\/wp-content\/uploads\/2026\/04\/Cartel-768x1022.jpeg 768w\" sizes=\"(max-width: 962px) 100vw, 962px\" \/><\/p>\n<hr \/>\n<p><img loading=\"lazy\" decoding=\"async\" class=\"size-full wp-image-4286 aligncenter\" src=\"https:\/\/teresalaiz.com\/web\/wp-content\/uploads\/2026\/02\/Cartel-1-Gran-Gala-XII-FIC-2026-2-MB.jpg\" alt=\"Gran Gala del XII Festival Internacional de Casta\u00f1uelas, dirigido por Teresa Laiz\" width=\"1555\" height=\"2333\" srcset=\"https:\/\/teresalaiz.com\/web\/wp-content\/uploads\/2026\/02\/Cartel-1-Gran-Gala-XII-FIC-2026-2-MB.jpg 1555w, https:\/\/teresalaiz.com\/web\/wp-content\/uploads\/2026\/02\/Cartel-1-Gran-Gala-XII-FIC-2026-2-MB-200x300.jpg 200w, https:\/\/teresalaiz.com\/web\/wp-content\/uploads\/2026\/02\/Cartel-1-Gran-Gala-XII-FIC-2026-2-MB-683x1024.jpg 683w, https:\/\/teresalaiz.com\/web\/wp-content\/uploads\/2026\/02\/Cartel-1-Gran-Gala-XII-FIC-2026-2-MB-768x1152.jpg 768w, https:\/\/teresalaiz.com\/web\/wp-content\/uploads\/2026\/02\/Cartel-1-Gran-Gala-XII-FIC-2026-2-MB-1024x1536.jpg 1024w, https:\/\/teresalaiz.com\/web\/wp-content\/uploads\/2026\/02\/Cartel-1-Gran-Gala-XII-FIC-2026-2-MB-1365x2048.jpg 1365w\" sizes=\"(max-width: 1555px) 100vw, 1555px\" \/><\/p>\n<hr \/>\n<p><img loading=\"lazy\" decoding=\"async\" class=\"size-full wp-image-4282 aligncenter\" src=\"https:\/\/teresalaiz.com\/web\/wp-content\/uploads\/2025\/12\/Cartel-Concierto-Siente-la-Navidad-2Mb.jpg\" alt=\"Concierto Navidad 2025 Teresa Laiz\" width=\"1700\" height=\"2405\" srcset=\"https:\/\/teresalaiz.com\/web\/wp-content\/uploads\/2025\/12\/Cartel-Concierto-Siente-la-Navidad-2Mb.jpg 1700w, https:\/\/teresalaiz.com\/web\/wp-content\/uploads\/2025\/12\/Cartel-Concierto-Siente-la-Navidad-2Mb-212x300.jpg 212w, https:\/\/teresalaiz.com\/web\/wp-content\/uploads\/2025\/12\/Cartel-Concierto-Siente-la-Navidad-2Mb-724x1024.jpg 724w, https:\/\/teresalaiz.com\/web\/wp-content\/uploads\/2025\/12\/Cartel-Concierto-Siente-la-Navidad-2Mb-768x1086.jpg 768w, https:\/\/teresalaiz.com\/web\/wp-content\/uploads\/2025\/12\/Cartel-Concierto-Siente-la-Navidad-2Mb-1086x1536.jpg 1086w, https:\/\/teresalaiz.com\/web\/wp-content\/uploads\/2025\/12\/Cartel-Concierto-Siente-la-Navidad-2Mb-1448x2048.jpg 1448w\" sizes=\"(max-width: 1700px) 100vw, 1700px\" \/><\/p>\n<hr \/>\n<p><img loading=\"lazy\" decoding=\"async\" class=\"size-full wp-image-4237 aligncenter\" src=\"https:\/\/teresalaiz.com\/web\/wp-content\/uploads\/2025\/09\/Cartel-certamen-avila-4-copia-2MB.jpg\" alt=\"\" width=\"1066\" height=\"2508\" srcset=\"https:\/\/teresalaiz.com\/web\/wp-content\/uploads\/2025\/09\/Cartel-certamen-avila-4-copia-2MB.jpg 1066w, https:\/\/teresalaiz.com\/web\/wp-content\/uploads\/2025\/09\/Cartel-certamen-avila-4-copia-2MB-128x300.jpg 128w, https:\/\/teresalaiz.com\/web\/wp-content\/uploads\/2025\/09\/Cartel-certamen-avila-4-copia-2MB-435x1024.jpg 435w, https:\/\/teresalaiz.com\/web\/wp-content\/uploads\/2025\/09\/Cartel-certamen-avila-4-copia-2MB-768x1807.jpg 768w, https:\/\/teresalaiz.com\/web\/wp-content\/uploads\/2025\/09\/Cartel-certamen-avila-4-copia-2MB-653x1536.jpg 653w, https:\/\/teresalaiz.com\/web\/wp-content\/uploads\/2025\/09\/Cartel-certamen-avila-4-copia-2MB-870x2048.jpg 870w\" sizes=\"(max-width: 1066px) 100vw, 1066px\" \/><\/p>\n<hr \/>\n<p><img loading=\"lazy\" decoding=\"async\" class=\"aligncenter wp-image-4274\" src=\"https:\/\/teresalaiz.com\/web\/wp-content\/uploads\/2025\/09\/Cartel-Carabanchel-724x1024.jpg\" alt=\"\" width=\"1066\" height=\"1508\" srcset=\"https:\/\/teresalaiz.com\/web\/wp-content\/uploads\/2025\/09\/Cartel-Carabanchel-724x1024.jpg 724w, https:\/\/teresalaiz.com\/web\/wp-content\/uploads\/2025\/09\/Cartel-Carabanchel-212x300.jpg 212w, https:\/\/teresalaiz.com\/web\/wp-content\/uploads\/2025\/09\/Cartel-Carabanchel-768x1086.jpg 768w, https:\/\/teresalaiz.com\/web\/wp-content\/uploads\/2025\/09\/Cartel-Carabanchel-1086x1536.jpg 1086w, https:\/\/teresalaiz.com\/web\/wp-content\/uploads\/2025\/09\/Cartel-Carabanchel.jpg 1448w\" sizes=\"(max-width: 1066px) 100vw, 1066px\" \/><\/p>\n<hr \/>\n<h1 style=\"text-align: center;\"><strong><span style=\"color: #993300;\">Concierto de Casta\u00f1uelas y Danza Espa\u00f1ola<\/span><\/strong><\/h1>\n<h3 style=\"text-align: center;\"><strong>Teresa Laiz &amp; Invitados<\/strong><\/h3>\n<p style=\"text-align: center;\"><span style=\"font-size: 18pt; color: #991515;\"><strong><u>Domingo, 27 de Julio 2025, a las 13:00 h<\/u><\/strong><\/span><\/p>\n<p style=\"text-align: center;\"><span style=\"font-size: 18pt; color: #991515;\">Teatro Flamenco de Madrid<\/span><br \/>\n<span style=\"font-size: 18pt; color: #991515;\">(C\/Pez, 10)<\/span><\/p>\n<p style=\"text-align: center;\">Entrada: Butaca 22 \u20ac &#8211; Mesa 25 \u20ac<\/p>\n<p style=\"text-align: center;\">Duraci\u00f3n: 75 minutos<\/p>\n<p style=\"text-align: center;\"><img loading=\"lazy\" decoding=\"async\" class=\"size-full wp-image-4207 aligncenter\" src=\"https:\/\/teresalaiz.com\/web\/wp-content\/uploads\/2025\/06\/JULIO_25_Teresa_1080x1350px-01.jpg\" alt=\"Teresa Laiz &amp; Invitados\" width=\"1080\" height=\"1350\" srcset=\"https:\/\/teresalaiz.com\/web\/wp-content\/uploads\/2025\/06\/JULIO_25_Teresa_1080x1350px-01.jpg 1080w, https:\/\/teresalaiz.com\/web\/wp-content\/uploads\/2025\/06\/JULIO_25_Teresa_1080x1350px-01-240x300.jpg 240w, https:\/\/teresalaiz.com\/web\/wp-content\/uploads\/2025\/06\/JULIO_25_Teresa_1080x1350px-01-819x1024.jpg 819w, https:\/\/teresalaiz.com\/web\/wp-content\/uploads\/2025\/06\/JULIO_25_Teresa_1080x1350px-01-768x960.jpg 768w\" sizes=\"(max-width: 1080px) 100vw, 1080px\" \/><\/p>\n<p><a href=\"https:\/\/teatroflamencomadrid.com\/ciclo\/conciertos-teresa-laiz\" target=\"_blank\" rel=\"noopener\"><img loading=\"lazy\" decoding=\"async\" class=\"aligncenter wp-image-1548 size-full\" src=\"https:\/\/teresalaiz.com\/web\/wp-content\/uploads\/2019\/11\/42493cfd690c8987d950aac8f53e8cfa.jpg\" alt=\"Bot\u00f3n entradas Concierto Navidad\" width=\"300\" height=\"125\" \/><\/a><\/p>\n<hr \/>\n<div class=\"fe-block fe-block-84ddea651c700b5c84a6\">\n<div id=\"block-84ddea651c700b5c84a6\" class=\"sqs-block html-block sqs-block-html\" data-blend-mode=\"NORMAL\" data-block-type=\"2\" data-border-radii=\"{&quot;topLeft&quot;:{&quot;unit&quot;:&quot;px&quot;,&quot;value&quot;:0.0},&quot;topRight&quot;:{&quot;unit&quot;:&quot;px&quot;,&quot;value&quot;:0.0},&quot;bottomLeft&quot;:{&quot;unit&quot;:&quot;px&quot;,&quot;value&quot;:0.0},&quot;bottomRight&quot;:{&quot;unit&quot;:&quot;px&quot;,&quot;value&quot;:0.0}}\">\n<div class=\"sqs-block-content\">\n<div class=\"sqs-html-content\">\n<div class=\"sqsrte-scaled-text-container loaded\">\n<p class=\"sqsrte-large\" style=\"text-align: center;\"><span style=\"font-size: 36pt;\">LAUREATE GALA<\/span><\/p>\n<\/div>\n<div class=\"sqsrte-scaled-text-container loaded\" style=\"text-align: center;\">\n<p class=\"sqsrte-large\"><span style=\"font-size: 36pt;\"><em>WEILL RECITAL HALL at CARNEGIE HALL<\/em><\/span><\/p>\n<\/div>\n<div class=\"sqsrte-scaled-text-container loaded\">\n<p class=\"sqsrte-large\" style=\"text-align: center;\"><span style=\"font-size: 36pt;\">June 30, 2025 @ 7pm<\/span><\/p>\n<h3 style=\"text-align: center;\"><span style=\"font-size: 24pt; color: #993300;\">Coro de Casta\u00f1uelas de Madrid<\/span><\/h3>\n<p style=\"text-align: center;\"><strong><span style=\"color: #993300; font-size: 18pt;\">Dir.\u00aa Teresa Laiz<\/span><\/strong><\/p>\n<\/div>\n<\/div>\n<\/div>\n<\/div>\n<\/div>\n<p><img loading=\"lazy\" decoding=\"async\" class=\"size-full wp-image-4197 aligncenter\" src=\"https:\/\/teresalaiz.com\/web\/wp-content\/uploads\/2025\/06\/Carnegie-Hall-2025.jpg\" alt=\"Coro de Casta\u00f1uelas de Madrid - Carnegie Hall Nueva York\" width=\"1990\" height=\"1990\" srcset=\"https:\/\/teresalaiz.com\/web\/wp-content\/uploads\/2025\/06\/Carnegie-Hall-2025.jpg 1990w, https:\/\/teresalaiz.com\/web\/wp-content\/uploads\/2025\/06\/Carnegie-Hall-2025-300x300.jpg 300w, https:\/\/teresalaiz.com\/web\/wp-content\/uploads\/2025\/06\/Carnegie-Hall-2025-1024x1024.jpg 1024w, https:\/\/teresalaiz.com\/web\/wp-content\/uploads\/2025\/06\/Carnegie-Hall-2025-150x150.jpg 150w, https:\/\/teresalaiz.com\/web\/wp-content\/uploads\/2025\/06\/Carnegie-Hall-2025-768x768.jpg 768w, https:\/\/teresalaiz.com\/web\/wp-content\/uploads\/2025\/06\/Carnegie-Hall-2025-1536x1536.jpg 1536w, https:\/\/teresalaiz.com\/web\/wp-content\/uploads\/2025\/06\/Carnegie-Hall-2025-550x550.jpg 550w\" sizes=\"(max-width: 1990px) 100vw, 1990px\" \/><\/p>\n<p style=\"text-align: center;\"><strong><a href=\"https:\/\/www.musguild.com\/june-30-2025\" target=\"_blank\" rel=\"noopener\"><mark style=\"background: #ff0 !Important;\"><span style=\"color: #993300;\">Entradas y M\u00e1s informaci\u00f3n<\/span><\/mark><\/a><\/strong><\/p>\n<hr \/>\n<p style=\"text-align: center;\"><span style=\"font-size: 36pt; font-family: georgia, palatino, serif; color: #8c754a;\"><strong>Teresa Laiz &amp; Co.<\/strong><\/span><\/p>\n<h5 style=\"text-align: center;\"><span style=\"font-size: 18pt; color: #993300;\"><strong>Concierto de Casta\u00f1uelas y Danza Espa\u00f1ola<\/strong><\/span><\/h5>\n<p style=\"text-align: center;\"><strong>\u00a0<\/strong><strong>Florencia Fourcade, Teresa Laiz, Nora Mu\u00f1oz (Casta\u00f1uelas) &#8211; Isabel Alarc\u00f3n (Baile)<br \/>\n<\/strong><strong>\u00a0<\/strong><strong>Artista invitada: La Firu (Voz)<\/strong><\/p>\n<p style=\"text-align: center;\"><span style=\"font-size: 18pt; font-family: verdana, geneva, sans-serif; color: #993300;\"><strong><u>Domingo, 29 de Junio 2025, a las 13:00 h<\/u><\/strong><\/span><\/p>\n<p style=\"text-align: center;\"><strong><span style=\"font-size: 24pt;\">THALIA SPANISH THEATRE \u2013 New York \u2013<br \/>\n<\/span>30<sup>Th<\/sup> Free Community Festival<\/strong><\/p>\n<p style=\"text-align: center;\">Duraci\u00f3n: 1 hora<br \/>\nEntrada Libre<\/p>\n<p style=\"text-align: center;\"><strong><span style=\"font-size: 24pt;\"> <img loading=\"lazy\" decoding=\"async\" class=\"size-full wp-image-4193 aligncenter\" src=\"https:\/\/teresalaiz.com\/web\/wp-content\/uploads\/2025\/06\/SummerFESTIVAL_Poster2025sm-scaled.jpg\" alt=\"Teresa Laiz &amp; Co. Thalia Spanish Theater\" width=\"1707\" height=\"2560\" srcset=\"https:\/\/teresalaiz.com\/web\/wp-content\/uploads\/2025\/06\/SummerFESTIVAL_Poster2025sm-scaled.jpg 1707w, https:\/\/teresalaiz.com\/web\/wp-content\/uploads\/2025\/06\/SummerFESTIVAL_Poster2025sm-200x300.jpg 200w, https:\/\/teresalaiz.com\/web\/wp-content\/uploads\/2025\/06\/SummerFESTIVAL_Poster2025sm-683x1024.jpg 683w, https:\/\/teresalaiz.com\/web\/wp-content\/uploads\/2025\/06\/SummerFESTIVAL_Poster2025sm-768x1152.jpg 768w, https:\/\/teresalaiz.com\/web\/wp-content\/uploads\/2025\/06\/SummerFESTIVAL_Poster2025sm-1024x1536.jpg 1024w, https:\/\/teresalaiz.com\/web\/wp-content\/uploads\/2025\/06\/SummerFESTIVAL_Poster2025sm-1366x2048.jpg 1366w\" sizes=\"(max-width: 1707px) 100vw, 1707px\" \/><\/span><\/strong><\/p>\n<hr \/>\n<p style=\"text-align: center;\"><span style=\"font-family: verdana, geneva, sans-serif; font-size: 18pt; color: #991515;\"><strong><u>Domingo, 15 de Junio 2025, a las 13:00 h<\/u><\/strong><\/span><\/p>\n<p style=\"text-align: center;\"><span style=\"font-family: verdana, geneva, sans-serif; font-size: 18pt; color: #991515;\">Teatro Flamenco de Madrid<\/span><br \/>\n<span style=\"font-family: verdana, geneva, sans-serif; font-size: 18pt; color: #991515;\">(C\/Pez, 10)<\/span><\/p>\n<p style=\"text-align: center;\">Entrada: Butaca 22 \u20ac &#8211; Mesa 25 \u20ac<\/p>\n<p style=\"text-align: center;\">Duraci\u00f3n: 75 minutos<\/p>\n<p><img loading=\"lazy\" decoding=\"async\" class=\"alignnone size-full wp-image-4170\" src=\"https:\/\/teresalaiz.com\/web\/wp-content\/uploads\/2025\/05\/Cartel-Fin-de-Curso-2025-scaled.jpg\" alt=\"\" width=\"2560\" height=\"1390\" srcset=\"https:\/\/teresalaiz.com\/web\/wp-content\/uploads\/2025\/05\/Cartel-Fin-de-Curso-2025-scaled.jpg 2560w, https:\/\/teresalaiz.com\/web\/wp-content\/uploads\/2025\/05\/Cartel-Fin-de-Curso-2025-300x163.jpg 300w, https:\/\/teresalaiz.com\/web\/wp-content\/uploads\/2025\/05\/Cartel-Fin-de-Curso-2025-1024x556.jpg 1024w, https:\/\/teresalaiz.com\/web\/wp-content\/uploads\/2025\/05\/Cartel-Fin-de-Curso-2025-768x417.jpg 768w, https:\/\/teresalaiz.com\/web\/wp-content\/uploads\/2025\/05\/Cartel-Fin-de-Curso-2025-1536x834.jpg 1536w, https:\/\/teresalaiz.com\/web\/wp-content\/uploads\/2025\/05\/Cartel-Fin-de-Curso-2025-2048x1112.jpg 2048w\" sizes=\"(max-width: 2560px) 100vw, 2560px\" \/><\/p>\n<p style=\"text-align: center;\"><span style=\"font-size: large;\">Un concierto poco habitual, donde las Casta\u00f1uelas act\u00faan principalmente como instrumento solista pero tambi\u00e9n como acompa\u00f1amiento a la danza, interpretando m\u00fasica de diferentes estilos. En esta ocasi\u00f3n un programa atractivo y variado con m\u00fasica cl\u00e1sica, espa\u00f1ola y popular, con partituras para casta\u00f1uelas compuestas por la concertista Teresa Laiz.<\/span><\/p>\n<p style=\"text-align: center;\">Teresa Laiz viene acompa\u00f1ada de algunos de sus alumnos tanto de la Escuela Online (procedentes de China, Grecia, Portugal, Suiza, Alicante, \u00c1vila, Madrid, Murcia) como de los presenciales de la Escuela de Artes Esc\u00e9nicas Ma non troppo de Madrid.<\/p>\n<p style=\"text-align: center;\">Emoci\u00f3nate al son de las Casta\u00f1uelas!<\/p>\n<p><a href=\"https:\/\/teatroflamencomadrid.com\/ciclo\/conciertos-teresa-laiz\" target=\"_blank\" rel=\"noopener\"><img loading=\"lazy\" decoding=\"async\" class=\"aligncenter wp-image-1548 size-full\" src=\"https:\/\/teresalaiz.com\/web\/wp-content\/uploads\/2019\/11\/42493cfd690c8987d950aac8f53e8cfa.jpg\" alt=\"Bot\u00f3n entradas Concierto Navidad\" width=\"300\" height=\"125\" \/><\/a><\/p>\n<hr \/>\n<p style=\"text-align: center;\"><img loading=\"lazy\" decoding=\"async\" class=\"aligncenter wp-image-4166 size-full\" src=\"https:\/\/teresalaiz.com\/web\/wp-content\/uploads\/2025\/05\/CARTEL-5a-2MB.jpg\" alt=\"\" width=\"1444\" height=\"2017\" srcset=\"https:\/\/teresalaiz.com\/web\/wp-content\/uploads\/2025\/05\/CARTEL-5a-2MB.jpg 1444w, https:\/\/teresalaiz.com\/web\/wp-content\/uploads\/2025\/05\/CARTEL-5a-2MB-215x300.jpg 215w, https:\/\/teresalaiz.com\/web\/wp-content\/uploads\/2025\/05\/CARTEL-5a-2MB-733x1024.jpg 733w, https:\/\/teresalaiz.com\/web\/wp-content\/uploads\/2025\/05\/CARTEL-5a-2MB-768x1073.jpg 768w, https:\/\/teresalaiz.com\/web\/wp-content\/uploads\/2025\/05\/CARTEL-5a-2MB-1100x1536.jpg 1100w\" sizes=\"(max-width: 1444px) 100vw, 1444px\" \/><\/p>\n<p><a href=\"https:\/\/www.flowte.me\/storefront\/almeria-cultura-401?e=35562\" target=\"_blank\" rel=\"noopener\"><img loading=\"lazy\" decoding=\"async\" class=\"aligncenter wp-image-1548 size-full\" src=\"https:\/\/teresalaiz.com\/web\/wp-content\/uploads\/2019\/11\/42493cfd690c8987d950aac8f53e8cfa.jpg\" alt=\"Bot\u00f3n entradas Concierto Navidad\" width=\"300\" height=\"125\" \/><\/a><\/p>\n<hr \/>\n<h1 style=\"text-align: center;\"><strong>Concierto de Casta\u00f1uelas y Voz L\u00edrica<\/strong><\/h1>\n<p style=\"text-align: center;\"><span style=\"font-size: 36pt;\"><strong><em>Matin\u00e9e Espa\u00f1ola<\/em><\/strong><\/span><\/p>\n<p><img loading=\"lazy\" decoding=\"async\" class=\"aligncenter wp-image-4156 size-medium\" src=\"https:\/\/teresalaiz.com\/web\/wp-content\/uploads\/2025\/04\/1080X1350_TERESA_11_05_2025-240x300.jpg\" alt=\"\" width=\"240\" height=\"300\" srcset=\"https:\/\/teresalaiz.com\/web\/wp-content\/uploads\/2025\/04\/1080X1350_TERESA_11_05_2025-240x300.jpg 240w, https:\/\/teresalaiz.com\/web\/wp-content\/uploads\/2025\/04\/1080X1350_TERESA_11_05_2025-819x1024.jpg 819w, https:\/\/teresalaiz.com\/web\/wp-content\/uploads\/2025\/04\/1080X1350_TERESA_11_05_2025-768x960.jpg 768w, https:\/\/teresalaiz.com\/web\/wp-content\/uploads\/2025\/04\/1080X1350_TERESA_11_05_2025.jpg 1080w\" sizes=\"(max-width: 240px) 100vw, 240px\" \/><\/p>\n<p style=\"text-align: center;\"><span style=\"font-size: 24pt; color: #993300;\"><strong><em>Teresa Laiz \u2013 Casta\u00f1uelas<br \/>\n<\/em><\/strong><strong><em>Montserrat Mart\u00ed Caball\u00e9 \u2013 Soprano<br \/>\n<\/em><\/strong><strong><em>Luis Santana \u2013 Bar\u00edtono<br \/>\n<\/em><\/strong><strong><em>V\u00edctor Carbajo &#8211; Piano<\/em><\/strong><\/span><\/p>\n<p style=\"text-align: center;\"><span style=\"font-family: verdana, geneva, sans-serif; font-size: 18pt; color: #000080;\"><strong><br \/>\nDomingo, 11 Mayo 2025, a las 13 h<\/strong><\/span><\/p>\n<p style=\"text-align: center;\"><span style=\"font-family: verdana, geneva, sans-serif; font-size: 18pt; color: #000080;\">Teatro Flamenco de Madrid<\/span><br \/>\n<span style=\"font-family: verdana, geneva, sans-serif; font-size: 18pt; color: #000080;\">(C\/Pez, 10)<\/span><\/p>\n<p style=\"text-align: center;\">Entrada: Butaca 35 \u20ac &#8211; Mesa 39 \u20ac &#8211; Vip 60 \u20ac<\/p>\n<p style=\"text-align: center;\">Duraci\u00f3n: 60 minutos<\/p>\n<p><img loading=\"lazy\" decoding=\"async\" class=\"size-full wp-image-4146 aligncenter\" src=\"https:\/\/teresalaiz.com\/web\/wp-content\/uploads\/2025\/04\/MSM03973_crop-2MB.jpg\" alt=\"\" width=\"2444\" height=\"1791\" srcset=\"https:\/\/teresalaiz.com\/web\/wp-content\/uploads\/2025\/04\/MSM03973_crop-2MB.jpg 2444w, https:\/\/teresalaiz.com\/web\/wp-content\/uploads\/2025\/04\/MSM03973_crop-2MB-300x220.jpg 300w, https:\/\/teresalaiz.com\/web\/wp-content\/uploads\/2025\/04\/MSM03973_crop-2MB-1024x750.jpg 1024w, https:\/\/teresalaiz.com\/web\/wp-content\/uploads\/2025\/04\/MSM03973_crop-2MB-768x563.jpg 768w, https:\/\/teresalaiz.com\/web\/wp-content\/uploads\/2025\/04\/MSM03973_crop-2MB-1536x1126.jpg 1536w, https:\/\/teresalaiz.com\/web\/wp-content\/uploads\/2025\/04\/MSM03973_crop-2MB-2048x1501.jpg 2048w\" sizes=\"(max-width: 2444px) 100vw, 2444px\" \/><\/p>\n<div id=\"body-espectaculo\" class=\"modal-body\">\n<p style=\"text-align: center;\">Un concierto exquisito para disfrutar de la M\u00fasica Espa\u00f1ola de la mano de grandes figuras de la m\u00fasica.<\/p>\n<p style=\"text-align: center;\">Las Casta\u00f1uelas no solo realzar\u00e1n con su alegre toque espa\u00f1ol las excelsas voces de los cantantes sino que expresar\u00e1n m\u00faltiples emociones tanto es su calidad de acompa\u00f1amiento como de instrumento solista.<\/p>\n<p style=\"text-align: center;\">Un concierto \u00fanico, que no te puedes perder.<\/p>\n<\/div>\n<p><a href=\"https:\/\/teatroflamencomadrid.com\/ciclo\/conciertos-teresa-laiz\" target=\"_blank\" rel=\"noopener\"><img loading=\"lazy\" decoding=\"async\" class=\"aligncenter wp-image-1548 size-full\" src=\"https:\/\/teresalaiz.com\/web\/wp-content\/uploads\/2019\/11\/42493cfd690c8987d950aac8f53e8cfa.jpg\" alt=\"Bot\u00f3n entradas Concierto Navidad\" width=\"300\" height=\"125\" \/><\/a><\/p>\n<hr \/>\n<p><img loading=\"lazy\" decoding=\"async\" class=\"size-full wp-image-4142 aligncenter\" src=\"https:\/\/teresalaiz.com\/web\/wp-content\/uploads\/2025\/04\/PLANTILLAS_POST_1080X1350_TERESALAIZ_20_04_2025.jpg\" alt=\"\" width=\"1080\" height=\"1350\" srcset=\"https:\/\/teresalaiz.com\/web\/wp-content\/uploads\/2025\/04\/PLANTILLAS_POST_1080X1350_TERESALAIZ_20_04_2025.jpg 1080w, https:\/\/teresalaiz.com\/web\/wp-content\/uploads\/2025\/04\/PLANTILLAS_POST_1080X1350_TERESALAIZ_20_04_2025-240x300.jpg 240w, https:\/\/teresalaiz.com\/web\/wp-content\/uploads\/2025\/04\/PLANTILLAS_POST_1080X1350_TERESALAIZ_20_04_2025-819x1024.jpg 819w, https:\/\/teresalaiz.com\/web\/wp-content\/uploads\/2025\/04\/PLANTILLAS_POST_1080X1350_TERESALAIZ_20_04_2025-768x960.jpg 768w\" sizes=\"(max-width: 1080px) 100vw, 1080px\" \/><\/p>\n<p><a href=\"https:\/\/teatroflamencomadrid.com\/ciclo\/conciertos-teresa-laiz\" target=\"_blank\" rel=\"noopener\"><img loading=\"lazy\" decoding=\"async\" class=\"aligncenter wp-image-1548 size-full\" src=\"https:\/\/teresalaiz.com\/web\/wp-content\/uploads\/2019\/11\/42493cfd690c8987d950aac8f53e8cfa.jpg\" alt=\"Bot\u00f3n entradas Concierto Navidad\" width=\"300\" height=\"125\" \/><\/a><\/p>\n<hr \/>\n<h1 style=\"text-align: center;\"><strong>Concierto de Casta\u00f1uelas<\/strong><\/h1>\n<p style=\"text-align: center;\"><strong><em><span style=\"font-size: 24pt;\">Repicando el Alma<\/span><br \/>\n<\/em><\/strong><\/p>\n<p style=\"text-align: center;\"><span style=\"font-family: verdana, geneva, sans-serif; font-size: 18pt; color: #993300;\"><strong>Domingo, 30 Marzo 2025, a las 13 h<\/strong><\/span><\/p>\n<p style=\"text-align: center;\"><span style=\"font-family: verdana, geneva, sans-serif; font-size: 18pt; color: #993300;\">Teatro Flamenco de Madrid<\/span><br \/>\n<span style=\"font-family: verdana, geneva, sans-serif; font-size: 18pt; color: #993300;\">(C\/Pez, 10)<\/span><\/p>\n<p style=\"text-align: center;\">Entrada: Butaca 22 \u20ac &#8211; Mesa 25 \u20ac<\/p>\n<p style=\"text-align: center;\">Duraci\u00f3n: 60 minutos<\/p>\n<p><img loading=\"lazy\" decoding=\"async\" class=\"alignnone size-full wp-image-3948\" src=\"https:\/\/teresalaiz.com\/web\/wp-content\/uploads\/2024\/11\/DV_0797-copia-2Mb-scaled.jpg\" alt=\"Teresa Laiz - Concertista de Casta\u00f1uelas\" width=\"2560\" height=\"1287\" srcset=\"https:\/\/teresalaiz.com\/web\/wp-content\/uploads\/2024\/11\/DV_0797-copia-2Mb-scaled.jpg 2560w, https:\/\/teresalaiz.com\/web\/wp-content\/uploads\/2024\/11\/DV_0797-copia-2Mb-300x151.jpg 300w, https:\/\/teresalaiz.com\/web\/wp-content\/uploads\/2024\/11\/DV_0797-copia-2Mb-1024x515.jpg 1024w, https:\/\/teresalaiz.com\/web\/wp-content\/uploads\/2024\/11\/DV_0797-copia-2Mb-768x386.jpg 768w, https:\/\/teresalaiz.com\/web\/wp-content\/uploads\/2024\/11\/DV_0797-copia-2Mb-1536x772.jpg 1536w, https:\/\/teresalaiz.com\/web\/wp-content\/uploads\/2024\/11\/DV_0797-copia-2Mb-2048x1030.jpg 2048w\" sizes=\"(max-width: 2560px) 100vw, 2560px\" \/><\/p>\n<p style=\"text-align: center;\">TERESA LAIZ retoma su primer proyecto cargado de pasi\u00f3n y virtuosismo, tras veinte a\u00f1os de trayectoria como Concertista de Casta\u00f1uelas que le ha llevado a escenarios tan prestigiosos como el Auditorio Nacional de Espa\u00f1a, la Sala Dorada del Musikverein de Viena o el Carnegie Hall de Nueva York.<\/p>\n<p style=\"text-align: center;\">\u201cRepicando el Alma\u201d es un concierto donde lo cl\u00e1sico y lo espa\u00f1ol se combinan, siendo la casta\u00f1uela el instrumento solista.<br \/>\nTeresa Laiz presenta en solitario un concierto \u00edntimo que con su fuerza y su t\u00e9cnica hace grande este peque\u00f1o instrumento.<\/p>\n<p style=\"text-align: center;\">\u201cRepicando el Alma\u201d:\u00a0 <em>sentimiento, virtuosismo, expresi\u00f3n, fuerza, energ\u00eda, delicadeza, elegancia y belleza. <\/em><\/p>\n<p style=\"text-align: center;\">Un concierto, sin duda, singular y apasionado, donde no se puede decir m\u00e1s con menos \u2026<\/p>\n<p><a href=\"https:\/\/teatroflamencomadrid.com\/ciclo\/conciertos-teresa-laiz\" target=\"_blank\" rel=\"noopener\"><img loading=\"lazy\" decoding=\"async\" class=\"aligncenter wp-image-1548 size-full\" src=\"https:\/\/teresalaiz.com\/web\/wp-content\/uploads\/2019\/11\/42493cfd690c8987d950aac8f53e8cfa.jpg\" alt=\"Bot\u00f3n entradas Concierto Navidad\" width=\"300\" height=\"125\" \/><\/a><\/p>\n<hr \/>\n<p><img loading=\"lazy\" decoding=\"async\" class=\"size-full wp-image-4122 aligncenter\" src=\"https:\/\/teresalaiz.com\/web\/wp-content\/uploads\/2025\/03\/8-Marzo-2025-Clasicos-y-Flamencos.jpg\" alt=\"\" width=\"1451\" height=\"2048\" srcset=\"https:\/\/teresalaiz.com\/web\/wp-content\/uploads\/2025\/03\/8-Marzo-2025-Clasicos-y-Flamencos.jpg 1451w, https:\/\/teresalaiz.com\/web\/wp-content\/uploads\/2025\/03\/8-Marzo-2025-Clasicos-y-Flamencos-213x300.jpg 213w, https:\/\/teresalaiz.com\/web\/wp-content\/uploads\/2025\/03\/8-Marzo-2025-Clasicos-y-Flamencos-726x1024.jpg 726w, https:\/\/teresalaiz.com\/web\/wp-content\/uploads\/2025\/03\/8-Marzo-2025-Clasicos-y-Flamencos-768x1084.jpg 768w, https:\/\/teresalaiz.com\/web\/wp-content\/uploads\/2025\/03\/8-Marzo-2025-Clasicos-y-Flamencos-1088x1536.jpg 1088w\" sizes=\"(max-width: 1451px) 100vw, 1451px\" \/><\/p>\n<hr \/>\n<p><img loading=\"lazy\" decoding=\"async\" class=\"size-full wp-image-4098 aligncenter\" src=\"https:\/\/teresalaiz.com\/web\/wp-content\/uploads\/2025\/01\/Gran-Gala-2025-Avila-4-2MB.jpg\" alt=\"\" width=\"1545\" height=\"2318\" srcset=\"https:\/\/teresalaiz.com\/web\/wp-content\/uploads\/2025\/01\/Gran-Gala-2025-Avila-4-2MB.jpg 1545w, https:\/\/teresalaiz.com\/web\/wp-content\/uploads\/2025\/01\/Gran-Gala-2025-Avila-4-2MB-200x300.jpg 200w, https:\/\/teresalaiz.com\/web\/wp-content\/uploads\/2025\/01\/Gran-Gala-2025-Avila-4-2MB-683x1024.jpg 683w, https:\/\/teresalaiz.com\/web\/wp-content\/uploads\/2025\/01\/Gran-Gala-2025-Avila-4-2MB-768x1152.jpg 768w, https:\/\/teresalaiz.com\/web\/wp-content\/uploads\/2025\/01\/Gran-Gala-2025-Avila-4-2MB-1024x1536.jpg 1024w, https:\/\/teresalaiz.com\/web\/wp-content\/uploads\/2025\/01\/Gran-Gala-2025-Avila-4-2MB-1365x2048.jpg 1365w\" sizes=\"(max-width: 1545px) 100vw, 1545px\" \/><\/p>\n<hr \/>\n<p><img loading=\"lazy\" decoding=\"async\" class=\"size-full wp-image-3983 aligncenter\" src=\"https:\/\/teresalaiz.com\/web\/wp-content\/uploads\/2024\/12\/Concurso-2025-3-2MB.jpg\" alt=\"\" width=\"1222\" height=\"1833\" srcset=\"https:\/\/teresalaiz.com\/web\/wp-content\/uploads\/2024\/12\/Concurso-2025-3-2MB.jpg 1222w, https:\/\/teresalaiz.com\/web\/wp-content\/uploads\/2024\/12\/Concurso-2025-3-2MB-200x300.jpg 200w, https:\/\/teresalaiz.com\/web\/wp-content\/uploads\/2024\/12\/Concurso-2025-3-2MB-683x1024.jpg 683w, https:\/\/teresalaiz.com\/web\/wp-content\/uploads\/2024\/12\/Concurso-2025-3-2MB-768x1152.jpg 768w, https:\/\/teresalaiz.com\/web\/wp-content\/uploads\/2024\/12\/Concurso-2025-3-2MB-1024x1536.jpg 1024w\" sizes=\"(max-width: 1222px) 100vw, 1222px\" \/><\/p>\n<p><a href=\"https:\/\/teatroflamencomadrid.com\/ciclo\/conciertos-teresa-laiz\" target=\"_blank\" rel=\"noopener\"><img loading=\"lazy\" decoding=\"async\" class=\"aligncenter wp-image-1548 size-full\" src=\"https:\/\/teresalaiz.com\/web\/wp-content\/uploads\/2019\/11\/42493cfd690c8987d950aac8f53e8cfa.jpg\" alt=\"Bot\u00f3n entradas Concierto Navidad\" width=\"300\" height=\"125\" \/><\/a><\/p>\n<hr \/>\n<h1 style=\"text-align: center;\"><strong>Concierto de Casta\u00f1uelas<\/strong><\/h1>\n<p style=\"text-align: center;\"><span style=\"font-size: 24pt; color: #000000;\"><strong><em>Repicando el Alma<br \/>\n<\/em><\/strong><\/span><\/p>\n<p style=\"text-align: center;\"><span style=\"font-size: 14pt;\">Artista invitada:<\/span><br \/>\n<span style=\"font-size: 14pt;\"><em><strong>La Firu<\/strong><\/em><\/span><\/p>\n<p style=\"text-align: center;\"><span style=\"text-decoration: underline; color: #912f2f;\"><strong><span style=\"font-family: verdana, geneva, sans-serif; font-size: 18pt;\">Domingo, 19 Enero 2025, a las 13 h<\/span><\/strong><\/span><\/p>\n<p style=\"text-align: center;\"><span style=\"font-family: verdana, geneva, sans-serif; font-size: 18pt; color: #912f2f;\">Teatro Flamenco de Madrid<\/span><br \/>\n<span style=\"font-family: verdana, geneva, sans-serif; font-size: 18pt; color: #912f2f;\">(C\/Pez, 10)<\/span><\/p>\n<p style=\"text-align: center;\">Entrada: Butaca 22 \u20ac &#8211; Mesa 25 \u20ac<\/p>\n<p style=\"text-align: center;\">Duraci\u00f3n: 60 minutos<\/p>\n<p style=\"text-align: center;\"><img loading=\"lazy\" decoding=\"async\" class=\"alignnone size-full wp-image-3948\" src=\"https:\/\/teresalaiz.com\/web\/wp-content\/uploads\/2024\/11\/DV_0797-copia-2Mb-scaled.jpg\" alt=\"Teresa Laiz - Concertista de Casta\u00f1uelas\" width=\"2560\" height=\"1287\" srcset=\"https:\/\/teresalaiz.com\/web\/wp-content\/uploads\/2024\/11\/DV_0797-copia-2Mb-scaled.jpg 2560w, https:\/\/teresalaiz.com\/web\/wp-content\/uploads\/2024\/11\/DV_0797-copia-2Mb-300x151.jpg 300w, https:\/\/teresalaiz.com\/web\/wp-content\/uploads\/2024\/11\/DV_0797-copia-2Mb-1024x515.jpg 1024w, https:\/\/teresalaiz.com\/web\/wp-content\/uploads\/2024\/11\/DV_0797-copia-2Mb-768x386.jpg 768w, https:\/\/teresalaiz.com\/web\/wp-content\/uploads\/2024\/11\/DV_0797-copia-2Mb-1536x772.jpg 1536w, https:\/\/teresalaiz.com\/web\/wp-content\/uploads\/2024\/11\/DV_0797-copia-2Mb-2048x1030.jpg 2048w\" sizes=\"(max-width: 2560px) 100vw, 2560px\" \/><\/p>\n<p style=\"text-align: center;\">TERESA LAIZ retoma su primer proyecto cargado de pasi\u00f3n y virtuosismo, tras veinte a\u00f1os de trayectoria como Concertista de Casta\u00f1uelas que le ha llevado a escenarios tan prestigiosos como el Auditorio Nacional de Espa\u00f1a, la Sala Dorada del Musikverein de Viena o el Carnegie Hall de Nueva York.<\/p>\n<p style=\"text-align: center;\">\u201cRepicando el Alma\u201d es un concierto donde lo cl\u00e1sico y lo espa\u00f1ol se combinan, siendo la casta\u00f1uela el instrumento solista.<br \/>\nTeresa Laiz presenta en solitario un concierto \u00edntimo que con su fuerza y su t\u00e9cnica hace grande este peque\u00f1o instrumento.<\/p>\n<p style=\"text-align: center;\">\u201cRepicando el Alma\u201d:\u00a0 <em>sentimiento, virtuosismo, expresi\u00f3n, fuerza, energ\u00eda, delicadeza, elegancia y belleza. <\/em><\/p>\n<p style=\"text-align: center;\">Un concierto, sin duda, singular y apasionado, donde no se puede decir m\u00e1s con menos \u2026<\/p>\n<p><a href=\"https:\/\/teatroflamencomadrid.com\/ciclo\/conciertos-teresa-laiz\" target=\"_blank\" rel=\"noopener\"><img loading=\"lazy\" decoding=\"async\" class=\"aligncenter wp-image-1548 size-full\" src=\"https:\/\/teresalaiz.com\/web\/wp-content\/uploads\/2019\/11\/42493cfd690c8987d950aac8f53e8cfa.jpg\" alt=\"Bot\u00f3n entradas Concierto Navidad\" width=\"300\" height=\"125\" \/><\/a><\/p>\n<figure id=\"attachment_2966\" aria-describedby=\"caption-attachment-2966\" style=\"width: 300px\" class=\"wp-caption aligncenter\"><img loading=\"lazy\" decoding=\"async\" class=\"wp-image-2966 size-medium\" src=\"https:\/\/teresalaiz.com\/web\/wp-content\/uploads\/2022\/11\/Programa-de-mano-300x232.jpg\" alt=\"Concierto Navidad 2022\" width=\"300\" height=\"232\" srcset=\"https:\/\/teresalaiz.com\/web\/wp-content\/uploads\/2022\/11\/Programa-de-mano-300x232.jpg 300w, https:\/\/teresalaiz.com\/web\/wp-content\/uploads\/2022\/11\/Programa-de-mano-768x594.jpg 768w, https:\/\/teresalaiz.com\/web\/wp-content\/uploads\/2022\/11\/Programa-de-mano.jpg 1000w\" sizes=\"(max-width: 300px) 100vw, 300px\" \/><figcaption id=\"caption-attachment-2966\" class=\"wp-caption-text\"><span style=\"color: #000000;\"><strong><span style=\"font-size: 14pt;\">Programa de Mano<\/span><\/strong><\/span><\/figcaption><\/figure>\n<hr \/>\n<p><img loading=\"lazy\" decoding=\"async\" class=\"aligncenter wp-image-3965 size-large\" src=\"https:\/\/teresalaiz.com\/web\/wp-content\/uploads\/2024\/12\/Concierto-Castanuelas-y-Banda-Dosbarrios-2MB-724x1024.jpg\" alt=\"Concierto Casta\u00f1uelas Teresa Laiz y Banda de Dosbarrios\" width=\"720\" height=\"1018\" srcset=\"https:\/\/teresalaiz.com\/web\/wp-content\/uploads\/2024\/12\/Concierto-Castanuelas-y-Banda-Dosbarrios-2MB-724x1024.jpg 724w, https:\/\/teresalaiz.com\/web\/wp-content\/uploads\/2024\/12\/Concierto-Castanuelas-y-Banda-Dosbarrios-2MB-212x300.jpg 212w, https:\/\/teresalaiz.com\/web\/wp-content\/uploads\/2024\/12\/Concierto-Castanuelas-y-Banda-Dosbarrios-2MB-768x1087.jpg 768w, https:\/\/teresalaiz.com\/web\/wp-content\/uploads\/2024\/12\/Concierto-Castanuelas-y-Banda-Dosbarrios-2MB-1086x1536.jpg 1086w, https:\/\/teresalaiz.com\/web\/wp-content\/uploads\/2024\/12\/Concierto-Castanuelas-y-Banda-Dosbarrios-2MB-1448x2048.jpg 1448w, https:\/\/teresalaiz.com\/web\/wp-content\/uploads\/2024\/12\/Concierto-Castanuelas-y-Banda-Dosbarrios-2MB.jpg 1777w\" sizes=\"(max-width: 720px) 100vw, 720px\" \/><\/p>\n<h1 style=\"text-align: center;\"><span style=\"font-size: 36pt;\"><strong>Concierto de Casta\u00f1uelas<\/strong><\/span><\/h1>\n<p style=\"text-align: center;\"><span style=\"font-size: 14pt;\">Banda de M\u00fasica UMSC de Dosbarrios &#8211; Dir. Diego Fortes<\/span><br \/>\n<span style=\"font-size: 14pt;\">Coro de Casta\u00f1uelas de Madrid &#8211; Dir.\u00aa Teresa Laiz<\/span><br \/>\n<span style=\"font-size: 14pt;\">Mar\u00eda Rodr\u00edguez (soprano)<\/span><br \/>\n<span style=\"font-size: 14pt;\">Javier del Real (bailar\u00edn)<\/span><\/p>\n<p style=\"text-align: center;\"><strong>Entrada libre<\/strong><\/p>\n<p style=\"text-align: center;\"><span style=\"text-decoration: underline; color: #800000;\"><strong><span style=\"font-size: 18pt; font-family: verdana, geneva, sans-serif;\">S\u00e1bado, 11 Enero 2025, a las 19 h<\/span><\/strong><\/span><\/p>\n<h3 style=\"text-align: center;\">Convento de los Trinitarios Calzados de Dosbarrios (Toledo)<\/h3>\n<hr \/>\n<p><img loading=\"lazy\" decoding=\"async\" class=\"size-full wp-image-3939 aligncenter\" src=\"https:\/\/teresalaiz.com\/web\/wp-content\/uploads\/2024\/11\/Teresa-Laiz-Concierto-Navidad-story.jpg\" alt=\"Concierto de Casta\u00f1uelas - Vive la Navidad\" width=\"1080\" height=\"1920\" srcset=\"https:\/\/teresalaiz.com\/web\/wp-content\/uploads\/2024\/11\/Teresa-Laiz-Concierto-Navidad-story.jpg 1080w, https:\/\/teresalaiz.com\/web\/wp-content\/uploads\/2024\/11\/Teresa-Laiz-Concierto-Navidad-story-169x300.jpg 169w, https:\/\/teresalaiz.com\/web\/wp-content\/uploads\/2024\/11\/Teresa-Laiz-Concierto-Navidad-story-576x1024.jpg 576w, https:\/\/teresalaiz.com\/web\/wp-content\/uploads\/2024\/11\/Teresa-Laiz-Concierto-Navidad-story-768x1365.jpg 768w, https:\/\/teresalaiz.com\/web\/wp-content\/uploads\/2024\/11\/Teresa-Laiz-Concierto-Navidad-story-864x1536.jpg 864w\" sizes=\"(max-width: 1080px) 100vw, 1080px\" \/><\/p>\n<h2 style=\"text-align: center;\"><\/h2>\n<p style=\"text-align: center;\"><span style=\"font-family: verdana, geneva, sans-serif;\"><strong><span style=\"color: #008000; font-size: 18pt;\"><u>Domingo, 15 de Diciembre 2024, a las 12.00 h<\/u><\/span><\/strong><\/span><\/p>\n<p style=\"text-align: center;\"><span style=\"color: #008000; font-size: 18pt; font-family: verdana, geneva, sans-serif;\">Teatro Flamenco de Madrid<br \/>\n(C\/Pez, 10)<\/span><\/p>\n<p style=\"text-align: center;\">Entrada: Butaca 22 \u20ac &#8211; Mesa 25 \u20ac<\/p>\n<p style=\"text-align: center;\">Duraci\u00f3n: 75 minutos<\/p>\n<p style=\"text-align: center;\">Un concierto poco habitual, donde las Casta\u00f1uelas act\u00faan como instrumento solista e interpretan m\u00fasica de diferentes estilos. En esta ocasi\u00f3n celebramos la Navidad con m\u00fasica cl\u00e1sica (Bach, Scarlatti, Hydn, Beethoven, Strauss, entre otros) y Villancicos, con partituras para casta\u00f1uelas compuestas por la concertista Teresa Laiz.<\/p>\n<p style=\"text-align: center;\">Teresa Laiz viene acompa\u00f1ada de algunos de sus alumnos tanto de la Escuela Online como de los presenciales de la Escuela de Artes Esc\u00e9nicas Ma non troppo de Madrid.<\/p>\n<p style=\"text-align: center;\">Tambi\u00e9n, contamos con artistas invitados excepcionales: Javier del Real (bailar\u00edn) e Irene Valc\u00e1rcel (poeta).<\/p>\n<p style=\"text-align: center;\">Siente la Navidad y emoci\u00f3nate al son de las Casta\u00f1uelas!<\/p>\n<p><a href=\"https:\/\/teatroflamencomadrid.com\/ciclo\/conciertos-teresa-laiz\" target=\"_blank\" rel=\"noopener\"><img loading=\"lazy\" decoding=\"async\" class=\"aligncenter wp-image-1548 size-full\" src=\"https:\/\/teresalaiz.com\/web\/wp-content\/uploads\/2019\/11\/42493cfd690c8987d950aac8f53e8cfa.jpg\" alt=\"Bot\u00f3n entradas Concierto Navidad\" width=\"300\" height=\"125\" \/><\/a><\/p>\n<figure id=\"attachment_2966\" aria-describedby=\"caption-attachment-2966\" style=\"width: 300px\" class=\"wp-caption aligncenter\"><a href=\"https:\/\/teresalaiz.com\/web\/wp-content\/uploads\/2024\/11\/Programa-de-mano-Navidad-2024.pdf\" target=\"_blank\" rel=\"noopener\"><img loading=\"lazy\" decoding=\"async\" class=\"wp-image-2966 size-medium\" src=\"https:\/\/teresalaiz.com\/web\/wp-content\/uploads\/2022\/11\/Programa-de-mano-300x232.jpg\" alt=\"Concierto Navidad 2022\" width=\"300\" height=\"232\" srcset=\"https:\/\/teresalaiz.com\/web\/wp-content\/uploads\/2022\/11\/Programa-de-mano-300x232.jpg 300w, https:\/\/teresalaiz.com\/web\/wp-content\/uploads\/2022\/11\/Programa-de-mano-768x594.jpg 768w, https:\/\/teresalaiz.com\/web\/wp-content\/uploads\/2022\/11\/Programa-de-mano.jpg 1000w\" sizes=\"(max-width: 300px) 100vw, 300px\" \/><\/a><figcaption id=\"caption-attachment-2966\" class=\"wp-caption-text\"><strong><span style=\"font-size: 14pt; color: #000000;\">Programa de Mano<\/span><\/strong><\/figcaption><\/figure>\n<p>&nbsp;<\/p>\n<hr \/>\n<p><img loading=\"lazy\" decoding=\"async\" class=\"size-full wp-image-3911 aligncenter\" src=\"https:\/\/teresalaiz.com\/web\/wp-content\/uploads\/2024\/10\/Cartel-DIVINOS-TFM-Logo.jpg\" alt=\"\" width=\"1204\" height=\"1871\" srcset=\"https:\/\/teresalaiz.com\/web\/wp-content\/uploads\/2024\/10\/Cartel-DIVINOS-TFM-Logo.jpg 1204w, https:\/\/teresalaiz.com\/web\/wp-content\/uploads\/2024\/10\/Cartel-DIVINOS-TFM-Logo-193x300.jpg 193w, https:\/\/teresalaiz.com\/web\/wp-content\/uploads\/2024\/10\/Cartel-DIVINOS-TFM-Logo-659x1024.jpg 659w, https:\/\/teresalaiz.com\/web\/wp-content\/uploads\/2024\/10\/Cartel-DIVINOS-TFM-Logo-768x1193.jpg 768w, https:\/\/teresalaiz.com\/web\/wp-content\/uploads\/2024\/10\/Cartel-DIVINOS-TFM-Logo-988x1536.jpg 988w\" sizes=\"(max-width: 1204px) 100vw, 1204px\" \/><\/p>\n<p><a href=\"https:\/\/teatroflamencomadrid.com\/ciclo\/conciertos-teresa-laiz\" target=\"_blank\" rel=\"noopener\"><img loading=\"lazy\" decoding=\"async\" class=\"aligncenter wp-image-1548 size-full\" src=\"https:\/\/teresalaiz.com\/web\/wp-content\/uploads\/2019\/11\/42493cfd690c8987d950aac8f53e8cfa.jpg\" alt=\"Bot\u00f3n entradas Concierto Navidad\" width=\"300\" height=\"125\" \/><\/a><\/p>\n<p>&nbsp;<\/p>\n<p><img loading=\"lazy\" decoding=\"async\" class=\"alignleft wp-image-3758 size-medium\" src=\"https:\/\/teresalaiz.com\/web\/wp-content\/uploads\/2024\/04\/Divinos-Logo-estrecho-blanco-castanuela-300x98.jpg\" alt=\"\" width=\"300\" height=\"98\" srcset=\"https:\/\/teresalaiz.com\/web\/wp-content\/uploads\/2024\/04\/Divinos-Logo-estrecho-blanco-castanuela-300x98.jpg 300w, https:\/\/teresalaiz.com\/web\/wp-content\/uploads\/2024\/04\/Divinos-Logo-estrecho-blanco-castanuela-1024x334.jpg 1024w, https:\/\/teresalaiz.com\/web\/wp-content\/uploads\/2024\/04\/Divinos-Logo-estrecho-blanco-castanuela-768x251.jpg 768w, https:\/\/teresalaiz.com\/web\/wp-content\/uploads\/2024\/04\/Divinos-Logo-estrecho-blanco-castanuela.jpg 1191w\" sizes=\"(max-width: 300px) 100vw, 300px\" \/><\/p>\n<p>&nbsp;<\/p>\n<p><strong>Marc Aurelio \u2013 Maribel \u201cla Sultana\u201d \u2013 Teresa Laiz<\/strong><\/p>\n<p style=\"text-align: justify;\">Tres artistas, a los que el poso de los a\u00f1os ha engrandecido como les ocurre a los buenos vinos. Cada uno de ellos posee una personalidad \u00fanica muy bien definida. El cuerpo de Marc Aurelio y su amabilidad gustativa, el redondo car\u00e1cter floral de Maribel y el aroma afrutado y brillante de Teresa hacen de esta cata musical un verdadero deleite para los sentidos.<\/p>\n<p>&nbsp;<\/p>\n<p><img loading=\"lazy\" decoding=\"async\" class=\"alignleft wp-image-3759 size-medium\" src=\"https:\/\/teresalaiz.com\/web\/wp-content\/uploads\/2024\/04\/Divinos-Logo-estrecho-blanco-300x176.jpg\" alt=\"\" width=\"300\" height=\"176\" srcset=\"https:\/\/teresalaiz.com\/web\/wp-content\/uploads\/2024\/04\/Divinos-Logo-estrecho-blanco-300x176.jpg 300w, https:\/\/teresalaiz.com\/web\/wp-content\/uploads\/2024\/04\/Divinos-Logo-estrecho-blanco-1024x601.jpg 1024w, https:\/\/teresalaiz.com\/web\/wp-content\/uploads\/2024\/04\/Divinos-Logo-estrecho-blanco-768x451.jpg 768w, https:\/\/teresalaiz.com\/web\/wp-content\/uploads\/2024\/04\/Divinos-Logo-estrecho-blanco.jpg 1227w\" sizes=\"(max-width: 300px) 100vw, 300px\" \/><\/p>\n<p>&nbsp;<\/p>\n<p><strong>\u00a0\u00a0\u00a0\u00a0 <\/strong><img loading=\"lazy\" decoding=\"async\" class=\"alignnone wp-image-3917 size-thumbnail\" src=\"https:\/\/teresalaiz.com\/web\/wp-content\/uploads\/2024\/10\/Logo-Bodega-Transparente-150x150.png\" alt=\"\" width=\"150\" height=\"150\" srcset=\"https:\/\/teresalaiz.com\/web\/wp-content\/uploads\/2024\/10\/Logo-Bodega-Transparente-150x150.png 150w, https:\/\/teresalaiz.com\/web\/wp-content\/uploads\/2024\/10\/Logo-Bodega-Transparente-550x550.png 550w\" sizes=\"(max-width: 150px) 100vw, 150px\" \/>\u00a0 <img loading=\"lazy\" decoding=\"async\" class=\"alignnone wp-image-3919 \" src=\"https:\/\/teresalaiz.com\/web\/wp-content\/uploads\/2024\/10\/Logo3catering-1.jpg\" alt=\"\" width=\"196\" height=\"164\" \/><\/p>\n<p>&nbsp;<\/p>\n<p>Es una experiencia sensorial, en formato de Cata-Concierto, donde las casta\u00f1uelas como instrumento solista te sorprender\u00e1 y te llevar\u00e1 a disfrutar de la m\u00fasica y del vino como nunca hubieras imaginado.<\/p>\n<p>Otra forma de vivir como tomas un buen vino, un viaje sensitivo a trav\u00e9s de la m\u00fasica actual y las casta\u00f1uelas, perfecto maridaje para tus sentidos, directo al coraz\u00f3n!<\/p>\n<p><em>Perlas de vino juegan conmigo y mi cari\u00f1o desvaneciendo la nostalgia en los senderos de la memoria. <\/em><br \/>\n<em>Y me devuelven a la vida, regal\u00e1ndome el sentido del presente, entre ecos del pasado, esperanzas y anhelados futuros.<\/em> &#8211; <strong>Marc Aurelio<\/strong><\/p>\n<p><em>El vino enamora,<\/em><br \/>\n<em>el vino canta<\/em><br \/>\n<em>el vino, r\u00ede y llora<\/em><br \/>\n<em>conmigo, el vino baila, baila, baila.<\/em> &#8211; <strong>Maribel \u201cLa Sultana\u201d<\/strong><\/p>\n<p><em>Ilusi\u00f3n renovada, el recreo de un reencuentro chispeante, entrelazando melod\u00edas que tocan el alma o brincan emociones mientras ellos saborean la vida.<\/em> &#8211; <strong>Teresa Laiz<\/strong><\/p>\n<p style=\"text-align: center;\"><span style=\"font-size: 18pt; color: #993366;\"><strong><em><span style=\"text-decoration: underline;\">Domingo, 20 Octubre 2024, a las 13 h<\/span><br \/>\nTeatro Flamenco de Madrid<br \/>\n(C\/Pez, 10)<\/em><\/strong><\/span><\/p>\n<p><a href=\"https:\/\/teatroflamencomadrid.com\/ciclo\/conciertos-teresa-laiz\" target=\"_blank\" rel=\"noopener\"><img loading=\"lazy\" decoding=\"async\" class=\"aligncenter wp-image-1548 size-full\" src=\"https:\/\/teresalaiz.com\/web\/wp-content\/uploads\/2019\/11\/42493cfd690c8987d950aac8f53e8cfa.jpg\" alt=\"Bot\u00f3n entradas Concierto Navidad\" width=\"300\" height=\"125\" \/><\/a><\/p>\n<figure id=\"attachment_2966\" aria-describedby=\"caption-attachment-2966\" style=\"width: 300px\" class=\"wp-caption aligncenter\"><a href=\"https:\/\/teresalaiz.com\/web\/wp-content\/uploads\/2024\/10\/Diptico-Programa-TFM-20-Octubre-2024.pdf\" target=\"_blank\" rel=\"noopener\"><img loading=\"lazy\" decoding=\"async\" class=\"wp-image-2966 size-medium\" src=\"https:\/\/teresalaiz.com\/web\/wp-content\/uploads\/2022\/11\/Programa-de-mano-300x232.jpg\" alt=\"Concierto Navidad 2022\" width=\"300\" height=\"232\" srcset=\"https:\/\/teresalaiz.com\/web\/wp-content\/uploads\/2022\/11\/Programa-de-mano-300x232.jpg 300w, https:\/\/teresalaiz.com\/web\/wp-content\/uploads\/2022\/11\/Programa-de-mano-768x594.jpg 768w, https:\/\/teresalaiz.com\/web\/wp-content\/uploads\/2022\/11\/Programa-de-mano.jpg 1000w\" sizes=\"(max-width: 300px) 100vw, 300px\" \/><\/a><figcaption id=\"caption-attachment-2966\" class=\"wp-caption-text\"><span style=\"font-size: 14pt;\"><strong>Programa de Mano<\/strong><\/span><\/figcaption><\/figure>\n<p>&nbsp;<\/p>\n<hr \/>\n<p><img loading=\"lazy\" decoding=\"async\" class=\"alignnone size-full wp-image-3905\" src=\"https:\/\/teresalaiz.com\/web\/wp-content\/uploads\/2024\/10\/Cartel-Clasicos-y-Flamencos-2Mb-scaled.jpg\" alt=\"Concierto de guitarra y casta\u00f1uelas\" width=\"1810\" height=\"2560\" srcset=\"https:\/\/teresalaiz.com\/web\/wp-content\/uploads\/2024\/10\/Cartel-Clasicos-y-Flamencos-2Mb-scaled.jpg 1810w, https:\/\/teresalaiz.com\/web\/wp-content\/uploads\/2024\/10\/Cartel-Clasicos-y-Flamencos-2Mb-212x300.jpg 212w, https:\/\/teresalaiz.com\/web\/wp-content\/uploads\/2024\/10\/Cartel-Clasicos-y-Flamencos-2Mb-724x1024.jpg 724w, https:\/\/teresalaiz.com\/web\/wp-content\/uploads\/2024\/10\/Cartel-Clasicos-y-Flamencos-2Mb-768x1086.jpg 768w, https:\/\/teresalaiz.com\/web\/wp-content\/uploads\/2024\/10\/Cartel-Clasicos-y-Flamencos-2Mb-1086x1536.jpg 1086w, https:\/\/teresalaiz.com\/web\/wp-content\/uploads\/2024\/10\/Cartel-Clasicos-y-Flamencos-2Mb-1448x2048.jpg 1448w\" sizes=\"(max-width: 1810px) 100vw, 1810px\" \/><\/p>\n<p><a href=\"https:\/\/teatroaranjuez.es\/cartelera\/clasicos-y-flamencos\/\" target=\"_blank\" rel=\"noopener\"><img loading=\"lazy\" decoding=\"async\" class=\"aligncenter wp-image-1548 size-full\" src=\"https:\/\/teresalaiz.com\/web\/wp-content\/uploads\/2019\/11\/42493cfd690c8987d950aac8f53e8cfa.jpg\" alt=\"Bot\u00f3n entradas Concierto Navidad\" width=\"300\" height=\"125\" \/><\/a><\/p>\n<figure id=\"attachment_2966\" aria-describedby=\"caption-attachment-2966\" style=\"width: 300px\" class=\"wp-caption aligncenter\"><a href=\"https:\/\/teresalaiz.com\/web\/wp-content\/uploads\/2024\/10\/Programa-de-mano-Antonio-Reyes-Teresa-Laiz-19-Octubre-2024.pdf\" target=\"_blank\" rel=\"noopener\"><img loading=\"lazy\" decoding=\"async\" class=\"wp-image-2966 size-medium\" src=\"https:\/\/teresalaiz.com\/web\/wp-content\/uploads\/2022\/11\/Programa-de-mano-300x232.jpg\" alt=\"Concierto Navidad 2022\" width=\"300\" height=\"232\" srcset=\"https:\/\/teresalaiz.com\/web\/wp-content\/uploads\/2022\/11\/Programa-de-mano-300x232.jpg 300w, https:\/\/teresalaiz.com\/web\/wp-content\/uploads\/2022\/11\/Programa-de-mano-768x594.jpg 768w, https:\/\/teresalaiz.com\/web\/wp-content\/uploads\/2022\/11\/Programa-de-mano.jpg 1000w\" sizes=\"(max-width: 300px) 100vw, 300px\" \/><\/a><figcaption id=\"caption-attachment-2966\" class=\"wp-caption-text\"><span style=\"font-size: 14pt;\"><strong>Programa de Mano<\/strong><\/span><\/figcaption><\/figure>\n<p>&nbsp;<\/p>\n<hr \/>\n<h1><img loading=\"lazy\" decoding=\"async\" class=\"alignnone size-full wp-image-3903\" src=\"https:\/\/teresalaiz.com\/web\/wp-content\/uploads\/2024\/10\/Cartel-Coro-de-Castanuelas-de-Madrid-2Mb-scaled.jpg\" alt=\"\" width=\"1917\" height=\"2560\" srcset=\"https:\/\/teresalaiz.com\/web\/wp-content\/uploads\/2024\/10\/Cartel-Coro-de-Castanuelas-de-Madrid-2Mb-scaled.jpg 1917w, https:\/\/teresalaiz.com\/web\/wp-content\/uploads\/2024\/10\/Cartel-Coro-de-Castanuelas-de-Madrid-2Mb-225x300.jpg 225w, https:\/\/teresalaiz.com\/web\/wp-content\/uploads\/2024\/10\/Cartel-Coro-de-Castanuelas-de-Madrid-2Mb-767x1024.jpg 767w, https:\/\/teresalaiz.com\/web\/wp-content\/uploads\/2024\/10\/Cartel-Coro-de-Castanuelas-de-Madrid-2Mb-768x1026.jpg 768w, https:\/\/teresalaiz.com\/web\/wp-content\/uploads\/2024\/10\/Cartel-Coro-de-Castanuelas-de-Madrid-2Mb-1150x1536.jpg 1150w, https:\/\/teresalaiz.com\/web\/wp-content\/uploads\/2024\/10\/Cartel-Coro-de-Castanuelas-de-Madrid-2Mb-1533x2048.jpg 1533w\" sizes=\"(max-width: 1917px) 100vw, 1917px\" \/><\/h1>\n<hr \/>\n<p>&nbsp;<\/p>\n<h1><\/h1>\n<h1 style=\"text-align: center;\"><strong>CONCIERTO DI VINOS EN CERDE\u00d1A<\/strong><\/h1>\n<h2 style=\"text-align: center;\"><strong>6 Octubre 2024<\/strong><\/h2>\n<h1><img loading=\"lazy\" decoding=\"async\" class=\"aligncenter wp-image-3901 size-full\" src=\"https:\/\/teresalaiz.com\/web\/wp-content\/uploads\/2024\/10\/CARTEL-CERDENA-scaled.jpg\" alt=\"\" width=\"1707\" height=\"2560\" srcset=\"https:\/\/teresalaiz.com\/web\/wp-content\/uploads\/2024\/10\/CARTEL-CERDENA-scaled.jpg 1707w, https:\/\/teresalaiz.com\/web\/wp-content\/uploads\/2024\/10\/CARTEL-CERDENA-200x300.jpg 200w, https:\/\/teresalaiz.com\/web\/wp-content\/uploads\/2024\/10\/CARTEL-CERDENA-683x1024.jpg 683w, https:\/\/teresalaiz.com\/web\/wp-content\/uploads\/2024\/10\/CARTEL-CERDENA-768x1152.jpg 768w, https:\/\/teresalaiz.com\/web\/wp-content\/uploads\/2024\/10\/CARTEL-CERDENA-1024x1536.jpg 1024w, https:\/\/teresalaiz.com\/web\/wp-content\/uploads\/2024\/10\/CARTEL-CERDENA-1365x2048.jpg 1365w\" sizes=\"(max-width: 1707px) 100vw, 1707px\" \/><\/h1>\n<p>&nbsp;<\/p>\n<hr \/>\n<h1 style=\"text-align: center;\"><strong>Concierto de Casta\u00f1uelas<\/strong><\/h1>\n<h2 style=\"text-align: center;\"><strong><span style=\"font-size: 24pt;\">Teresa Laiz &amp; Invitados<\/span><br \/>\n<\/strong><\/h2>\n<h3 style=\"text-align: center;\">Maribel \u00abLa Sultana\u00bb &#8211; Javier del Real &#8211; Jenaro Sosa<\/h3>\n<h4 style=\"text-align: center;\"><strong><u>Domingo, 28 de Julio 2024, a las 13.00 h<\/u><\/strong><\/h4>\n<h4 style=\"text-align: center;\"><strong>Teatro Flamenco de Madrid &#8211; C\/Pez, 10.<\/strong><\/h4>\n<p style=\"text-align: center;\"><img loading=\"lazy\" decoding=\"async\" class=\"alignnone size-full wp-image-3832\" src=\"https:\/\/teresalaiz.com\/web\/wp-content\/uploads\/2024\/07\/Teresa-Laiz-Invitados.jpg\" alt=\"\" width=\"1509\" height=\"1509\" srcset=\"https:\/\/teresalaiz.com\/web\/wp-content\/uploads\/2024\/07\/Teresa-Laiz-Invitados.jpg 1509w, https:\/\/teresalaiz.com\/web\/wp-content\/uploads\/2024\/07\/Teresa-Laiz-Invitados-300x300.jpg 300w, https:\/\/teresalaiz.com\/web\/wp-content\/uploads\/2024\/07\/Teresa-Laiz-Invitados-1024x1024.jpg 1024w, https:\/\/teresalaiz.com\/web\/wp-content\/uploads\/2024\/07\/Teresa-Laiz-Invitados-150x150.jpg 150w, https:\/\/teresalaiz.com\/web\/wp-content\/uploads\/2024\/07\/Teresa-Laiz-Invitados-768x768.jpg 768w, https:\/\/teresalaiz.com\/web\/wp-content\/uploads\/2024\/07\/Teresa-Laiz-Invitados-550x550.jpg 550w\" sizes=\"(max-width: 1509px) 100vw, 1509px\" \/><\/p>\n<p>Un espect\u00e1culo en el que las Casta\u00f1uelas son las protagonistas.<br \/>\nUn programa de Casta\u00f1uelas de Concierto y Danza Espa\u00f1ola,<br \/>\nen el que te sorprender\u00e1 el sonido de este peque\u00f1o instrumento en tan diversos estilos de m\u00fasica.<\/p>\n<p style=\"text-align: center;\">Emoci\u00f3nate al son de las Casta\u00f1uelas!<\/p>\n<p><a href=\"https:\/\/teatroflamencomadrid.com\/ciclo\/Conciertos-Teresa-Laiz\" target=\"_blank\" rel=\"noopener\"><img loading=\"lazy\" decoding=\"async\" class=\"aligncenter wp-image-1548 size-full\" src=\"https:\/\/teresalaiz.com\/web\/wp-content\/uploads\/2019\/11\/42493cfd690c8987d950aac8f53e8cfa.jpg\" alt=\"Bot\u00f3n entradas Concierto Navidad\" width=\"300\" height=\"125\" \/><\/a><\/p>\n<figure id=\"attachment_2966\" aria-describedby=\"caption-attachment-2966\" style=\"width: 300px\" class=\"wp-caption aligncenter\"><a href=\"https:\/\/teresalaiz.com\/web\/wp-content\/uploads\/2024\/07\/Programa-de-mano-Teresa-Laiz-Invitados.pdf\" target=\"_blank\" rel=\"noopener\"><img loading=\"lazy\" decoding=\"async\" class=\"wp-image-2966 size-medium\" src=\"https:\/\/teresalaiz.com\/web\/wp-content\/uploads\/2022\/11\/Programa-de-mano-300x232.jpg\" alt=\"Concierto Navidad 2022\" width=\"300\" height=\"232\" srcset=\"https:\/\/teresalaiz.com\/web\/wp-content\/uploads\/2022\/11\/Programa-de-mano-300x232.jpg 300w, https:\/\/teresalaiz.com\/web\/wp-content\/uploads\/2022\/11\/Programa-de-mano-768x594.jpg 768w, https:\/\/teresalaiz.com\/web\/wp-content\/uploads\/2022\/11\/Programa-de-mano.jpg 1000w\" sizes=\"(max-width: 300px) 100vw, 300px\" \/><\/a><figcaption id=\"caption-attachment-2966\" class=\"wp-caption-text\"><span style=\"font-size: 14pt;\"><strong>Programa de Mano<\/strong><\/span><\/figcaption><\/figure>\n<hr \/>\n<h1 style=\"text-align: center;\"><strong>Concierto de Casta\u00f1uelas<\/strong><\/h1>\n<h2 style=\"text-align: center;\"><strong>Escuela de Casta\u00f1uelas Teresa Laiz<\/strong><\/h2>\n<h3 style=\"text-align: center;\"><strong>\u00abFIN DE CURSO\u00bb<\/strong><\/h3>\n<h4 style=\"text-align: center;\"><strong><u>Domingo, 16 de Junio 2024, a las 13.00 h<\/u><\/strong><\/h4>\n<h4 style=\"text-align: center;\"><strong>Teatro Flamenco de Madrid &#8211; C\/Pez, 10.<\/strong><\/h4>\n<p><img loading=\"lazy\" decoding=\"async\" class=\"alignnone size-full wp-image-3802\" src=\"https:\/\/teresalaiz.com\/web\/wp-content\/uploads\/2024\/05\/Foto-Cartel-TFM-scaled.jpg\" alt=\"Concierto Fin de Curso Teresa Laiz\" width=\"2560\" height=\"1268\" srcset=\"https:\/\/teresalaiz.com\/web\/wp-content\/uploads\/2024\/05\/Foto-Cartel-TFM-scaled.jpg 2560w, https:\/\/teresalaiz.com\/web\/wp-content\/uploads\/2024\/05\/Foto-Cartel-TFM-300x149.jpg 300w, https:\/\/teresalaiz.com\/web\/wp-content\/uploads\/2024\/05\/Foto-Cartel-TFM-1024x507.jpg 1024w, https:\/\/teresalaiz.com\/web\/wp-content\/uploads\/2024\/05\/Foto-Cartel-TFM-768x380.jpg 768w, https:\/\/teresalaiz.com\/web\/wp-content\/uploads\/2024\/05\/Foto-Cartel-TFM-1536x761.jpg 1536w, https:\/\/teresalaiz.com\/web\/wp-content\/uploads\/2024\/05\/Foto-Cartel-TFM-2048x1014.jpg 2048w\" sizes=\"(max-width: 2560px) 100vw, 2560px\" \/><\/p>\n<p style=\"text-align: center;\">Un concierto poco habitual, donde las Casta\u00f1uelas act\u00faan como instrumento solista e interpretan m\u00fasica de diferentes estilos. En esta ocasi\u00f3n un programa atractivo y variado con m\u00fasica cl\u00e1sica, espa\u00f1ola y popular, con partituras para casta\u00f1uelas compuestas por la concertista Teresa Laiz.<\/p>\n<p style=\"text-align: center;\">Teresa Laiz viene acompa\u00f1ada de algunos de sus alumnos tanto de la Escuela Online como de los presenciales de la Escuela de Artes Esc\u00e9nicas Ma non troppo de Madrid.<\/p>\n<p style=\"text-align: center;\">Tambi\u00e9n, contamos con dos artistas invitadas excepcionales: Marta Casas (soprano) e Irene Valc\u00e1rcel (poeta).<\/p>\n<p style=\"text-align: center;\">Emoci\u00f3nate al son de las Casta\u00f1uelas!<\/p>\n<p><a href=\"https:\/\/teresalaiz.teatroflamencomadrid.com\/\" target=\"_blank\" rel=\"noopener\"><img loading=\"lazy\" decoding=\"async\" class=\"aligncenter wp-image-1548 size-full\" src=\"https:\/\/teresalaiz.com\/web\/wp-content\/uploads\/2019\/11\/42493cfd690c8987d950aac8f53e8cfa.jpg\" alt=\"Bot\u00f3n entradas Concierto Navidad\" width=\"300\" height=\"125\" \/><\/a><\/p>\n<figure id=\"attachment_2966\" aria-describedby=\"caption-attachment-2966\" style=\"width: 300px\" class=\"wp-caption aligncenter\"><a href=\"https:\/\/teresalaiz.com\/web\/wp-content\/uploads\/2024\/05\/Programa-de-mano-Fin-de-Curso-2024.pdf\" target=\"_blank\" rel=\"noopener\"><img loading=\"lazy\" decoding=\"async\" class=\"wp-image-2966 size-medium\" src=\"https:\/\/teresalaiz.com\/web\/wp-content\/uploads\/2022\/11\/Programa-de-mano-300x232.jpg\" alt=\"Concierto Navidad 2022\" width=\"300\" height=\"232\" srcset=\"https:\/\/teresalaiz.com\/web\/wp-content\/uploads\/2022\/11\/Programa-de-mano-300x232.jpg 300w, https:\/\/teresalaiz.com\/web\/wp-content\/uploads\/2022\/11\/Programa-de-mano-768x594.jpg 768w, https:\/\/teresalaiz.com\/web\/wp-content\/uploads\/2022\/11\/Programa-de-mano.jpg 1000w\" sizes=\"(max-width: 300px) 100vw, 300px\" \/><\/a><figcaption id=\"caption-attachment-2966\" class=\"wp-caption-text\"><span style=\"font-size: 14pt; color: #000000;\"><strong>Programa de Mano<\/strong><\/span><\/figcaption><\/figure>\n<hr \/>\n<p><img loading=\"lazy\" decoding=\"async\" class=\"size-full wp-image-3756 aligncenter\" src=\"https:\/\/teresalaiz.com\/web\/wp-content\/uploads\/2024\/04\/Cartel-DIVINOS-TFM-2.jpg\" alt=\"Concierto de Casta\u00f1uelas DI VINOS\" width=\"1204\" height=\"1871\" srcset=\"https:\/\/teresalaiz.com\/web\/wp-content\/uploads\/2024\/04\/Cartel-DIVINOS-TFM-2.jpg 1204w, https:\/\/teresalaiz.com\/web\/wp-content\/uploads\/2024\/04\/Cartel-DIVINOS-TFM-2-193x300.jpg 193w, https:\/\/teresalaiz.com\/web\/wp-content\/uploads\/2024\/04\/Cartel-DIVINOS-TFM-2-659x1024.jpg 659w, https:\/\/teresalaiz.com\/web\/wp-content\/uploads\/2024\/04\/Cartel-DIVINOS-TFM-2-768x1193.jpg 768w, https:\/\/teresalaiz.com\/web\/wp-content\/uploads\/2024\/04\/Cartel-DIVINOS-TFM-2-988x1536.jpg 988w\" sizes=\"(max-width: 1204px) 100vw, 1204px\" \/><\/p>\n<p><a href=\"https:\/\/teresalaiz.teatroflamencomadrid.com\/\" target=\"_blank\" rel=\"noopener\"><img loading=\"lazy\" decoding=\"async\" class=\"aligncenter wp-image-1548 size-full\" src=\"https:\/\/teresalaiz.com\/web\/wp-content\/uploads\/2019\/11\/42493cfd690c8987d950aac8f53e8cfa.jpg\" alt=\"Bot\u00f3n entradas Concierto Navidad\" width=\"300\" height=\"125\" \/><\/a><\/p>\n<p>&nbsp;<\/p>\n<p><img loading=\"lazy\" decoding=\"async\" class=\"alignleft wp-image-3758 size-medium\" src=\"https:\/\/teresalaiz.com\/web\/wp-content\/uploads\/2024\/04\/Divinos-Logo-estrecho-blanco-castanuela-300x98.jpg\" alt=\"\" width=\"300\" height=\"98\" srcset=\"https:\/\/teresalaiz.com\/web\/wp-content\/uploads\/2024\/04\/Divinos-Logo-estrecho-blanco-castanuela-300x98.jpg 300w, https:\/\/teresalaiz.com\/web\/wp-content\/uploads\/2024\/04\/Divinos-Logo-estrecho-blanco-castanuela-1024x334.jpg 1024w, https:\/\/teresalaiz.com\/web\/wp-content\/uploads\/2024\/04\/Divinos-Logo-estrecho-blanco-castanuela-768x251.jpg 768w, https:\/\/teresalaiz.com\/web\/wp-content\/uploads\/2024\/04\/Divinos-Logo-estrecho-blanco-castanuela.jpg 1191w\" sizes=\"(max-width: 300px) 100vw, 300px\" \/><\/p>\n<p>&nbsp;<\/p>\n<p><strong><span style=\"color: #b55353;\">Marc Aurelio<\/span> \u2013 <span style=\"color: #d470a2;\">Maribel \u201cla Sultana\u201d<\/span> \u2013 <span style=\"color: #d18108;\">Teresa Laiz<\/span><\/strong><\/p>\n<p style=\"text-align: justify;\">Tres artistas, a los que el poso de los a\u00f1os ha engrandecido como les ocurre a los buenos vinos. Cada uno de ellos posee una personalidad \u00fanica muy bien definida. El cuerpo de Marc Aurelio y su amabilidad gustativa, el redondo car\u00e1cter floral de Maribel y el aroma afrutado y brillante de Teresa hacen de esta cata musical un verdadero deleite para los sentidos.<\/p>\n<p>&nbsp;<\/p>\n<p><img loading=\"lazy\" decoding=\"async\" class=\"alignleft wp-image-3759 size-medium\" src=\"https:\/\/teresalaiz.com\/web\/wp-content\/uploads\/2024\/04\/Divinos-Logo-estrecho-blanco-300x176.jpg\" alt=\"\" width=\"300\" height=\"176\" srcset=\"https:\/\/teresalaiz.com\/web\/wp-content\/uploads\/2024\/04\/Divinos-Logo-estrecho-blanco-300x176.jpg 300w, https:\/\/teresalaiz.com\/web\/wp-content\/uploads\/2024\/04\/Divinos-Logo-estrecho-blanco-1024x601.jpg 1024w, https:\/\/teresalaiz.com\/web\/wp-content\/uploads\/2024\/04\/Divinos-Logo-estrecho-blanco-768x451.jpg 768w, https:\/\/teresalaiz.com\/web\/wp-content\/uploads\/2024\/04\/Divinos-Logo-estrecho-blanco.jpg 1227w\" sizes=\"(max-width: 300px) 100vw, 300px\" \/><\/p>\n<p>&nbsp;<\/p>\n<p style=\"text-align: center;\"><strong><span style=\"font-size: 18pt; color: #993366;\">Por gentileza de Bodegas Maset\u00a0\u00a0\u00a0\u00a0\u00a0 <\/span><\/strong><img loading=\"lazy\" decoding=\"async\" class=\"wp-image-3779 alignnone\" src=\"https:\/\/teresalaiz.com\/web\/wp-content\/uploads\/2024\/04\/Logo-Maset-300x138.jpeg\" alt=\"\" width=\"144\" height=\"66\" srcset=\"https:\/\/teresalaiz.com\/web\/wp-content\/uploads\/2024\/04\/Logo-Maset-300x138.jpeg 300w, https:\/\/teresalaiz.com\/web\/wp-content\/uploads\/2024\/04\/Logo-Maset-1024x471.jpeg 1024w, https:\/\/teresalaiz.com\/web\/wp-content\/uploads\/2024\/04\/Logo-Maset-768x353.jpeg 768w, https:\/\/teresalaiz.com\/web\/wp-content\/uploads\/2024\/04\/Logo-Maset-1536x707.jpeg 1536w, https:\/\/teresalaiz.com\/web\/wp-content\/uploads\/2024\/04\/Logo-Maset.jpeg 1687w\" sizes=\"(max-width: 144px) 100vw, 144px\" \/><\/p>\n<p>&nbsp;<\/p>\n<p style=\"text-align: justify;\">Es una experiencia sensorial, en formato de Cata-Concierto, donde las casta\u00f1uelas como instrumento solista te sorprender\u00e1 y te llevar\u00e1 a disfrutar de la m\u00fasica y del vino como nunca hubieras imaginado.<\/p>\n<p style=\"text-align: justify;\">Otra forma de vivir como tomas un buen vino, un viaje sensitivo a trav\u00e9s de la m\u00fasica actual y las casta\u00f1uelas, perfecto maridaje para tus sentidos, directo al coraz\u00f3n!<\/p>\n<p style=\"text-align: justify;\"><em>Perlas de vino juegan conmigo y mi cari\u00f1o desvaneciendo la nostalgia en los senderos de la memoria. <\/em><br \/>\n<em>Y me devuelven a la vida, regal\u00e1ndome el sentido del presente, entre ecos del pasado, esperanzas y anhelados futuros.<\/em> &#8211; <strong>Marc Aurelio<\/strong><\/p>\n<p><em>El vino enamora,<\/em><br \/>\n<em>el vino canta<\/em><br \/>\n<em>el vino, r\u00ede y llora<\/em><br \/>\n<em>conmigo, el vino baila, baila, baila.<\/em> &#8211; <strong>Maribel \u201cLa Sultana\u201d<\/strong><\/p>\n<p><em>Ilusi\u00f3n renovada, el recreo de un reencuentro chispeante, entrelazando melod\u00edas que tocan el alma o brincan emociones mientras ellos saborean la vida.<\/em> &#8211; <strong>Teresa Laiz<\/strong><\/p>\n<h1 style=\"text-align: center;\"><span style=\"color: #993366;\"><strong>Estreno absoluto<\/strong><\/span><\/h1>\n<p style=\"text-align: center;\"><span style=\"color: #993366; font-size: 18pt;\"><strong><em><span style=\"text-decoration: underline;\">Domingo, 12 Mayo 2024, a las 13 h<\/span><br \/>\nTeatro Flamenco de Madrid<br \/>\n(C\/Pez, 10)<\/em><\/strong><\/span><\/p>\n<p style=\"text-align: center;\"><a href=\"https:\/\/teresalaiz.teatroflamencomadrid.com\/\" target=\"_blank\" rel=\"noopener\"><img loading=\"lazy\" decoding=\"async\" class=\"aligncenter wp-image-1548 size-full\" src=\"https:\/\/teresalaiz.com\/web\/wp-content\/uploads\/2019\/11\/42493cfd690c8987d950aac8f53e8cfa.jpg\" alt=\"Bot\u00f3n entradas Concierto Navidad\" width=\"300\" height=\"125\" \/><\/a><\/p>\n<figure id=\"attachment_2966\" aria-describedby=\"caption-attachment-2966\" style=\"width: 300px\" class=\"wp-caption aligncenter\"><a href=\"https:\/\/teresalaiz.com\/web\/wp-content\/uploads\/2024\/04\/Programa-de-mano-DIVINOS-TFM.pdf\" target=\"_blank\" rel=\"noopener\"><img loading=\"lazy\" decoding=\"async\" class=\"wp-image-2966 size-medium\" src=\"https:\/\/teresalaiz.com\/web\/wp-content\/uploads\/2022\/11\/Programa-de-mano-300x232.jpg\" alt=\"Concierto Navidad 2022\" width=\"300\" height=\"232\" srcset=\"https:\/\/teresalaiz.com\/web\/wp-content\/uploads\/2022\/11\/Programa-de-mano-300x232.jpg 300w, https:\/\/teresalaiz.com\/web\/wp-content\/uploads\/2022\/11\/Programa-de-mano-768x594.jpg 768w, https:\/\/teresalaiz.com\/web\/wp-content\/uploads\/2022\/11\/Programa-de-mano.jpg 1000w\" sizes=\"(max-width: 300px) 100vw, 300px\" \/><\/a><figcaption id=\"caption-attachment-2966\" class=\"wp-caption-text\"><span style=\"font-size: 14pt;\"><strong><span style=\"color: #000000;\">Programa de Mano<\/span><\/strong><\/span><\/figcaption><\/figure>\n<hr \/>\n<h3 style=\"text-align: center;\"><strong>Concierto Extraordinario Bicentenario del Estreno de la 9\u00aa de Beethoven,<br \/>\ncon su estreno mundial en castellano de<\/strong><\/h3>\n<h1 style=\"text-align: center;\"><strong><em>Cuatro Canciones Espa\u00f1olas<\/em><\/strong><em>, WoO. 158\/1<br \/>\nTeresa Laiz (Casta\u00f1uelas)<\/em><\/h1>\n<p style=\"text-align: center;\"><span style=\"font-size: 18pt;\"><em><strong>S\u00e1bado, 4 de Mayo 2024, a las 19:30 h<\/strong><\/em><\/span><br \/>\n<strong><span style=\"font-size: 18pt;\">Auditorio Nacional de M\u00fasica &#8211; Madrid &#8211;<\/span><br \/>\n<\/strong><\/p>\n<p style=\"text-align: center;\"><strong>M\u00e1s de cuatrocientos int\u00e9rpretes dar\u00e1n vida a la genial obra del \u2018sordo de Bonn\u2019, en una colosal versi\u00f3n, por primera vez en castellano. El estreno sinf\u00f3nico de las <em>Cuatro Canciones Espa\u00f1olas<\/em>, escritas por el propio Beethoven en espa\u00f1ol, completar\u00e1 un programa \u00fanico e irrepetible.<\/strong><\/p>\n<p style=\"text-align: center;\"><strong>Ernesto Monsalve (director) * Rebeca Cardiel (soprano) * Beatriz Gimeno (alto) * Alain Damas (tenor) * Luis Santana (bar\u00edtono) * Teresa Laiz (casta\u00f1uelas) * Ballet \u00abBailarte\u00bb * Coro Filarmon\u00eda, Orfe\u00f3n Complutense y Coros de Castilla y Le\u00f3n * Joven Orquesta Sinf\u00f3nica de Valladolid * Versi\u00f3n de Ernesto Monsalve y Carlos Aganzo. <\/strong><em><br \/>\n<img loading=\"lazy\" decoding=\"async\" class=\"wp-image-3713 size-large aligncenter\" src=\"https:\/\/teresalaiz.com\/web\/wp-content\/uploads\/2024\/02\/423327496_777182107761449_6729966118681106798_n-724x1024.jpg\" alt=\"\" width=\"720\" height=\"1018\" srcset=\"https:\/\/teresalaiz.com\/web\/wp-content\/uploads\/2024\/02\/423327496_777182107761449_6729966118681106798_n-724x1024.jpg 724w, https:\/\/teresalaiz.com\/web\/wp-content\/uploads\/2024\/02\/423327496_777182107761449_6729966118681106798_n-212x300.jpg 212w, https:\/\/teresalaiz.com\/web\/wp-content\/uploads\/2024\/02\/423327496_777182107761449_6729966118681106798_n-768x1086.jpg 768w, https:\/\/teresalaiz.com\/web\/wp-content\/uploads\/2024\/02\/423327496_777182107761449_6729966118681106798_n-1086x1536.jpg 1086w, https:\/\/teresalaiz.com\/web\/wp-content\/uploads\/2024\/02\/423327496_777182107761449_6729966118681106798_n.jpg 1131w\" sizes=\"(max-width: 720px) 100vw, 720px\" \/><\/em><\/p>\n<p style=\"text-align: center;\"><em><a href=\"https:\/\/checkoutentradas2.elcorteingles.es\/elcorteingles\/es_ES\/entradas\/evento\/34714\/session\/1992005\/select?viewCode=Vista_Principal\" target=\"_blank\" rel=\"noopener\"><img loading=\"lazy\" decoding=\"async\" class=\"aligncenter wp-image-1548 size-full\" src=\"https:\/\/teresalaiz.com\/web\/wp-content\/uploads\/2019\/11\/42493cfd690c8987d950aac8f53e8cfa.jpg\" alt=\"Bot\u00f3n entradas Concierto Navidad\" width=\"300\" height=\"125\" \/><\/a><\/em><\/p>\n<hr \/>\n<h1 style=\"text-align: center;\"><strong>Concierto de Guitarra y Casta\u00f1uelas<\/strong><\/h1>\n<h2 style=\"text-align: center;\"><strong>Antonio Reyes &amp; Teresa Laiz<\/strong><\/h2>\n<h3 style=\"text-align: center;\"><strong>\u00abCl\u00e1sicos y Flamencos\u00bb<\/strong><\/h3>\n<h4 style=\"text-align: center;\"><strong><u>Domingo, 21 de Abril 2024, a las 13.00 h<\/u><\/strong><\/h4>\n<h4 style=\"text-align: center;\"><strong>Teatro Flamenco de Madrid &#8211; C\/Pez, 10.<\/strong><\/h4>\n<p><img loading=\"lazy\" decoding=\"async\" class=\"alignnone size-full wp-image-3724\" src=\"https:\/\/teresalaiz.com\/web\/wp-content\/uploads\/2024\/02\/Concierto-Antonio-Reyes-y-Teresa-Laiz-scaled.jpg\" alt=\"Concierto de Guitarra y Casta\u00f1uelas\" width=\"2560\" height=\"916\" srcset=\"https:\/\/teresalaiz.com\/web\/wp-content\/uploads\/2024\/02\/Concierto-Antonio-Reyes-y-Teresa-Laiz-scaled.jpg 2560w, https:\/\/teresalaiz.com\/web\/wp-content\/uploads\/2024\/02\/Concierto-Antonio-Reyes-y-Teresa-Laiz-300x107.jpg 300w, https:\/\/teresalaiz.com\/web\/wp-content\/uploads\/2024\/02\/Concierto-Antonio-Reyes-y-Teresa-Laiz-1024x366.jpg 1024w, https:\/\/teresalaiz.com\/web\/wp-content\/uploads\/2024\/02\/Concierto-Antonio-Reyes-y-Teresa-Laiz-768x275.jpg 768w, https:\/\/teresalaiz.com\/web\/wp-content\/uploads\/2024\/02\/Concierto-Antonio-Reyes-y-Teresa-Laiz-1536x550.jpg 1536w, https:\/\/teresalaiz.com\/web\/wp-content\/uploads\/2024\/02\/Concierto-Antonio-Reyes-y-Teresa-Laiz-2048x733.jpg 2048w\" sizes=\"(max-width: 2560px) 100vw, 2560px\" \/><\/p>\n<p>Dos solistas de los instrumentos m\u00e1s representativos en nuestro pa\u00eds, se unen para hacer un recorrido por la Historia la M\u00fasica desde un prisma innovador y con un sello muy personal.<\/p>\n<p>Teresa Laiz (Casta\u00f1uelas) y Antonio Reyes (Guitarra) forman un d\u00fao de alto nivel t\u00e9cnico y calidad art\u00edstica con un repertorio muy ecl\u00e9ctico en donde hay momentos para cada uno y c\u00f3mplices di\u00e1logos de ambos.<\/p>\n<p>Desde el Cl\u00e1sico al Flamenco, pasando por la M\u00fasica Cl\u00e1sica y Popular espa\u00f1ola, <em>Cl\u00e1sicos y Flamencos<\/em> es un concierto lleno de emoci\u00f3n y expresividad, un concierto realmente bonito.<\/p>\n<p><a href=\"https:\/\/teresalaiz.teatroflamencomadrid.com\/\" target=\"_blank\" rel=\"noopener\"><img loading=\"lazy\" decoding=\"async\" class=\"aligncenter wp-image-1548 size-full\" src=\"https:\/\/teresalaiz.com\/web\/wp-content\/uploads\/2019\/11\/42493cfd690c8987d950aac8f53e8cfa.jpg\" alt=\"Bot\u00f3n entradas Concierto Navidad\" width=\"300\" height=\"125\" \/><\/a><\/p>\n<p style=\"text-align: center;\"><a href=\"https:\/\/teresalaiz.com\/web\/wp-content\/uploads\/2024\/02\/c8c137195df08e6add14f7914e8647d5.pdf\" target=\"_blank\" rel=\"noopener\"><img loading=\"lazy\" decoding=\"async\" class=\"aligncenter wp-image-2966 size-medium\" src=\"https:\/\/teresalaiz.com\/web\/wp-content\/uploads\/2022\/11\/Programa-de-mano-300x232.jpg\" alt=\"Concierto Navidad 2022\" width=\"300\" height=\"232\" srcset=\"https:\/\/teresalaiz.com\/web\/wp-content\/uploads\/2022\/11\/Programa-de-mano-300x232.jpg 300w, https:\/\/teresalaiz.com\/web\/wp-content\/uploads\/2022\/11\/Programa-de-mano-768x594.jpg 768w, https:\/\/teresalaiz.com\/web\/wp-content\/uploads\/2022\/11\/Programa-de-mano.jpg 1000w\" sizes=\"(max-width: 300px) 100vw, 300px\" \/><\/a><strong>Programa de Mano<\/strong><\/p>\n<hr \/>\n<h3 style=\"text-align: center;\"><strong>Concierto Extraordinario Bicentenario del Estreno de la 9\u00aa de Beethoven,<br \/>\ncon su estreno mundial en castellano de<\/strong><\/h3>\n<h1 style=\"text-align: center;\"><strong><em>Cuatro Canciones Espa\u00f1olas<\/em><\/strong><em>, WoO. 158\/1<br \/>\nTeresa Laiz (Casta\u00f1uelas)<\/em><\/h1>\n<p style=\"text-align: center;\"><em><strong><span style=\"font-size: 18pt;\">Domingo, 14 de Abril 2024, a las 18 h<\/span><\/strong><\/em><br \/>\n<span style=\"font-size: 18pt;\"><strong>Auditorio Miguel Delibes de Valladolid<\/strong><\/span><\/p>\n<p style=\"text-align: center;\"><strong>M\u00e1s de cuatrocientos int\u00e9rpretes dar\u00e1n vida a la genial obra del \u2018sordo de Bonn\u2019, en una colosal versi\u00f3n, por primera vez en castellano. El estreno sinf\u00f3nico de las <em>Cuatro Canciones Espa\u00f1olas<\/em>, escritas por el propio Beethoven en espa\u00f1ol, completar\u00e1 un programa \u00fanico e irrepetible.<\/strong><\/p>\n<p style=\"text-align: center;\"><strong>Ernesto Monsalve (director) * Rebeca Cardiel (soprano) * Beatriz Gimeno (alto) * Alain Damas (tenor) * Luis Santana (bar\u00edtono) * Teresa Laiz (casta\u00f1uelas) * Ballet \u00abBailarte\u00bb * Coro Filarmon\u00eda, Orfe\u00f3n Complutense y Coros de Castilla y Le\u00f3n * Joven Orquesta Sinf\u00f3nica de Valladolid * Versi\u00f3n de Ernesto Monsalve y Carlos Aganzo. <\/strong><em>\u00a0<\/em><\/p>\n<p><img loading=\"lazy\" decoding=\"async\" class=\"aligncenter wp-image-3714 size-large\" src=\"https:\/\/teresalaiz.com\/web\/wp-content\/uploads\/2024\/02\/Cartel-Beethoven-Valladolid-819x1024.jpg\" alt=\"\" width=\"720\" height=\"900\" srcset=\"https:\/\/teresalaiz.com\/web\/wp-content\/uploads\/2024\/02\/Cartel-Beethoven-Valladolid-819x1024.jpg 819w, https:\/\/teresalaiz.com\/web\/wp-content\/uploads\/2024\/02\/Cartel-Beethoven-Valladolid-240x300.jpg 240w, https:\/\/teresalaiz.com\/web\/wp-content\/uploads\/2024\/02\/Cartel-Beethoven-Valladolid-768x960.jpg 768w, https:\/\/teresalaiz.com\/web\/wp-content\/uploads\/2024\/02\/Cartel-Beethoven-Valladolid-1228x1536.jpg 1228w, https:\/\/teresalaiz.com\/web\/wp-content\/uploads\/2024\/02\/Cartel-Beethoven-Valladolid.jpg 1406w\" sizes=\"(max-width: 720px) 100vw, 720px\" \/><\/p>\n<p style=\"text-align: center;\"><a href=\"https:\/\/es.patronbase.com\/_CCMiguelDelibes\/Sections\/Choose?prod_id=P290&amp;perf_id=1&amp;submit=Continuar\" target=\"_blank\" rel=\"noopener\"><img loading=\"lazy\" decoding=\"async\" class=\"aligncenter wp-image-1548 size-full\" src=\"https:\/\/teresalaiz.com\/web\/wp-content\/uploads\/2019\/11\/42493cfd690c8987d950aac8f53e8cfa.jpg\" alt=\"Bot\u00f3n entradas Concierto Navidad\" width=\"300\" height=\"125\" \/><\/a><\/p>\n<hr \/>\n<h1 style=\"text-align: center;\">Concierto Solidario<\/h1>\n<p style=\"text-align: center;\">A favor de (<a href=\"https:\/\/www.foaps.es\/\" target=\"_blank\" rel=\"noopener\"><acronym title=\"Fundaci\u00f3n Once para la Atenci\u00f3n de Personas con Sordoceguera\">FOAPS<\/acronym><\/a>)<br \/>\n<strong>Fundaci\u00f3n Once para la Atenci\u00f3n de Personas con Sordoceguera<\/strong><\/p>\n<h1 style=\"text-align: center;\"><span style=\"font-family: book antiqua, palatino, serif;\">\u00abSentidos\u00bb<\/span><\/h1>\n<p style=\"text-align: center;\"><a href=\"https:\/\/www.grupomarquina.es\/espectaculos\/concierto-benefico-once--teatro-madrid\" target=\"_blank\" rel=\"noopener\"><img loading=\"lazy\" decoding=\"async\" class=\"aligncenter wp-image-3742 size-large\" src=\"https:\/\/teresalaiz.com\/web\/wp-content\/uploads\/2024\/03\/Cartel-concierto-castanuelas-FOAPS-color-715x1024.jpg\" alt=\"Concierto Solidario Senti2\" width=\"715\" height=\"1024\" srcset=\"https:\/\/teresalaiz.com\/web\/wp-content\/uploads\/2024\/03\/Cartel-concierto-castanuelas-FOAPS-color-715x1024.jpg 715w, https:\/\/teresalaiz.com\/web\/wp-content\/uploads\/2024\/03\/Cartel-concierto-castanuelas-FOAPS-color-209x300.jpg 209w, https:\/\/teresalaiz.com\/web\/wp-content\/uploads\/2024\/03\/Cartel-concierto-castanuelas-FOAPS-color-768x1100.jpg 768w, https:\/\/teresalaiz.com\/web\/wp-content\/uploads\/2024\/03\/Cartel-concierto-castanuelas-FOAPS-color-1072x1536.jpg 1072w, https:\/\/teresalaiz.com\/web\/wp-content\/uploads\/2024\/03\/Cartel-concierto-castanuelas-FOAPS-color-1429x2048.jpg 1429w, https:\/\/teresalaiz.com\/web\/wp-content\/uploads\/2024\/03\/Cartel-concierto-castanuelas-FOAPS-color-scaled.jpg 1787w\" sizes=\"(max-width: 715px) 100vw, 715px\" \/><\/a><\/p>\n<p style=\"text-align: center;\"><strong>Marta Casas (Soprano) y Teresa Laiz (Casta\u00f1uelas)<\/strong><\/p>\n<p style=\"text-align: center;\"><strong><span style=\"font-size: 18pt;\"><em>8 Abril 2024, a las 20 h<\/em> <\/span><\/strong><\/p>\n<p style=\"text-align: center;\">TEATRO MARQUINA \u2013 MADRID \u2013<br \/>\nC\/Prim, 11<\/p>\n<p style=\"text-align: center;\"><a href=\"https:\/\/www.grupomarquina.es\/espectaculos\/concierto-benefico-once--teatro-madrid\" target=\"_blank\" rel=\"noopener\"><img loading=\"lazy\" decoding=\"async\" class=\"aligncenter wp-image-1548 size-full\" src=\"https:\/\/teresalaiz.com\/web\/wp-content\/uploads\/2019\/11\/42493cfd690c8987d950aac8f53e8cfa.jpg\" alt=\"Bot\u00f3n entradas \" width=\"300\" height=\"125\" \/><\/a><\/p>\n<p style=\"text-align: center;\">\u00a0\u00a0\u00a0\u00a0\u00a0\u00a0\u00a0\u00a0\u00a0\u00a0\u00a0\u00a0\u00a0\u00a0\u00a0\u00a0\u00a0\u00a0\u00a0\u00a0\u00a0\u00a0\u00a0\u00a0\u00a0\u00a0\u00a0\u00a0\u00a0\u00a0\u00a0\u00a0<a href=\"https:\/\/teresalaiz.com\/web\/wp-content\/uploads\/2024\/02\/PROGRAMA-DE-MANO-Sentidos-Teatro-Marquina.pdf\" target=\"_blank\" rel=\"noopener\"><img loading=\"lazy\" decoding=\"async\" class=\"aligncenter wp-image-2966 size-medium\" src=\"https:\/\/teresalaiz.com\/web\/wp-content\/uploads\/2022\/11\/Programa-de-mano-300x232.jpg\" alt=\"Concierto Navidad 2022\" width=\"300\" height=\"232\" srcset=\"https:\/\/teresalaiz.com\/web\/wp-content\/uploads\/2022\/11\/Programa-de-mano-300x232.jpg 300w, https:\/\/teresalaiz.com\/web\/wp-content\/uploads\/2022\/11\/Programa-de-mano-768x594.jpg 768w, https:\/\/teresalaiz.com\/web\/wp-content\/uploads\/2022\/11\/Programa-de-mano.jpg 1000w\" sizes=\"(max-width: 300px) 100vw, 300px\" \/><\/a><\/p>\n<hr \/>\n<h1 style=\"text-align: center;\"><span style=\"font-family: impact, sans-serif;\">\u00abCar\u00e1cter Espa\u00f1ol\u00bb<\/span><\/h1>\n<p style=\"text-align: center;\">Es un concierto con car\u00e1cter y espa\u00f1ol, y de car\u00e1cter espa\u00f1ol. Lo m\u00e1s t\u00edpico de nuestra m\u00fasica junto a lo m\u00e1s inesperado se hacen cabida en este encuentro musical de diferentes culturas, tiempos y estilos, cuya intersecci\u00f3n inspira un rico sabor espa\u00f1ol.<br \/>\nUna amalgama que te conmover\u00e1, te har\u00e1 vibrar, sentir y sobre todo disfrutar.<\/p>\n<p style=\"text-align: center;\"><strong>Compa\u00f1\u00eda espa\u00f1ola de CANTO Y PALILLOS&#8230;<\/strong><\/p>\n<p style=\"text-align: center;\">La Soprano <strong>Marta Casas<\/strong> y la Concertista de Casta\u00f1uelas <strong>Teresa Laiz<\/strong> son la piedra angular de este proyecto, en el que se destila la esencia espa\u00f1ola tan rica por su gran diversidad.<\/p>\n<p>La voz y las casta\u00f1uelas, que unas veces act\u00faan como elemento de acompa\u00f1amiento y otras como instrumento solista tan desconocido en esta faceta para la gran mayor\u00eda, recorren la geograf\u00eda de nuestro pa\u00eds, as\u00ed como las diferentes etapas de nuestra Historia, a trav\u00e9s de fragmentos de m\u00fasica cl\u00e1sica, zarzuela, copla o canciones populares.<\/p>\n<p style=\"text-align: center;\">Este elenco de artistas no s\u00f3lo son lo que parecen, sino tambi\u00e9n \u2026 mucho m\u00e1s.<\/p>\n<p><a href=\"https:\/\/conciertos.teatroflamencomadrid.com\/?c=j\" target=\"_blank\" rel=\"noopener\"><img loading=\"lazy\" decoding=\"async\" class=\"aligncenter wp-image-3693 size-full\" src=\"https:\/\/teresalaiz.com\/web\/wp-content\/uploads\/2024\/02\/Cartel-TFM-Caracter-Espanol-scaled.jpg\" alt=\"Concierto de Voz l\u00edrica y Casta\u00f1uelas\" width=\"2560\" height=\"1338\" srcset=\"https:\/\/teresalaiz.com\/web\/wp-content\/uploads\/2024\/02\/Cartel-TFM-Caracter-Espanol-scaled.jpg 2560w, https:\/\/teresalaiz.com\/web\/wp-content\/uploads\/2024\/02\/Cartel-TFM-Caracter-Espanol-300x157.jpg 300w, https:\/\/teresalaiz.com\/web\/wp-content\/uploads\/2024\/02\/Cartel-TFM-Caracter-Espanol-1024x535.jpg 1024w, https:\/\/teresalaiz.com\/web\/wp-content\/uploads\/2024\/02\/Cartel-TFM-Caracter-Espanol-768x402.jpg 768w, https:\/\/teresalaiz.com\/web\/wp-content\/uploads\/2024\/02\/Cartel-TFM-Caracter-Espanol-1536x803.jpg 1536w, https:\/\/teresalaiz.com\/web\/wp-content\/uploads\/2024\/02\/Cartel-TFM-Caracter-Espanol-2048x1071.jpg 2048w\" sizes=\"(max-width: 2560px) 100vw, 2560px\" \/><\/a><\/p>\n<p style=\"text-align: center;\"><span style=\"font-size: 18pt;\"><strong><em>Domingo, 17 Marzo 2024, a las 13 h<\/em><\/strong><\/span><\/p>\n<p style=\"text-align: center;\"><strong>Teatro Flamenco de Madrid<\/strong><br \/>\nC\/Pez, 10<\/p>\n<p style=\"text-align: center;\"><a href=\"https:\/\/conciertos.teatroflamencomadrid.com\/?c=j\" target=\"_blank\" rel=\"noopener\"><img loading=\"lazy\" decoding=\"async\" class=\"aligncenter wp-image-1548 size-full\" src=\"https:\/\/teresalaiz.com\/web\/wp-content\/uploads\/2019\/11\/42493cfd690c8987d950aac8f53e8cfa.jpg\" alt=\"Bot\u00f3n entradas Concierto Navidad\" width=\"300\" height=\"125\" \/><\/a><\/p>\n<figure id=\"attachment_2966\" aria-describedby=\"caption-attachment-2966\" style=\"width: 300px\" class=\"wp-caption aligncenter\"><a href=\"https:\/\/teresalaiz.com\/web\/wp-content\/uploads\/2024\/02\/Programa-de-mano-TFM-17-Marzo-2024.pdf\" target=\"_blank\" rel=\"noopener\"><img loading=\"lazy\" decoding=\"async\" class=\"wp-image-2966 size-medium\" src=\"https:\/\/teresalaiz.com\/web\/wp-content\/uploads\/2022\/11\/Programa-de-mano-300x232.jpg\" alt=\"Concierto Navidad 2022\" width=\"300\" height=\"232\" srcset=\"https:\/\/teresalaiz.com\/web\/wp-content\/uploads\/2022\/11\/Programa-de-mano-300x232.jpg 300w, https:\/\/teresalaiz.com\/web\/wp-content\/uploads\/2022\/11\/Programa-de-mano-768x594.jpg 768w, https:\/\/teresalaiz.com\/web\/wp-content\/uploads\/2022\/11\/Programa-de-mano.jpg 1000w\" sizes=\"(max-width: 300px) 100vw, 300px\" \/><\/a><figcaption id=\"caption-attachment-2966\" class=\"wp-caption-text\"><span style=\"font-size: 14pt;\"><strong>Programa de Mano<\/strong><\/span><\/figcaption><\/figure>\n<hr \/>\n<h1><img loading=\"lazy\" decoding=\"async\" class=\"aligncenter wp-image-3690 size-large\" src=\"https:\/\/teresalaiz.com\/web\/wp-content\/uploads\/2024\/02\/Cartel-Coro-de-Castanuelas-de-Madrid-2Mb-724x1024.jpg\" alt=\"Concierto de Casta\u00f1uelas en Casa de Vacas\" width=\"720\" height=\"1018\" srcset=\"https:\/\/teresalaiz.com\/web\/wp-content\/uploads\/2024\/02\/Cartel-Coro-de-Castanuelas-de-Madrid-2Mb-724x1024.jpg 724w, https:\/\/teresalaiz.com\/web\/wp-content\/uploads\/2024\/02\/Cartel-Coro-de-Castanuelas-de-Madrid-2Mb-212x300.jpg 212w, https:\/\/teresalaiz.com\/web\/wp-content\/uploads\/2024\/02\/Cartel-Coro-de-Castanuelas-de-Madrid-2Mb-768x1086.jpg 768w, https:\/\/teresalaiz.com\/web\/wp-content\/uploads\/2024\/02\/Cartel-Coro-de-Castanuelas-de-Madrid-2Mb-1086x1536.jpg 1086w, https:\/\/teresalaiz.com\/web\/wp-content\/uploads\/2024\/02\/Cartel-Coro-de-Castanuelas-de-Madrid-2Mb-1448x2048.jpg 1448w, https:\/\/teresalaiz.com\/web\/wp-content\/uploads\/2024\/02\/Cartel-Coro-de-Castanuelas-de-Madrid-2Mb-scaled.jpg 1810w\" sizes=\"(max-width: 720px) 100vw, 720px\" \/><\/h1>\n<figure id=\"attachment_2966\" aria-describedby=\"caption-attachment-2966\" style=\"width: 300px\" class=\"wp-caption aligncenter\"><a href=\"https:\/\/teresalaiz.com\/web\/wp-content\/uploads\/2024\/02\/Programa-de-mano-Concierto-de-Castanuelas-Casa-de-Vacas.pdf\" target=\"_blank\" rel=\"noopener\"><img loading=\"lazy\" decoding=\"async\" class=\"wp-image-2966 size-medium\" src=\"https:\/\/teresalaiz.com\/web\/wp-content\/uploads\/2022\/11\/Programa-de-mano-300x232.jpg\" alt=\"Concierto Navidad 2022\" width=\"300\" height=\"232\" srcset=\"https:\/\/teresalaiz.com\/web\/wp-content\/uploads\/2022\/11\/Programa-de-mano-300x232.jpg 300w, https:\/\/teresalaiz.com\/web\/wp-content\/uploads\/2022\/11\/Programa-de-mano-768x594.jpg 768w, https:\/\/teresalaiz.com\/web\/wp-content\/uploads\/2022\/11\/Programa-de-mano.jpg 1000w\" sizes=\"(max-width: 300px) 100vw, 300px\" \/><\/a><figcaption id=\"caption-attachment-2966\" class=\"wp-caption-text\"><span style=\"font-size: 14pt;\"><strong>Programa de Mano<\/strong><\/span><\/figcaption><\/figure>\n<hr \/>\n<p><img loading=\"lazy\" decoding=\"async\" class=\"wp-image-3498 size-large aligncenter\" src=\"https:\/\/teresalaiz.com\/web\/wp-content\/uploads\/2023\/12\/Cartel-Grandes-Figuras-2024-2-MB-683x1024.jpg\" alt=\"Gala Grandes Figuras de la Casta\u00f1uela - X FIC\" width=\"683\" height=\"1024\" srcset=\"https:\/\/teresalaiz.com\/web\/wp-content\/uploads\/2023\/12\/Cartel-Grandes-Figuras-2024-2-MB-683x1024.jpg 683w, https:\/\/teresalaiz.com\/web\/wp-content\/uploads\/2023\/12\/Cartel-Grandes-Figuras-2024-2-MB-200x300.jpg 200w, https:\/\/teresalaiz.com\/web\/wp-content\/uploads\/2023\/12\/Cartel-Grandes-Figuras-2024-2-MB-768x1152.jpg 768w, https:\/\/teresalaiz.com\/web\/wp-content\/uploads\/2023\/12\/Cartel-Grandes-Figuras-2024-2-MB-1024x1536.jpg 1024w, https:\/\/teresalaiz.com\/web\/wp-content\/uploads\/2023\/12\/Cartel-Grandes-Figuras-2024-2-MB-1365x2048.jpg 1365w, https:\/\/teresalaiz.com\/web\/wp-content\/uploads\/2023\/12\/Cartel-Grandes-Figuras-2024-2-MB.jpg 1550w\" sizes=\"(max-width: 683px) 100vw, 683px\" \/><\/p>\n<figure id=\"attachment_2966\" aria-describedby=\"caption-attachment-2966\" style=\"width: 300px\" class=\"wp-caption aligncenter\"><a href=\"https:\/\/teresalaiz.com\/web\/wp-content\/uploads\/2024\/02\/Programa-mano-Gala-Grandes-Figuras.pdf\" target=\"_blank\" rel=\"noopener\"><img loading=\"lazy\" decoding=\"async\" class=\"wp-image-2966 size-medium\" src=\"https:\/\/teresalaiz.com\/web\/wp-content\/uploads\/2022\/11\/Programa-de-mano-300x232.jpg\" alt=\"Concierto Navidad 2022\" width=\"300\" height=\"232\" srcset=\"https:\/\/teresalaiz.com\/web\/wp-content\/uploads\/2022\/11\/Programa-de-mano-300x232.jpg 300w, https:\/\/teresalaiz.com\/web\/wp-content\/uploads\/2022\/11\/Programa-de-mano-768x594.jpg 768w, https:\/\/teresalaiz.com\/web\/wp-content\/uploads\/2022\/11\/Programa-de-mano.jpg 1000w\" sizes=\"(max-width: 300px) 100vw, 300px\" \/><\/a><figcaption id=\"caption-attachment-2966\" class=\"wp-caption-text\"><span style=\"font-size: 14pt;\"><strong>Programa de Mano<\/strong><\/span><\/figcaption><\/figure>\n<hr \/>\n<h1 style=\"text-align: center;\"><strong>Concierto de Casta\u00f1uelas<\/strong><\/h1>\n<h3 style=\"text-align: center;\"><strong>\u201cSiente la Navidad\u201d\u00a0 <\/strong><\/h3>\n<p style=\"text-align: center;\"><strong><u>Jueves, 21 de Diciembre 2023, a las 20 h<\/u><\/strong><\/p>\n<p style=\"text-align: center;\">Iglesia de San Ildefonso de Madrid<\/p>\n<p style=\"text-align: center;\"><img loading=\"lazy\" decoding=\"async\" class=\"aligncenter wp-image-3477 size-large\" src=\"https:\/\/teresalaiz.com\/web\/wp-content\/uploads\/2023\/12\/Concierto-de-Navidad-Escuela-de-Castanuelas-Teresa-web-768x1024.jpg\" alt=\"Iglesia de San Ildefonso - Teresa Laiz\" width=\"720\" height=\"960\" srcset=\"https:\/\/teresalaiz.com\/web\/wp-content\/uploads\/2023\/12\/Concierto-de-Navidad-Escuela-de-Castanuelas-Teresa-web-768x1024.jpg 768w, https:\/\/teresalaiz.com\/web\/wp-content\/uploads\/2023\/12\/Concierto-de-Navidad-Escuela-de-Castanuelas-Teresa-web-225x300.jpg 225w, https:\/\/teresalaiz.com\/web\/wp-content\/uploads\/2023\/12\/Concierto-de-Navidad-Escuela-de-Castanuelas-Teresa-web-1152x1536.jpg 1152w, https:\/\/teresalaiz.com\/web\/wp-content\/uploads\/2023\/12\/Concierto-de-Navidad-Escuela-de-Castanuelas-Teresa-web.jpg 1500w\" sizes=\"(max-width: 720px) 100vw, 720px\" \/><br \/>\n<strong>Entrada Libre<\/strong><\/p>\n<figure id=\"attachment_2966\" aria-describedby=\"caption-attachment-2966\" style=\"width: 300px\" class=\"wp-caption aligncenter\"><a href=\"https:\/\/teresalaiz.com\/web\/wp-content\/uploads\/2023\/12\/Programa-de-mano-Siente-la-Navidad-2023.pdf\" target=\"_blank\" rel=\"noopener\"><img loading=\"lazy\" decoding=\"async\" class=\"wp-image-2966 size-medium\" src=\"https:\/\/teresalaiz.com\/web\/wp-content\/uploads\/2022\/11\/Programa-de-mano-300x232.jpg\" alt=\"Concierto Navidad 2022\" width=\"300\" height=\"232\" srcset=\"https:\/\/teresalaiz.com\/web\/wp-content\/uploads\/2022\/11\/Programa-de-mano-300x232.jpg 300w, https:\/\/teresalaiz.com\/web\/wp-content\/uploads\/2022\/11\/Programa-de-mano-768x594.jpg 768w, https:\/\/teresalaiz.com\/web\/wp-content\/uploads\/2022\/11\/Programa-de-mano.jpg 1000w\" sizes=\"(max-width: 300px) 100vw, 300px\" \/><\/a><figcaption id=\"caption-attachment-2966\" class=\"wp-caption-text\"><span style=\"font-size: 14pt;\"><strong>Programa de mano<\/strong><\/span><\/figcaption><\/figure>\n<hr \/>\n<h1 style=\"text-align: center;\"><strong>Concierto de Voz y <\/strong><strong>Casta\u00f1uelas<\/strong><\/h1>\n<h3 style=\"text-align: center;\"><strong>Compa\u00f1\u00eda Espa\u00f1ola de canto y palillos<\/strong><\/h3>\n<p style=\"text-align: center;\"><strong>Marta Casas (Soprano) y Teresa Laiz (Casta\u00f1uelas)<br \/>\n<\/strong><\/p>\n<h3 style=\"text-align: center;\"><strong>XV Jornadas m\u00fasica y Patrimonio<br \/>\n<\/strong><\/h3>\n<p style=\"text-align: center;\"><strong>Iglesia de San Sebasti\u00e1n<br \/>\nToledo<\/strong><\/p>\n<p style=\"text-align: center;\"><strong><u>Domingo, 19 Noviembre 2023, a las 12 h<\/u><\/strong><\/p>\n<p><img loading=\"lazy\" decoding=\"async\" class=\"aligncenter wp-image-3454 size-large\" src=\"https:\/\/teresalaiz.com\/web\/wp-content\/uploads\/2023\/10\/Cartel-Toledo-730x1024.jpg\" alt=\"Teresa Laiz y Marta Casas, Compa\u00f1\u00eda Espa\u00f1ola de Canto y Palillos\" width=\"720\" height=\"1010\" srcset=\"https:\/\/teresalaiz.com\/web\/wp-content\/uploads\/2023\/10\/Cartel-Toledo-730x1024.jpg 730w, https:\/\/teresalaiz.com\/web\/wp-content\/uploads\/2023\/10\/Cartel-Toledo-214x300.jpg 214w, https:\/\/teresalaiz.com\/web\/wp-content\/uploads\/2023\/10\/Cartel-Toledo-768x1077.jpg 768w, https:\/\/teresalaiz.com\/web\/wp-content\/uploads\/2023\/10\/Cartel-Toledo.jpg 809w\" sizes=\"(max-width: 720px) 100vw, 720px\" \/><\/p>\n<p style=\"text-align: center;\"><strong>Entrada Libre<\/strong><\/p>\n<p style=\"text-align: center;\"><a href=\"https:\/\/teresalaiz.com\/web\/wp-content\/uploads\/2023\/10\/Programa-Toledo.pdf\" target=\"_blank\" rel=\"noopener\"><img loading=\"lazy\" decoding=\"async\" class=\"aligncenter wp-image-2966 size-medium\" src=\"https:\/\/teresalaiz.com\/web\/wp-content\/uploads\/2022\/11\/Programa-de-mano-300x232.jpg\" alt=\"Concierto Navidad 2022\" width=\"300\" height=\"232\" srcset=\"https:\/\/teresalaiz.com\/web\/wp-content\/uploads\/2022\/11\/Programa-de-mano-300x232.jpg 300w, https:\/\/teresalaiz.com\/web\/wp-content\/uploads\/2022\/11\/Programa-de-mano-768x594.jpg 768w, https:\/\/teresalaiz.com\/web\/wp-content\/uploads\/2022\/11\/Programa-de-mano.jpg 1000w\" sizes=\"(max-width: 300px) 100vw, 300px\" \/><\/a><strong>Programa de Mano<\/strong><\/p>\n<hr \/>\n<h1 style=\"text-align: center;\"><strong>Concierto de Casta\u00f1uelas<\/strong><\/h1>\n<h3 style=\"text-align: center;\"><strong>Coro de Casta\u00f1uelas de Madrid<\/strong><\/h3>\n<p style=\"text-align: center;\"><strong>Real Monasterio de Santa Mar\u00eda de El Paular<br \/>\n<\/strong><strong>Rascafr\u00eda (Madrid)<\/strong><\/p>\n<p style=\"text-align: center;\"><strong><u>S\u00e1bado, 11 Noviembre 2023, a las 13 h<\/u><\/strong><\/p>\n<p style=\"text-align: center;\"><img loading=\"lazy\" decoding=\"async\" class=\"alignnone size-full wp-image-3443\" src=\"https:\/\/teresalaiz.com\/web\/wp-content\/uploads\/2023\/10\/monasterio-el-paular-rascafria-madrid-spain-claustro-general.jpg\" alt=\"Monasterio El Paular\" width=\"800\" height=\"533\" srcset=\"https:\/\/teresalaiz.com\/web\/wp-content\/uploads\/2023\/10\/monasterio-el-paular-rascafria-madrid-spain-claustro-general.jpg 800w, https:\/\/teresalaiz.com\/web\/wp-content\/uploads\/2023\/10\/monasterio-el-paular-rascafria-madrid-spain-claustro-general-300x200.jpg 300w, https:\/\/teresalaiz.com\/web\/wp-content\/uploads\/2023\/10\/monasterio-el-paular-rascafria-madrid-spain-claustro-general-768x512.jpg 768w\" sizes=\"(max-width: 800px) 100vw, 800px\" \/><\/p>\n<p style=\"text-align: center;\"><strong>Entrada Libre<\/strong><\/p>\n<p style=\"text-align: center;\"><a href=\"https:\/\/teresalaiz.com\/web\/wp-content\/uploads\/2023\/10\/Programa-de-mano-Concierto-de-Castanuelas-El-Paular.pdf\" target=\"_blank\" rel=\"noopener\"><img loading=\"lazy\" decoding=\"async\" class=\"aligncenter wp-image-2966 size-medium\" src=\"https:\/\/teresalaiz.com\/web\/wp-content\/uploads\/2022\/11\/Programa-de-mano-300x232.jpg\" alt=\"Concierto Navidad 2022\" width=\"300\" height=\"232\" srcset=\"https:\/\/teresalaiz.com\/web\/wp-content\/uploads\/2022\/11\/Programa-de-mano-300x232.jpg 300w, https:\/\/teresalaiz.com\/web\/wp-content\/uploads\/2022\/11\/Programa-de-mano-768x594.jpg 768w, https:\/\/teresalaiz.com\/web\/wp-content\/uploads\/2022\/11\/Programa-de-mano.jpg 1000w\" sizes=\"(max-width: 300px) 100vw, 300px\" \/><\/a><strong>Programa de Mano<\/strong><\/p>\n<hr \/>\n<hr \/>\n<h1 style=\"text-align: center;\"><strong>Concierto de Guitarra y Casta\u00f1uelas<\/strong><\/h1>\n<h2 style=\"text-align: center;\"><span style=\"font-size: 36pt;\"><strong>Antonio Reyes &amp; Teresa Laiz<\/strong><\/span><\/h2>\n<h3 style=\"text-align: center;\"><span style=\"font-size: 24pt;\"><strong>\u00abCl\u00e1sicos y Flamencos\u00bb<\/strong><\/span><\/h3>\n<h4 style=\"text-align: center;\"><span style=\"font-size: 18pt;\"><strong><u>Domingo, 30 de Julio 2023, a las 13.00 h<\/u><\/strong><\/span><\/h4>\n<h4 style=\"text-align: center;\"><strong><span style=\"font-size: 14pt;\">Teatro Flamenco de Madrid &#8211; C\/Pez, 10.<\/span><\/strong><\/h4>\n<p style=\"text-align: center;\"><a href=\"https:\/\/conciertos.teatroflamencomadrid.com\/?c=j\" target=\"_blank\" rel=\"noopener\"><img loading=\"lazy\" decoding=\"async\" class=\"aligncenter wp-image-3344 size-full\" src=\"https:\/\/teresalaiz.com\/web\/wp-content\/uploads\/2023\/07\/Concierto-Antonio-Reyes-y-Teresa-Laiz-scaled.jpg\" alt=\"Cartel Concierto de Casta\u00f1uelas y Guitarra\" width=\"2560\" height=\"916\" srcset=\"https:\/\/teresalaiz.com\/web\/wp-content\/uploads\/2023\/07\/Concierto-Antonio-Reyes-y-Teresa-Laiz-scaled.jpg 2560w, https:\/\/teresalaiz.com\/web\/wp-content\/uploads\/2023\/07\/Concierto-Antonio-Reyes-y-Teresa-Laiz-300x107.jpg 300w, https:\/\/teresalaiz.com\/web\/wp-content\/uploads\/2023\/07\/Concierto-Antonio-Reyes-y-Teresa-Laiz-1024x366.jpg 1024w, https:\/\/teresalaiz.com\/web\/wp-content\/uploads\/2023\/07\/Concierto-Antonio-Reyes-y-Teresa-Laiz-768x275.jpg 768w, https:\/\/teresalaiz.com\/web\/wp-content\/uploads\/2023\/07\/Concierto-Antonio-Reyes-y-Teresa-Laiz-1536x550.jpg 1536w, https:\/\/teresalaiz.com\/web\/wp-content\/uploads\/2023\/07\/Concierto-Antonio-Reyes-y-Teresa-Laiz-2048x733.jpg 2048w\" sizes=\"(max-width: 2560px) 100vw, 2560px\" \/><\/a><br \/>\nDos solistas de los instrumentos m\u00e1s representativos en nuestro pa\u00eds, se unen para hacer un recorrido por la Historia la M\u00fasica desde un prisma innovador y con un sello muy personal.<\/p>\n<p style=\"text-align: center;\">Teresa Laiz (Casta\u00f1uelas) y Antonio Reyes (Guitarra) forman un d\u00fao de alto nivel t\u00e9cnico y calidad art\u00edstica con un repertorio muy ecl\u00e9ctico en donde hay momentos para cada uno y c\u00f3mplices di\u00e1logos de ambos.<\/p>\n<p style=\"text-align: center;\">Desde el Cl\u00e1sico al Flamenco, pasando por la M\u00fasica Cl\u00e1sica y Popular espa\u00f1ola, <em>Cl\u00e1sicos y Flamencos<\/em> es un concierto lleno de emoci\u00f3n y expresividad, un concierto realmente bonito.<\/p>\n<p style=\"text-align: center;\"><a href=\"https:\/\/conciertos.teatroflamencomadrid.com\/?c=j\" target=\"_blank\" rel=\"noopener\"><img loading=\"lazy\" decoding=\"async\" class=\"aligncenter wp-image-1548 size-full\" src=\"https:\/\/teresalaiz.com\/web\/wp-content\/uploads\/2019\/11\/42493cfd690c8987d950aac8f53e8cfa.jpg\" alt=\"Bot\u00f3n entradas Concierto Navidad\" width=\"300\" height=\"125\" \/><\/a><\/p>\n<p style=\"text-align: center;\"><a href=\"https:\/\/teresalaiz.com\/web\/wp-content\/uploads\/2023\/07\/Programa-de-mano-Antonio-Reyes-Teresa-Laiz-30-Julio-2023.pdf\" target=\"_blank\" rel=\"noopener\"><img loading=\"lazy\" decoding=\"async\" class=\"aligncenter wp-image-2966 size-medium\" src=\"https:\/\/teresalaiz.com\/web\/wp-content\/uploads\/2022\/11\/Programa-de-mano-300x232.jpg\" alt=\"Concierto Navidad 2022\" width=\"300\" height=\"232\" srcset=\"https:\/\/teresalaiz.com\/web\/wp-content\/uploads\/2022\/11\/Programa-de-mano-300x232.jpg 300w, https:\/\/teresalaiz.com\/web\/wp-content\/uploads\/2022\/11\/Programa-de-mano-768x594.jpg 768w, https:\/\/teresalaiz.com\/web\/wp-content\/uploads\/2022\/11\/Programa-de-mano.jpg 1000w\" sizes=\"(max-width: 300px) 100vw, 300px\" \/><\/a><strong>Programa de Mano<\/strong><\/p>\n<hr \/>\n<h1 style=\"text-align: center;\"><strong>Laureate Gala CONCERTO<\/strong><\/h1>\n<p style=\"text-align: center;\"><strong>Marta Casas (soprano) &#8211; Teresa Laiz (castanets) &#8211; Jennifer Wang (piano) &#8211; Igor Zubkovsky (cello)<\/strong><\/p>\n<p style=\"text-align: center;\"><span style=\"text-decoration: underline;\"><span style=\"font-size: 18pt;\"><em>Martes, 20 Junio 2023, a las 19:00 h<\/em><\/span><\/span><\/p>\n<h2 style=\"text-align: center;\"><span style=\"font-size: 36pt;\"><strong>Weill Carnegie Hall<\/strong><\/span><br \/>\n<strong><span style=\"font-size: 36pt;\">Nueva York<\/span><br \/>\n<\/strong><\/h2>\n<h2 style=\"text-align: center;\">Teresa Laiz &amp; Marta Casas &#8211; Castanets &amp;Voice Ensemble &#8211; Prize Winner<\/h2>\n<p style=\"text-align: center;\"><span style=\"color: #ff0000;\"><strong>Haz click en la foto para comprar tu Entrada.<\/strong><\/span><img loading=\"lazy\" decoding=\"async\" class=\"wp-image-2874 aligncenter\" src=\"https:\/\/teresalaiz.com\/web\/wp-content\/uploads\/2022\/11\/flecha.jpg\" alt=\"flecha\" width=\"21\" height=\"63\" \/><a href=\"https:\/\/www.carnegiehall.org\/Events\" target=\"_blank\" rel=\"noopener\"><img loading=\"lazy\" decoding=\"async\" class=\"aligncenter wp-image-3334 size-full\" src=\"https:\/\/teresalaiz.com\/web\/wp-content\/uploads\/2023\/06\/Prize-Winner-Teresa-Laiz-Marta-Casas.jpg\" alt=\"Premio Performance at Weill Carnegie Hall\" width=\"1600\" height=\"757\" srcset=\"https:\/\/teresalaiz.com\/web\/wp-content\/uploads\/2023\/06\/Prize-Winner-Teresa-Laiz-Marta-Casas.jpg 1600w, https:\/\/teresalaiz.com\/web\/wp-content\/uploads\/2023\/06\/Prize-Winner-Teresa-Laiz-Marta-Casas-300x142.jpg 300w, https:\/\/teresalaiz.com\/web\/wp-content\/uploads\/2023\/06\/Prize-Winner-Teresa-Laiz-Marta-Casas-1024x484.jpg 1024w, https:\/\/teresalaiz.com\/web\/wp-content\/uploads\/2023\/06\/Prize-Winner-Teresa-Laiz-Marta-Casas-768x363.jpg 768w, https:\/\/teresalaiz.com\/web\/wp-content\/uploads\/2023\/06\/Prize-Winner-Teresa-Laiz-Marta-Casas-1536x727.jpg 1536w\" sizes=\"(max-width: 1600px) 100vw, 1600px\" \/><\/a><\/p>\n<hr \/>\n<h2 style=\"text-align: center;\"><span style=\"font-size: 24pt;\"><strong>Compa\u00f1\u00eda Espa\u00f1ola de Canto y Palillos<\/strong><\/span><\/h2>\n<h3 style=\"text-align: center;\"><span style=\"font-size: 14pt;\"><strong>Estreno mundial<\/strong><\/span><\/h3>\n<h1 style=\"text-align: center;\"><span style=\"font-size: 24pt;\"><strong>\u00abCar\u00e1cter Espa\u00f1ol\u00bb<\/strong><\/span><\/h1>\n<p style=\"text-align: center;\"><strong>Concierto de Voz y Casta\u00f1uelas<\/strong><br \/>\n<strong>Marta Casas y Teresa Laiz<\/strong><\/p>\n<p style=\"text-align: center;\"><span style=\"text-decoration: underline; font-size: 18pt;\"><em>Domingo, 18 Junio 2023, a las 13 h<\/em><\/span><\/p>\n<h4 style=\"text-align: center;\"><strong>XXVIII Thalia Festival<\/strong><\/h4>\n<h3 style=\"text-align: center;\"><span style=\"font-size: 18pt;\"><strong>Thalia Spanish Theatre &#8211; NEW YORK &#8211;<br \/>\n<\/strong><\/span><\/h3>\n<p style=\"text-align: center;\"><img loading=\"lazy\" decoding=\"async\" class=\"alignnone size-full wp-image-3331\" src=\"https:\/\/teresalaiz.com\/web\/wp-content\/uploads\/2023\/06\/THALIA-AL-AIRE-LIBRE-Cartel.jpg\" alt=\"Festival Thalia Spanish Theatre\" width=\"1728\" height=\"2304\" srcset=\"https:\/\/teresalaiz.com\/web\/wp-content\/uploads\/2023\/06\/THALIA-AL-AIRE-LIBRE-Cartel.jpg 1440w, https:\/\/teresalaiz.com\/web\/wp-content\/uploads\/2023\/06\/THALIA-AL-AIRE-LIBRE-Cartel-225x300.jpg 225w, https:\/\/teresalaiz.com\/web\/wp-content\/uploads\/2023\/06\/THALIA-AL-AIRE-LIBRE-Cartel-768x1024.jpg 768w, https:\/\/teresalaiz.com\/web\/wp-content\/uploads\/2023\/06\/THALIA-AL-AIRE-LIBRE-Cartel-1152x1536.jpg 1152w, https:\/\/teresalaiz.com\/web\/wp-content\/uploads\/2023\/06\/THALIA-AL-AIRE-LIBRE-Cartel-1536x2048.jpg 1536w\" sizes=\"(max-width: 1728px) 100vw, 1728px\" \/><\/p>\n<hr \/>\n<h1 style=\"text-align: center;\"><strong>Concierto de Casta\u00f1uelas<\/strong><\/h1>\n<p style=\"text-align: center;\"><strong>Fin de Curso<\/strong><br \/>\n<strong>Escuela de Casta\u00f1uelas Teresa Laiz<\/strong><\/p>\n<h4 style=\"text-align: center;\"><strong><u>Domingo, 11 Junio 2023, a las 13 h<\/u><\/strong><br \/>\nTeatro Flamenco de Madrid (Teatro Alfil)<br \/>\nC\/Pez, n\u00ba 10 \u2013 28004 Madrid<\/h4>\n<p><img loading=\"lazy\" decoding=\"async\" class=\"alignnone size-full wp-image-3311\" src=\"https:\/\/teresalaiz.com\/web\/wp-content\/uploads\/2023\/05\/Coro-de-Castanuelas-de-Madrid-copia-scaled.jpg\" alt=\"\" width=\"2560\" height=\"1212\" srcset=\"https:\/\/teresalaiz.com\/web\/wp-content\/uploads\/2023\/05\/Coro-de-Castanuelas-de-Madrid-copia-scaled.jpg 1920w, https:\/\/teresalaiz.com\/web\/wp-content\/uploads\/2023\/05\/Coro-de-Castanuelas-de-Madrid-copia-300x142.jpg 300w, https:\/\/teresalaiz.com\/web\/wp-content\/uploads\/2023\/05\/Coro-de-Castanuelas-de-Madrid-copia-1024x485.jpg 1024w, https:\/\/teresalaiz.com\/web\/wp-content\/uploads\/2023\/05\/Coro-de-Castanuelas-de-Madrid-copia-768x364.jpg 768w, https:\/\/teresalaiz.com\/web\/wp-content\/uploads\/2023\/05\/Coro-de-Castanuelas-de-Madrid-copia-1536x727.jpg 1536w, https:\/\/teresalaiz.com\/web\/wp-content\/uploads\/2023\/05\/Coro-de-Castanuelas-de-Madrid-copia-2048x970.jpg 2048w\" sizes=\"(max-width: 2560px) 100vw, 2560px\" \/><\/p>\n<p style=\"text-align: center;\"><img loading=\"lazy\" decoding=\"async\" class=\"wp-image-2431 size-medium aligncenter\" src=\"https:\/\/teresalaiz.com\/web\/wp-content\/uploads\/2021\/10\/Teresa-Laiz-Antonio-Reyes-300x225.jpg\" alt=\"Guitarra y Casta\u00f1uelas Teresa Laiz\" width=\"300\" height=\"225\" srcset=\"https:\/\/teresalaiz.com\/web\/wp-content\/uploads\/2021\/10\/Teresa-Laiz-Antonio-Reyes-300x225.jpg 300w, https:\/\/teresalaiz.com\/web\/wp-content\/uploads\/2021\/10\/Teresa-Laiz-Antonio-Reyes-1024x769.jpg 1024w, https:\/\/teresalaiz.com\/web\/wp-content\/uploads\/2021\/10\/Teresa-Laiz-Antonio-Reyes-768x576.jpg 768w, https:\/\/teresalaiz.com\/web\/wp-content\/uploads\/2021\/10\/Teresa-Laiz-Antonio-Reyes-1536x1153.jpg 1536w, https:\/\/teresalaiz.com\/web\/wp-content\/uploads\/2021\/10\/Teresa-Laiz-Antonio-Reyes.jpg 1600w\" sizes=\"(max-width: 300px) 100vw, 300px\" \/><strong>Artista invitado: Antonio Reyes (guitarra flamenca)<\/strong><\/p>\n<p style=\"text-align: center;\"><a href=\"https:\/\/conciertos.teatroflamencomadrid.com\/?c=j\" target=\"_blank\" rel=\"noopener\"><img loading=\"lazy\" decoding=\"async\" class=\"aligncenter wp-image-1548 size-full\" src=\"https:\/\/teresalaiz.com\/web\/wp-content\/uploads\/2019\/11\/42493cfd690c8987d950aac8f53e8cfa.jpg\" alt=\"Bot\u00f3n entradas Concierto Navidad\" width=\"300\" height=\"125\" \/><\/a><br \/>\n<a href=\"https:\/\/teresalaiz.com\/web\/wp-content\/uploads\/2023\/06\/Programa-de-mano-Fin-de-Curso-2023.pdf\" target=\"_blank\" rel=\"noopener\"><img loading=\"lazy\" decoding=\"async\" class=\"aligncenter wp-image-2966 size-medium\" src=\"https:\/\/teresalaiz.com\/web\/wp-content\/uploads\/2022\/11\/Programa-de-mano-300x232.jpg\" alt=\"Concierto Navidad 2022\" width=\"300\" height=\"232\" srcset=\"https:\/\/teresalaiz.com\/web\/wp-content\/uploads\/2022\/11\/Programa-de-mano-300x232.jpg 300w, https:\/\/teresalaiz.com\/web\/wp-content\/uploads\/2022\/11\/Programa-de-mano-768x594.jpg 768w, https:\/\/teresalaiz.com\/web\/wp-content\/uploads\/2022\/11\/Programa-de-mano.jpg 1000w\" sizes=\"(max-width: 300px) 100vw, 300px\" \/><\/a><strong>Programa de Mano<\/strong><\/p>\n<p style=\"text-align: center;\">Un concierto poco habitual, donde las Casta\u00f1uelas act\u00faan como instrumento solista e interpretan m\u00fasica de diferentes estilos. En esta ocasi\u00f3n un programa atractivo y variado con m\u00fasica cl\u00e1sica, espa\u00f1ola, popular y flamenco, con partituras para casta\u00f1uelas compuestas por la concertista Teresa Laiz.<\/p>\n<p style=\"text-align: center;\">Teresa Laiz viene acompa\u00f1ada de algunos de sus alumnos tanto de la Escuela Online como de los presenciales de la Escuela de Arte Flamenco y Danza Espa\u00f1ola \u00abAmor de Dios\u00bb de Madrid.<\/p>\n<p style=\"text-align: center;\">Tambi\u00e9n, contamos con dos artistas invitados excepcionales: Marta Casas (soprano) y Antonio Reyes (guitarra flamenca).<\/p>\n<p><a href=\"https:\/\/conciertos.teatroflamencomadrid.com\/?c=j\" target=\"_blank\" rel=\"noopener\"><img loading=\"lazy\" decoding=\"async\" class=\"aligncenter wp-image-1548 size-full\" src=\"https:\/\/teresalaiz.com\/web\/wp-content\/uploads\/2019\/11\/42493cfd690c8987d950aac8f53e8cfa.jpg\" alt=\"Bot\u00f3n entradas Concierto Navidad\" width=\"300\" height=\"125\" \/><\/a><\/p>\n<hr \/>\n<h1 style=\"text-align: center;\"><strong>Concierto de Casta\u00f1uelas<\/strong><br \/>\n<strong>\u00abPalillos\u00bb<\/strong><\/h1>\n<h3 style=\"text-align: center;\"><strong>Coro de Casta\u00f1uelas de Madrid<\/strong><br \/>\n<strong>en Brihuega (Guadalajara)<\/strong><\/h3>\n<h4 style=\"text-align: center;\"><strong>S\u00e1bado, 3 Junio 2023, a las 19 h<\/strong><\/h4>\n<p style=\"text-align: center;\"><img loading=\"lazy\" decoding=\"async\" class=\"alignnone size-full wp-image-3326\" src=\"https:\/\/teresalaiz.com\/web\/wp-content\/uploads\/2023\/06\/Coro-de-Castanuelas-de-Madrid-CARTEL-2.jpg\" alt=\"Concierto de Casta\u00f1uelas en Brihuega - Teresa Laiz\" width=\"1600\" height=\"1131\" srcset=\"https:\/\/teresalaiz.com\/web\/wp-content\/uploads\/2023\/06\/Coro-de-Castanuelas-de-Madrid-CARTEL-2.jpg 1600w, https:\/\/teresalaiz.com\/web\/wp-content\/uploads\/2023\/06\/Coro-de-Castanuelas-de-Madrid-CARTEL-2-300x212.jpg 300w, https:\/\/teresalaiz.com\/web\/wp-content\/uploads\/2023\/06\/Coro-de-Castanuelas-de-Madrid-CARTEL-2-1024x724.jpg 1024w, https:\/\/teresalaiz.com\/web\/wp-content\/uploads\/2023\/06\/Coro-de-Castanuelas-de-Madrid-CARTEL-2-768x543.jpg 768w, https:\/\/teresalaiz.com\/web\/wp-content\/uploads\/2023\/06\/Coro-de-Castanuelas-de-Madrid-CARTEL-2-1536x1086.jpg 1536w\" sizes=\"(max-width: 1600px) 100vw, 1600px\" \/><\/p>\n<hr \/>\n<h1 style=\"text-align: center;\"><strong>Concierto \u00abViva La Zarzuela\u00bb<\/strong><\/h1>\n<h3 style=\"text-align: center;\"><strong>Martes, 9 de Mayo 2023, a las 20 h<\/strong><br \/>\n<strong>Teatro edp Gran V\u00eda<\/strong><\/h3>\n<p><img loading=\"lazy\" decoding=\"async\" class=\"aligncenter wp-image-3301 size-large\" src=\"https:\/\/teresalaiz.com\/web\/wp-content\/uploads\/2023\/05\/Cartel-edp-724x1024.jpg\" alt=\"Concierto Zarzuela - Teresa Laiz\" width=\"720\" height=\"1018\" srcset=\"https:\/\/teresalaiz.com\/web\/wp-content\/uploads\/2023\/05\/Cartel-edp-724x1024.jpg 724w, https:\/\/teresalaiz.com\/web\/wp-content\/uploads\/2023\/05\/Cartel-edp-212x300.jpg 212w, https:\/\/teresalaiz.com\/web\/wp-content\/uploads\/2023\/05\/Cartel-edp-768x1086.jpg 768w, https:\/\/teresalaiz.com\/web\/wp-content\/uploads\/2023\/05\/Cartel-edp-1086x1536.jpg 1086w, https:\/\/teresalaiz.com\/web\/wp-content\/uploads\/2023\/05\/Cartel-edp.jpg 1414w\" sizes=\"(max-width: 720px) 100vw, 720px\" \/><\/p>\n<p style=\"text-align: center;\"><a href=\"https:\/\/gruposmedia.com\/cartelera\/viva-la-zarzuela-orquesta-cruz-diez\/\" target=\"_blank\" rel=\"noopener\"><img loading=\"lazy\" decoding=\"async\" class=\"aligncenter wp-image-1548 size-full\" src=\"https:\/\/teresalaiz.com\/web\/wp-content\/uploads\/2019\/11\/42493cfd690c8987d950aac8f53e8cfa.jpg\" alt=\"Bot\u00f3n entradas Concierto Navidad\" width=\"300\" height=\"125\" \/><\/a><\/p>\n<hr \/>\n<p><a href=\"https:\/\/teresalaiz.com\/web\/festival-internacional-de-castanuelas\/\" target=\"_blank\" rel=\"noopener\"><img loading=\"lazy\" decoding=\"async\" class=\"aligncenter wp-image-3109 size-large\" src=\"https:\/\/teresalaiz.com\/web\/wp-content\/uploads\/2023\/01\/Festival-FIC14-web-683x1024.jpg\" alt=\"\" width=\"683\" height=\"1024\" srcset=\"https:\/\/teresalaiz.com\/web\/wp-content\/uploads\/2023\/01\/Festival-FIC14-web-683x1024.jpg 683w, https:\/\/teresalaiz.com\/web\/wp-content\/uploads\/2023\/01\/Festival-FIC14-web-200x300.jpg 200w, https:\/\/teresalaiz.com\/web\/wp-content\/uploads\/2023\/01\/Festival-FIC14-web-768x1152.jpg 768w, https:\/\/teresalaiz.com\/web\/wp-content\/uploads\/2023\/01\/Festival-FIC14-web-1024x1536.jpg 1024w, https:\/\/teresalaiz.com\/web\/wp-content\/uploads\/2023\/01\/Festival-FIC14-web-1365x2048.jpg 1365w, https:\/\/teresalaiz.com\/web\/wp-content\/uploads\/2023\/01\/Festival-FIC14-web-scaled.jpg 1280w\" sizes=\"(max-width: 683px) 100vw, 683px\" \/><\/a><\/p>\n<h2 style=\"text-align: center;\">IX Festival Internacional de Casta\u00f1uelas<br \/>\n<em>Del 24 al 26 Febrero 2023<\/em><\/h2>\n<p><a href=\"https:\/\/especiales.teatroflamencomadrid.com\/\" target=\"_blank\" rel=\"noopener\"><img loading=\"lazy\" decoding=\"async\" class=\"alignleft wp-image-3023\" src=\"https:\/\/teresalaiz.com\/web\/wp-content\/uploads\/2022\/12\/I-Concurso-Internacional-de-Castanuelas-pequeno-scaled.jpg\" alt=\"Cartel Concurso Casta\u00f1uelas\" width=\"313\" height=\"470\" srcset=\"https:\/\/teresalaiz.com\/web\/wp-content\/uploads\/2022\/12\/I-Concurso-Internacional-de-Castanuelas-pequeno-scaled.jpg 1280w, https:\/\/teresalaiz.com\/web\/wp-content\/uploads\/2022\/12\/I-Concurso-Internacional-de-Castanuelas-pequeno-200x300.jpg 200w, https:\/\/teresalaiz.com\/web\/wp-content\/uploads\/2022\/12\/I-Concurso-Internacional-de-Castanuelas-pequeno-683x1024.jpg 683w, https:\/\/teresalaiz.com\/web\/wp-content\/uploads\/2022\/12\/I-Concurso-Internacional-de-Castanuelas-pequeno-768x1152.jpg 768w, https:\/\/teresalaiz.com\/web\/wp-content\/uploads\/2022\/12\/I-Concurso-Internacional-de-Castanuelas-pequeno-1024x1536.jpg 1024w, https:\/\/teresalaiz.com\/web\/wp-content\/uploads\/2022\/12\/I-Concurso-Internacional-de-Castanuelas-pequeno-1365x2048.jpg 1365w\" sizes=\"(max-width: 313px) 100vw, 313px\" \/><\/a><a href=\"https:\/\/entradas.teatrolara.com\/entradas.teatrolara\/es_ES\/entradas\/evento\/27055\/session\/1529468\/select?viewCode=blockmap\" target=\"_blank\" rel=\"noopener\"><img loading=\"lazy\" decoding=\"async\" class=\"alignleft wp-image-2981\" src=\"https:\/\/teresalaiz.com\/web\/wp-content\/uploads\/2022\/12\/Cartel-Solistas14-pequeno-scaled.jpg\" alt=\"Gala Solistas, Maestros y Agrupaciones\" width=\"313\" height=\"470\" srcset=\"https:\/\/teresalaiz.com\/web\/wp-content\/uploads\/2022\/12\/Cartel-Solistas14-pequeno-scaled.jpg 1280w, https:\/\/teresalaiz.com\/web\/wp-content\/uploads\/2022\/12\/Cartel-Solistas14-pequeno-200x300.jpg 200w, https:\/\/teresalaiz.com\/web\/wp-content\/uploads\/2022\/12\/Cartel-Solistas14-pequeno-683x1024.jpg 683w, https:\/\/teresalaiz.com\/web\/wp-content\/uploads\/2022\/12\/Cartel-Solistas14-pequeno-768x1152.jpg 768w, https:\/\/teresalaiz.com\/web\/wp-content\/uploads\/2022\/12\/Cartel-Solistas14-pequeno-1024x1536.jpg 1024w, https:\/\/teresalaiz.com\/web\/wp-content\/uploads\/2022\/12\/Cartel-Solistas14-pequeno-1365x2048.jpg 1365w\" sizes=\"(max-width: 313px) 100vw, 313px\" \/><\/a> <a href=\"https:\/\/butacaoro.com\/espectaculo\/ix-festival-internacional-de-castanuelas-gala-grandes-figuras\/\" target=\"_blank\" rel=\"noopener\"><img loading=\"lazy\" decoding=\"async\" class=\"alignleft wp-image-2984\" src=\"https:\/\/teresalaiz.com\/web\/wp-content\/uploads\/2022\/12\/Cartel-Grandes-Figuras14-pequeno-scaled.jpg\" alt=\"Gala Grandes Figuras de la Casta\u00f1uela\" width=\"313\" height=\"470\" srcset=\"https:\/\/teresalaiz.com\/web\/wp-content\/uploads\/2022\/12\/Cartel-Grandes-Figuras14-pequeno-scaled.jpg 1280w, https:\/\/teresalaiz.com\/web\/wp-content\/uploads\/2022\/12\/Cartel-Grandes-Figuras14-pequeno-200x300.jpg 200w, https:\/\/teresalaiz.com\/web\/wp-content\/uploads\/2022\/12\/Cartel-Grandes-Figuras14-pequeno-683x1024.jpg 683w, https:\/\/teresalaiz.com\/web\/wp-content\/uploads\/2022\/12\/Cartel-Grandes-Figuras14-pequeno-768x1152.jpg 768w, https:\/\/teresalaiz.com\/web\/wp-content\/uploads\/2022\/12\/Cartel-Grandes-Figuras14-pequeno-1024x1536.jpg 1024w, https:\/\/teresalaiz.com\/web\/wp-content\/uploads\/2022\/12\/Cartel-Grandes-Figuras14-pequeno-1365x2048.jpg 1365w\" sizes=\"(max-width: 313px) 100vw, 313px\" \/><\/a><\/p>\n<p>&nbsp;<\/p>\n<p>&nbsp;<\/p>\n<p>&nbsp;<\/p>\n<p>&nbsp;<\/p>\n<p>&nbsp;<\/p>\n<p>&nbsp;<\/p>\n<p>&nbsp;<\/p>\n<h3 style=\"text-align: center;\"><strong>Programa General<\/strong><\/h3>\n<p><strong><u>Viernes, 24 Febrero 2023<br \/>\n<\/u><\/strong><em>&#8211; 13:00 h \u2013 \u00a0 <strong>Gala de Semifinales y Finales del I Concurso Internacional de Casta\u00f1uelas \u2018\u2019Teresa Laiz\u2019\u2019<\/strong>.<br \/>\n<\/em>\u00a0\u00a0\u00a0\u00a0\u00a0\u00a0\u00a0\u00a0\u00a0\u00a0\u00a0\u00a0\u00a0\u00a0\u00a0\u00a0\u00a0\u00a0\u00a0\u00a0 Teatro Flamenco de Madrid (Teatro Alfil, C\/Pez, n\u00ba 10).<strong><em>\u00a0 <\/em><\/strong>Precio entradas: 20 \u20ac, 25 \u20ac y 50 \u20ac (VIP)<br \/>\n<em>\u00a0\u00a0 Tarde &#8211; \u00a0\u00a0\u00a0\u00a0<strong> Masterclass:<\/strong><\/em> Centro de Arte Flamenco y Danza Espa\u00f1ola \u2018\u2019Amor de Dios\u2019\u2019 (C\/Santa Isabel, n\u00ba 5)<br \/>\n<em>&#8211; 17:00 h \u2013 <\/em>Prof\u00aa. Teresa Laiz<em> \u201cC\u00f3mo improvisar de manera profesional\u201d<br \/>\n<\/em><em>&#8211; 18:00 h \u2013 Prof\u00aa. Mar Bezana \u201cExpresi\u00f3n y matices en la interpretaci\u00f3n con las Casta\u00f1uelas\u2019\u2019<br \/>\n<\/em><em>&#8211; 19:00 h \u2013 \u00a0Prof\u00aa. Ludovica Mosca \u201cLas Casta\u00f1uelas en la Danza Barroca Francesa\u201d<br \/>\n<\/em><em>&#8211; 20:00 h \u2013 Prof\u00aa. Reyes Le\u00f3n \u201cLa Casta\u00f1uela en las Marchas de Semana Santa\u201d<\/em><\/p>\n<p style=\"text-align: left;\"><strong><u>S\u00e1bado, 25 Febrero 2023<br \/>\n<\/u><\/strong>&#8211; 12:30 h <em>\u2013\u00a0 <strong>Gala Solistas, Maestros y Agrupaciones de Casta\u00f1uelas.<br \/>\n<\/strong><\/em>\u00a0\u00a0\u00a0\u00a0\u00a0\u00a0\u00a0\u00a0\u00a0\u00a0\u00a0\u00a0\u00a0\u00a0\u00a0\u00a0\u00a0\u00a0\u00a0 Teatro Lara (Corredera Baja de San Pablo, n\u00ba 15). <em>Precio entradas: de 15 \u20ac a 30 \u20ac<\/em><\/p>\n<p style=\"text-align: center;\"><u>Artistas<\/u>:<br \/>\nNerea L\u00f3pez (Escuela Bolera), Escuela Mar Bezana, Escuela Teresa Laiz, Coro de Casta\u00f1uelas de Madrid, Kety M\u00e9ndez, Elena Clara, Reyes Le\u00f3n, Sonidos de Sebka, M\u00aa Jos\u00e9 S\u00e1nchez Falc\u00f3n, Escuela M\u00aa Jos\u00e9 S\u00e1nchez Falc\u00f3n, Conservatorio Profesional de Danza Fortea, Aurelia de la Cruz, Coro de Casta\u00f1uelas de Murcia, Sof\u00eda de los \u00c1ngeles,<br \/>\nPe\u00f1a Huertana \u00abSan Isidro &#8211; La Panocha\u00bb.<\/p>\n<p><em>\u00a0\u00a0 Tarde &#8211; \u00a0\u00a0\u00a0\u00a0<strong> Masterclass:<\/strong><\/em> Centro de Arte Flamenco y Danza Espa\u00f1ola \u2018\u2019Amor de Dios\u2019\u2019 (C\/Santa Isabel, n\u00ba 5)<br \/>\n<em>&#8211; 17:00 h \u2013 Prof\u00aa. Bel\u00e9n Cabanes \u201cJazzta\u00f1uelas\u201d<br \/>\n<\/em><em>&#8211; 18:00 h \u2013 Prof. Miguel \u00c1ngel Berna \u201cDimensiones de la Jota\u201d<br \/>\n<\/em><em>&#8211; 19:00 h \u2013 Prof\u00aa. Estela Alonso \u201cLa Influencia del Flamenco en la Escuela Bolera\u201d<br \/>\n<\/em><em>&#8211; 20:00 h \u2013 Prof. Mariano Cruceta \u201cSignificado en el movimiento\u201d<br \/>\n<\/em><em>&#8211; 21:00 h \u2013 Prof\u00aa. Cristina Cazorla \u201cRitmos y Casta\u00f1uelas en la Escuela Bolera\u201d<\/em><em>\u00a0<\/em><\/p>\n<p><strong><u>Domingo, 26 Febrero 2023<br \/>\n<\/u><\/strong>&#8211; 12:00 h <em>\u2013\u00a0 <strong>Gala<\/strong><\/em><strong> <em>Grandes Figuras de la Casta\u00f1uela<\/em>.<br \/>\n<\/strong>\u00a0\u00a0\u00a0\u00a0\u00a0\u00a0\u00a0\u00a0\u00a0\u00a0\u00a0\u00a0\u00a0\u00a0\u00a0\u00a0\u00a0\u00a0\u00a0\u00a0 Teatro Calder\u00f3n (C\/Atocha, n\u00ba 18).<em> Precio entradas: de 22 \u20ac a 45 \u20ac<\/em><\/p>\n<p style=\"text-align: center;\"><em>\u00a0\u00a0 \u00a0\u00a0\u00a0\u00a0\u00a0\u00a0\u00a0\u00a0\u00a0\u00a0\u00a0 \u00a0\u00a0\u00a0\u00a0\u00a0 <\/em><u>Artistas<\/u>:<br \/>\nTeresa Laiz &amp; Orquesta Cruz D\u00edez, Marta Casas (Soprano), Ludovica Mosca (Danza barroca de la corte francesa),<br \/>\nCristina Cazorla (Danza Bolera y Contempor\u00e1neo), Paula Garc\u00eda (Danza estilizada), Miguel \u00c1ngel Berna (Jota),<br \/>\nBel\u00e9n Cabanes (Jazzta\u00f1uelas), Castanets BCN (Moderna), Estela Alonso (Danza Bolera con m\u00fasica flamenca),<br \/>\nGanador del I Concurso Internacional de Casta\u00f1uelas,<br \/>\nAntonio Najarro.<\/p>\n<p><em>&#8211; 14:30 h \u2013\u00a0 <strong>Comida de Clausura<\/strong><\/em>. Restaurante Ana La Santa (<span id=\"page3R_mcid2\" class=\"markedContent\"><span dir=\"ltr\" role=\"presentation\">Plaza<\/span><\/span><span id=\"page3R_mcid3\" class=\"markedContent\"> <span dir=\"ltr\" role=\"presentation\">de<\/span><\/span><span id=\"page3R_mcid4\" class=\"markedContent\"> <span dir=\"ltr\" role=\"presentation\">Santa<\/span><\/span><span id=\"page3R_mcid5\" class=\"markedContent\"> <span dir=\"ltr\" role=\"presentation\">Ana,<\/span><\/span><span id=\"page3R_mcid6\" class=\"markedContent\"> <span dir=\"ltr\" role=\"presentation\">14<\/span><\/span><span id=\"page3R_mcid7\" class=\"markedContent\"> <span dir=\"ltr\" role=\"presentation\">(Hotel<\/span><\/span><span id=\"page3R_mcid8\" class=\"markedContent\"> <span dir=\"ltr\" role=\"presentation\">ME)<\/span><\/span><span id=\"page3R_mcid9\" class=\"markedContent\"> <span dir=\"ltr\" role=\"presentation\">28012<\/span><\/span><span id=\"page3R_mcid10\" class=\"markedContent\"> <span dir=\"ltr\" role=\"presentation\">Madrid &#8211; A 3 minutos andando desde el Teatro Calder\u00f3n). <em>Precio Men\u00fa: 50 \u20ac. <\/em>(El precio de la comida incluye s\u00f3lo el men\u00fa, las copas que se tomen despu\u00e9s de la comida ser\u00e1n por cuenta de cada uno). Ver \u00ab<a href=\"https:\/\/teresalaiz.com\/web\/wp-content\/uploads\/2023\/01\/Ana-la-santa-Menu-.pdf\" target=\"_blank\" rel=\"noopener\">Men\u00fa<\/a>\u00bb .<\/span><\/span><\/p>\n<hr \/>\n<h2 style=\"text-align: center;\"><strong>IX Festival Internacional de Casta\u00f1uelas<br \/>\n<\/strong><\/h2>\n<h3 style=\"text-align: center;\"><strong>Colaboradores y Esp\u00f3nsors <\/strong><\/h3>\n<p style=\"text-align: center;\"><em>Gracias por apoyar la Cultura de nuestro pa\u00eds.<\/em><\/p>\n<h5 style=\"text-align: center;\"><a href=\"https:\/\/ferrazabogados.com\/\"><strong> <img loading=\"lazy\" decoding=\"async\" class=\"wp-image-3062 size-medium aligncenter\" src=\"https:\/\/teresalaiz.com\/web\/wp-content\/uploads\/2023\/01\/Logo-Ferraz-Abogados-300x169.jpg\" alt=\"Despacho de Abogados Ferraz\" width=\"300\" height=\"169\" srcset=\"https:\/\/teresalaiz.com\/web\/wp-content\/uploads\/2023\/01\/Logo-Ferraz-Abogados-300x169.jpg 300w, https:\/\/teresalaiz.com\/web\/wp-content\/uploads\/2023\/01\/Logo-Ferraz-Abogados-1024x576.jpg 1024w, https:\/\/teresalaiz.com\/web\/wp-content\/uploads\/2023\/01\/Logo-Ferraz-Abogados-768x432.jpg 768w, https:\/\/teresalaiz.com\/web\/wp-content\/uploads\/2023\/01\/Logo-Ferraz-Abogados.jpg 1193w\" sizes=\"(max-width: 300px) 100vw, 300px\" \/><img loading=\"lazy\" decoding=\"async\" class=\"wp-image-3093 size-medium alignright\" src=\"https:\/\/teresalaiz.com\/web\/wp-content\/uploads\/2023\/01\/PS_Logotipo-Naranja-300x67.jpg\" alt=\"\" width=\"300\" height=\"67\" srcset=\"https:\/\/teresalaiz.com\/web\/wp-content\/uploads\/2023\/01\/PS_Logotipo-Naranja-300x67.jpg 300w, https:\/\/teresalaiz.com\/web\/wp-content\/uploads\/2023\/01\/PS_Logotipo-Naranja-1024x228.jpg 1024w, https:\/\/teresalaiz.com\/web\/wp-content\/uploads\/2023\/01\/PS_Logotipo-Naranja-768x171.jpg 768w, https:\/\/teresalaiz.com\/web\/wp-content\/uploads\/2023\/01\/PS_Logotipo-Naranja-1536x342.jpg 1536w, https:\/\/teresalaiz.com\/web\/wp-content\/uploads\/2023\/01\/PS_Logotipo-Naranja.jpg 1920w\" sizes=\"(max-width: 300px) 100vw, 300px\" \/><\/strong><\/a><\/h5>\n<h5><img loading=\"lazy\" decoding=\"async\" class=\"alignnone wp-image-3271 size-medium\" src=\"https:\/\/teresalaiz.com\/web\/wp-content\/uploads\/2023\/02\/Lola-Bernabeu-2-copia-300x218.jpg\" alt=\"\" width=\"300\" height=\"218\" srcset=\"https:\/\/teresalaiz.com\/web\/wp-content\/uploads\/2023\/02\/Lola-Bernabeu-2-copia-300x218.jpg 300w, https:\/\/teresalaiz.com\/web\/wp-content\/uploads\/2023\/02\/Lola-Bernabeu-2-copia-1024x743.jpg 1024w, https:\/\/teresalaiz.com\/web\/wp-content\/uploads\/2023\/02\/Lola-Bernabeu-2-copia-768x557.jpg 768w, https:\/\/teresalaiz.com\/web\/wp-content\/uploads\/2023\/02\/Lola-Bernabeu-2-copia-1536x1115.jpg 1536w, https:\/\/teresalaiz.com\/web\/wp-content\/uploads\/2023\/02\/Lola-Bernabeu-2-copia.jpg 1863w\" sizes=\"(max-width: 300px) 100vw, 300px\" \/><\/h5>\n<hr \/>\n<h2 style=\"text-align: center;\"><strong><span style=\"font-size: 36pt;\">Concierto de Casta\u00f1uelas<\/span><br \/>\n<\/strong><\/h2>\n<h4 style=\"text-align: center;\"><strong><span style=\"font-family: times new roman, times, serif; font-size: 24pt;\">\u201cSiente la Navidad\u201d <\/span><br \/>\n<\/strong><\/h4>\n<h4 style=\"text-align: center;\"><strong><u>S\u00e1bado, 17 Diciembre 2022, a las 12.30 h<\/u><\/strong><br \/>\nTeatro Flamenco de Madrid (Teatro Alfil)<br \/>\nC\/Pez, n\u00ba 10 \u2013 28004 Madrid<\/h4>\n<p style=\"text-align: center;\"><a href=\"https:\/\/conciertos.teatroflamencomadrid.com\/?c=j#reserva\" target=\"_blank\" rel=\"noopener\"><img loading=\"lazy\" decoding=\"async\" class=\"aligncenter wp-image-1548 size-medium\" src=\"https:\/\/teresalaiz.com\/web\/wp-content\/uploads\/2019\/11\/42493cfd690c8987d950aac8f53e8cfa-300x125.jpg\" alt=\"Bot\u00f3n entradas Concierto Navidad\" width=\"300\" height=\"125\" \/><\/a><\/p>\n<p style=\"text-align: center;\">Teresa Laiz viene acompa\u00f1ada de algunos de sus alumnos tanto de la Escuela Online como presenciales de la<br \/>\nEscuela de Arte Flamenco y Danza Espa\u00f1ola \u00abAmor de Dios\u00bb de Madrid.<br \/>\n<em>Siente la Navidad y emoci\u00f3nate al son de las Casta\u00f1uelas!<\/em><\/p>\n<figure id=\"attachment_2966\" aria-describedby=\"caption-attachment-2966\" style=\"width: 300px\" class=\"wp-caption aligncenter\"><a href=\"https:\/\/teresalaiz.com\/web\/wp-content\/uploads\/2022\/12\/Programa-de-mano-Navidad-2022.pdf\" target=\"_blank\" rel=\"noopener\"><img loading=\"lazy\" decoding=\"async\" class=\"wp-image-2966 size-medium\" src=\"https:\/\/teresalaiz.com\/web\/wp-content\/uploads\/2022\/11\/Programa-de-mano-300x232.jpg\" alt=\"Concierto Navidad 2022\" width=\"300\" height=\"232\" srcset=\"https:\/\/teresalaiz.com\/web\/wp-content\/uploads\/2022\/11\/Programa-de-mano-300x232.jpg 300w, https:\/\/teresalaiz.com\/web\/wp-content\/uploads\/2022\/11\/Programa-de-mano-768x594.jpg 768w, https:\/\/teresalaiz.com\/web\/wp-content\/uploads\/2022\/11\/Programa-de-mano.jpg 1000w\" sizes=\"(max-width: 300px) 100vw, 300px\" \/><\/a><figcaption id=\"caption-attachment-2966\" class=\"wp-caption-text\"><span style=\"font-size: 18pt;\"><strong>\u00a0\u00a0\u00a0\u00a0\u00a0\u00a0 Programa de Mano<\/strong><\/span><\/figcaption><\/figure>\n<p>&nbsp;<\/p>\n<p><a href=\"https:\/\/conciertos.teatroflamencomadrid.com\/?c=j#reserva\" target=\"_blank\" rel=\"noopener\"><img loading=\"lazy\" decoding=\"async\" class=\"aligncenter wp-image-2956 size-large\" src=\"https:\/\/teresalaiz.com\/web\/wp-content\/uploads\/2022\/11\/Teresa_Laiz-Concertista-Castanuelas-pequena-1024x684.jpg\" alt=\"Teresa Laiz - Concertista de Casta\u00f1uelas\" width=\"720\" height=\"481\" srcset=\"https:\/\/teresalaiz.com\/web\/wp-content\/uploads\/2022\/11\/Teresa_Laiz-Concertista-Castanuelas-pequena-1024x684.jpg 1024w, https:\/\/teresalaiz.com\/web\/wp-content\/uploads\/2022\/11\/Teresa_Laiz-Concertista-Castanuelas-pequena-300x200.jpg 300w, https:\/\/teresalaiz.com\/web\/wp-content\/uploads\/2022\/11\/Teresa_Laiz-Concertista-Castanuelas-pequena-768x513.jpg 768w, https:\/\/teresalaiz.com\/web\/wp-content\/uploads\/2022\/11\/Teresa_Laiz-Concertista-Castanuelas-pequena-1536x1025.jpg 1536w, https:\/\/teresalaiz.com\/web\/wp-content\/uploads\/2022\/11\/Teresa_Laiz-Concertista-Castanuelas-pequena-2048x1367.jpg 2048w, https:\/\/teresalaiz.com\/web\/wp-content\/uploads\/2022\/11\/Teresa_Laiz-Concertista-Castanuelas-pequena-scaled.jpg 1920w\" sizes=\"(max-width: 720px) 100vw, 720px\" \/><\/a><\/p>\n<hr \/>\n<h2 style=\"text-align: center;\">I JORNADAS DE LA CASTA\u00d1UELA ESPA\u00d1OLA<br \/>\nMurcia, 25 y 26 de noviembre 2022<\/h2>\n<h2 style=\"text-align: center;\"><strong>I Gala de la Casta\u00f1uela Espa\u00f1ola<\/strong><\/h2>\n<h3 style=\"text-align: center;\"><strong>Auditorio Municipal de La Alberca<\/strong><\/h3>\n<h4 style=\"text-align: center;\"><strong>S\u00e1bado 26 de noviembre, a las 20:30 h<br \/>\n<\/strong><\/h4>\n<p style=\"text-align: center;\">Inscripci\u00f3n y Entradas: <a href=\"http:\/\/acastamur.wordpress.com\" target=\"_blank\" rel=\"noopener\">acastamur.wordpress.com<\/a><\/p>\n<p><a href=\"http:\/\/acastamur.wordpress.com\" target=\"_blank\" rel=\"noopener\"><img loading=\"lazy\" decoding=\"async\" class=\"aligncenter wp-image-2893 size-large\" src=\"https:\/\/teresalaiz.com\/web\/wp-content\/uploads\/2022\/11\/Cartel-1-770x1024.jpg\" alt=\"Jornadas Casta\u00f1uelas Murcia\" width=\"720\" height=\"958\" srcset=\"https:\/\/teresalaiz.com\/web\/wp-content\/uploads\/2022\/11\/Cartel-1-770x1024.jpg 770w, https:\/\/teresalaiz.com\/web\/wp-content\/uploads\/2022\/11\/Cartel-1-226x300.jpg 226w, https:\/\/teresalaiz.com\/web\/wp-content\/uploads\/2022\/11\/Cartel-1-768x1021.jpg 768w, https:\/\/teresalaiz.com\/web\/wp-content\/uploads\/2022\/11\/Cartel-1-1155x1536.jpg 1155w, https:\/\/teresalaiz.com\/web\/wp-content\/uploads\/2022\/11\/Cartel-1-1540x2048.jpg 1540w, https:\/\/teresalaiz.com\/web\/wp-content\/uploads\/2022\/11\/Cartel-1-scaled.jpg 1444w\" sizes=\"(max-width: 720px) 100vw, 720px\" \/><\/a><\/p>\n<hr \/>\n<h1 style=\"text-align: center;\"><strong>Laureate Gala CONCERTO<\/strong><\/h1>\n<p style=\"text-align: center;\"><strong><span style=\"font-size: 18pt;\">New York Chamber Players<\/span><br \/>\n<b>Director: Giacomo Franci<\/b><br \/>\n<\/strong><span style=\"text-decoration: underline;\">21 Noviembre 2022, a las 20:00 h<br \/>\n<\/span><\/p>\n<h2 style=\"text-align: center;\"><span style=\"text-decoration: underline;\"><span style=\"font-size: 36pt;\"><strong>Weill Carnegie Hall<\/strong><\/span><\/span><br \/>\n<strong><span style=\"text-decoration: underline;\"><span style=\"font-size: 36pt;\">Nueva York<\/span><\/span><br \/>\n<\/strong><\/h2>\n<h2 style=\"text-align: center;\">Teresa Laiz &#8211; Castanets Soloist &#8211; Prize Winner<\/h2>\n<p style=\"text-align: center;\"><span style=\"color: #ff0000;\"><strong>Haz click en la foto para comprar tu Entrada.<\/strong><\/span><img loading=\"lazy\" decoding=\"async\" class=\"wp-image-2874 aligncenter\" src=\"https:\/\/teresalaiz.com\/web\/wp-content\/uploads\/2022\/11\/flecha.jpg\" alt=\"flecha\" width=\"21\" height=\"63\" \/><a href=\"https:\/\/www.carnegiehall.org\/Calendar\/2022\/11\/21\/Progressive-Musicians-0800PM?fbclid=IwAR3OE-JwKtL8pGn7U-P9WRI0c3JTawTww7gtzS3xAb04W6oX9z7nnva0VRA\" target=\"_blank\" rel=\"noopener\"><img loading=\"lazy\" decoding=\"async\" class=\"aligncenter wp-image-2877 size-full\" src=\"https:\/\/teresalaiz.com\/web\/wp-content\/uploads\/2022\/11\/Prize-Winner-Teresa-Laiz.jpg\" alt=\"Concierto Carnegie Hall - Premio Concurso\" width=\"1600\" height=\"757\" srcset=\"https:\/\/teresalaiz.com\/web\/wp-content\/uploads\/2022\/11\/Prize-Winner-Teresa-Laiz.jpg 1600w, https:\/\/teresalaiz.com\/web\/wp-content\/uploads\/2022\/11\/Prize-Winner-Teresa-Laiz-300x142.jpg 300w, https:\/\/teresalaiz.com\/web\/wp-content\/uploads\/2022\/11\/Prize-Winner-Teresa-Laiz-1024x484.jpg 1024w, https:\/\/teresalaiz.com\/web\/wp-content\/uploads\/2022\/11\/Prize-Winner-Teresa-Laiz-768x363.jpg 768w, https:\/\/teresalaiz.com\/web\/wp-content\/uploads\/2022\/11\/Prize-Winner-Teresa-Laiz-1536x727.jpg 1536w\" sizes=\"(max-width: 1600px) 100vw, 1600px\" \/><\/a><\/p>\n<hr \/>\n<h1 class=\"MV_VATitle\" style=\"text-align: center;\">DER DIRIGENT by Maestro Navarro Lara<\/h1>\n<h2 class=\"MV_VATitle subTitle m-eventDetails__subTitle\" style=\"text-align: center;\"><strong>Homenaje a Montserrat Caball\u00e9<\/strong><\/h2>\n<h4 class=\"EVENTDate h2 m-eventDetails__date\" style=\"text-align: center;\"><strong><em><span style=\"font-size: 14pt;\"><span class=\"DAY\"> S\u00e1bado,<\/span> <span class=\"DAYNumber\"> 12 de<\/span> <span class=\"MONTH\"> Noviembre <\/span> <span class=\"YEAR\"> 202, a las <\/span><span class=\"SPAN_timeTab\"> 19:30 h<\/span><\/span><\/em> <\/strong><\/h4>\n<h2 class=\"EVENTDate h2 m-eventDetails__date\" style=\"text-align: center;\"><strong><span style=\"text-decoration: underline;\">GRAN SALA DORADA DE LA MUSIKVEREIN DE VIENA<\/span><br \/>\n<span class=\"MV_VAVenue\">(Gro\u00dfer Saal, Musikverein, Viena)<br \/>\n<\/span><\/strong><\/h2>\n<h3 style=\"text-align: center;\">Montserrat Marti caball\u00e9 (soprano)<br \/>\nLuis santana (Bar\u00edtono)<br \/>\nfrancisca gavil\u00e1n zurita (Flauta)<br \/>\nTeresa Laiz (casta\u00f1uelas)<\/h3>\n<p style=\"text-align: center;\"><strong><span style=\"color: #ff0000;\">Haz click en la foto para comprar tu Entrada.<br \/>\n<img loading=\"lazy\" decoding=\"async\" class=\"aligncenter wp-image-2874 \" src=\"https:\/\/teresalaiz.com\/web\/wp-content\/uploads\/2022\/11\/flecha-157x300.jpg\" alt=\"flecha\" width=\"22\" height=\"47\" \/><\/span><\/strong><a href=\"https:\/\/www.musikverein.at\/konzert\/eventid\/49096\" target=\"_blank\" rel=\"noopener\"><img loading=\"lazy\" decoding=\"async\" class=\"aligncenter wp-image-2870 size-large\" src=\"https:\/\/teresalaiz.com\/web\/wp-content\/uploads\/2022\/11\/Cartel-2-1024x700.jpg\" alt=\"Teresa Laiz - Solista Casta\u00f1uelas - Concierto Francisco Navarro Lara - Viena\" width=\"720\" height=\"492\" srcset=\"https:\/\/teresalaiz.com\/web\/wp-content\/uploads\/2022\/11\/Cartel-2-1024x700.jpg 1024w, https:\/\/teresalaiz.com\/web\/wp-content\/uploads\/2022\/11\/Cartel-2-300x205.jpg 300w, https:\/\/teresalaiz.com\/web\/wp-content\/uploads\/2022\/11\/Cartel-2-768x525.jpg 768w, https:\/\/teresalaiz.com\/web\/wp-content\/uploads\/2022\/11\/Cartel-2-1536x1050.jpg 1536w, https:\/\/teresalaiz.com\/web\/wp-content\/uploads\/2022\/11\/Cartel-2.jpg 1920w\" sizes=\"(max-width: 720px) 100vw, 720px\" \/><\/a><\/p>\n<hr \/>\n<h2 style=\"text-align: center;\"><strong>Concierto Orquesta Sinf\u00f3nica Carlos Cruz-Diez<\/strong><br \/>\n<strong>\u201cHispanidad 2022\u2019\u2019<\/strong><br \/>\nSolista de Casta\u00f1uelas: Teresa Laiz<br \/>\n<span style=\"text-decoration: underline;\"><strong>Plaza Mayor de Madrid<\/strong><\/span><br \/>\n12 Octubre 2022<\/h2>\n<div style=\"text-align: center;\">\n<div><img loading=\"lazy\" decoding=\"async\" class=\"aligncenter wp-image-2867 size-large\" src=\"https:\/\/teresalaiz.com\/web\/wp-content\/uploads\/2022\/11\/Cartel-Orquesta-Curz-Diez-724x1024.jpg\" alt=\"Concierto Hispanidad 2022 - Orquesta Cruz-Diez\" width=\"720\" height=\"1018\" srcset=\"https:\/\/teresalaiz.com\/web\/wp-content\/uploads\/2022\/11\/Cartel-Orquesta-Curz-Diez-724x1024.jpg 724w, https:\/\/teresalaiz.com\/web\/wp-content\/uploads\/2022\/11\/Cartel-Orquesta-Curz-Diez-212x300.jpg 212w, https:\/\/teresalaiz.com\/web\/wp-content\/uploads\/2022\/11\/Cartel-Orquesta-Curz-Diez-768x1086.jpg 768w, https:\/\/teresalaiz.com\/web\/wp-content\/uploads\/2022\/11\/Cartel-Orquesta-Curz-Diez-1086x1536.jpg 1086w, https:\/\/teresalaiz.com\/web\/wp-content\/uploads\/2022\/11\/Cartel-Orquesta-Curz-Diez.jpg 1414w\" sizes=\"(max-width: 720px) 100vw, 720px\" \/><\/div>\n<\/div>\n<hr \/>\n<h1 style=\"text-align: center;\"><strong>Concierto Orquesta SEYO 2022<\/strong><\/h1>\n<h1 style=\"text-align: center;\"><span style=\"text-decoration: underline;\"><strong>Auditorio Nacional<\/strong><\/span><\/h1>\n<h3 style=\"text-align: center;\">Solista de Casta\u00f1uelas: Teresa Laiz<\/h3>\n<div style=\"text-align: center;\"><img loading=\"lazy\" decoding=\"async\" class=\"aligncenter wp-image-2864 size-large\" src=\"https:\/\/teresalaiz.com\/web\/wp-content\/uploads\/2022\/11\/SEYO22-Cartel-724x1024.jpg\" alt=\"Concierto Hispanidad 2022 - Orquesta Cruz-Diez\" width=\"720\" height=\"1018\" srcset=\"https:\/\/teresalaiz.com\/web\/wp-content\/uploads\/2022\/11\/SEYO22-Cartel-724x1024.jpg 724w, https:\/\/teresalaiz.com\/web\/wp-content\/uploads\/2022\/11\/SEYO22-Cartel-212x300.jpg 212w, https:\/\/teresalaiz.com\/web\/wp-content\/uploads\/2022\/11\/SEYO22-Cartel-768x1087.jpg 768w, https:\/\/teresalaiz.com\/web\/wp-content\/uploads\/2022\/11\/SEYO22-Cartel-1086x1536.jpg 1086w, https:\/\/teresalaiz.com\/web\/wp-content\/uploads\/2022\/11\/SEYO22-Cartel-1448x2048.jpg 1448w, https:\/\/teresalaiz.com\/web\/wp-content\/uploads\/2022\/11\/SEYO22-Cartel-scaled.jpg 1357w\" sizes=\"(max-width: 720px) 100vw, 720px\" \/><\/div>\n","protected":false},"excerpt":{"rendered":"<p>Concierto de Casta\u00f1uelas y Danza Espa\u00f1ola Teresa Laiz &amp; Invitados Domingo, 27 de Julio 2025, a las 13:00 h Teatro Flamenco de Madrid (C\/Pez, 10) Entrada: Butaca 22 \u20ac &#8211; Mesa 25 \u20ac Duraci\u00f3n: 75 minutos LAUREATE GALA WEILL RECITAL HALL at CARNEGIE HALL June 30, 2025 @ 7pm Coro de Casta\u00f1uelas de Madrid Dir.\u00aa Teresa Laiz Entradas y M\u00e1s informaci\u00f3n Teresa Laiz &amp; Co. Concierto de Casta\u00f1uelas y Danza Espa\u00f1ola \u00a0Florencia Fourcade, Teresa Laiz, Nora Mu\u00f1oz (Casta\u00f1uelas) &#8211; Isabel Alarc\u00f3n (Baile) \u00a0Artista invitada: La Firu (Voz) Domingo, 29 de Junio 2025, a las 13:00 h THALIA SPANISH THEATRE \u2013 New York \u2013 30Th Free Community Festival Duraci\u00f3n: 1 hora [&hellip;]<\/p>\n","protected":false},"author":1,"featured_media":0,"parent":0,"menu_order":0,"comment_status":"closed","ping_status":"closed","template":"templates\/full-width.php","meta":{"footnotes":""},"yoast_head":"<!-- This site is optimized with the Yoast SEO plugin v22.7 - https:\/\/yoast.com\/wordpress\/plugins\/seo\/ -->\n<title>Pr\u00f3ximos Conciertos - Teresa Laiz<\/title>\n<meta name=\"description\" content=\"Conciertos de Casta\u00f1uelas Teresa Laiz en Madrid, Toledo, Almer\u00eda, Nueva York...\" \/>\n<meta name=\"robots\" content=\"index, follow, max-snippet:-1, max-image-preview:large, max-video-preview:-1\" \/>\n<link rel=\"canonical\" href=\"https:\/\/teresalaiz.com\/web\/proximos-conciertos\/\" \/>\n<meta property=\"og:locale\" content=\"es_ES\" \/>\n<meta property=\"og:type\" content=\"article\" \/>\n<meta property=\"og:title\" content=\"Pr\u00f3ximos Conciertos\" \/>\n<meta property=\"og:description\" content=\"Emoci\u00f3nate al son de las Casta\u00f1uelas!\" \/>\n<meta property=\"og:url\" content=\"https:\/\/teresalaiz.com\/web\/proximos-conciertos\/\" \/>\n<meta property=\"og:site_name\" content=\"Teresa Laiz\" \/>\n<meta property=\"article:modified_time\" content=\"2026-04-13T18:37:21+00:00\" \/>\n<meta property=\"og:image\" content=\"https:\/\/teresalaiz.com\/web\/wp-content\/uploads\/2024\/10\/Agenda-2025-1-2Mb-scaled.jpg\" \/>\n\t<meta property=\"og:image:width\" content=\"1594\" \/>\n\t<meta property=\"og:image:height\" content=\"2560\" \/>\n\t<meta property=\"og:image:type\" content=\"image\/jpeg\" \/>\n<meta name=\"twitter:card\" content=\"summary_large_image\" \/>\n<meta name=\"twitter:title\" content=\"Pr\u00f3ximos Conciertos\" \/>\n<meta name=\"twitter:description\" content=\"Emoci\u00f3nate al son de las Casta\u00f1uelas!\" \/>\n<meta name=\"twitter:image\" content=\"https:\/\/teresalaiz.com\/web\/wp-content\/uploads\/2024\/10\/Agenda-2025-1-2Mb-scaled.jpg\" \/>\n<meta name=\"twitter:label1\" content=\"Tiempo de lectura\" \/>\n\t<meta name=\"twitter:data1\" content=\"38 minutos\" \/>\n<script type=\"application\/ld+json\" class=\"yoast-schema-graph\">{\"@context\":\"https:\/\/schema.org\",\"@graph\":[{\"@type\":\"WebPage\",\"@id\":\"https:\/\/teresalaiz.com\/web\/proximos-conciertos\/\",\"url\":\"https:\/\/teresalaiz.com\/web\/proximos-conciertos\/\",\"name\":\"Pr\u00f3ximos Conciertos - Teresa Laiz\",\"isPartOf\":{\"@id\":\"https:\/\/teresalaiz.com\/web\/#website\"},\"primaryImageOfPage\":{\"@id\":\"https:\/\/teresalaiz.com\/web\/proximos-conciertos\/#primaryimage\"},\"image\":{\"@id\":\"https:\/\/teresalaiz.com\/web\/proximos-conciertos\/#primaryimage\"},\"thumbnailUrl\":\"https:\/\/teresalaiz.com\/web\/wp-content\/uploads\/2026\/04\/Agenda-2026-9-2-scaled.jpg\",\"datePublished\":\"2021-10-23T23:44:44+00:00\",\"dateModified\":\"2026-04-13T18:37:21+00:00\",\"description\":\"Conciertos de Casta\u00f1uelas Teresa Laiz en Madrid, Toledo, Almer\u00eda, Nueva York...\",\"breadcrumb\":{\"@id\":\"https:\/\/teresalaiz.com\/web\/proximos-conciertos\/#breadcrumb\"},\"inLanguage\":\"es\",\"potentialAction\":[{\"@type\":\"ReadAction\",\"target\":[\"https:\/\/teresalaiz.com\/web\/proximos-conciertos\/\"]}]},{\"@type\":\"ImageObject\",\"inLanguage\":\"es\",\"@id\":\"https:\/\/teresalaiz.com\/web\/proximos-conciertos\/#primaryimage\",\"url\":\"https:\/\/teresalaiz.com\/web\/wp-content\/uploads\/2026\/04\/Agenda-2026-9-2-scaled.jpg\",\"contentUrl\":\"https:\/\/teresalaiz.com\/web\/wp-content\/uploads\/2026\/04\/Agenda-2026-9-2-scaled.jpg\",\"width\":2560,\"height\":2114},{\"@type\":\"BreadcrumbList\",\"@id\":\"https:\/\/teresalaiz.com\/web\/proximos-conciertos\/#breadcrumb\",\"itemListElement\":[{\"@type\":\"ListItem\",\"position\":1,\"name\":\"Portada\",\"item\":\"https:\/\/teresalaiz.com\/web\/\"},{\"@type\":\"ListItem\",\"position\":2,\"name\":\"Pr\u00f3ximos Conciertos\"}]},{\"@type\":\"WebSite\",\"@id\":\"https:\/\/teresalaiz.com\/web\/#website\",\"url\":\"https:\/\/teresalaiz.com\/web\/\",\"name\":\"Teresa Laiz\",\"description\":\"Casta\u00f1uelas, Conciertos de Casta\u00f1uelas, Cursos de Casta\u00f1uelas, Festival Internacional de Casta\u00f1uelas, M\u00e9todo de Casta\u00f1uelas, Castanets, Castagnettes, Kastagnetten, \u30ab\u30b9\u30bf\u30cd\u30c3\u30c8\",\"potentialAction\":[{\"@type\":\"SearchAction\",\"target\":{\"@type\":\"EntryPoint\",\"urlTemplate\":\"https:\/\/teresalaiz.com\/web\/?s={search_term_string}\"},\"query-input\":\"required name=search_term_string\"}],\"inLanguage\":\"es\"}]}<\/script>\n<!-- \/ Yoast SEO plugin. -->","yoast_head_json":{"title":"Pr\u00f3ximos Conciertos - Teresa Laiz","description":"Conciertos de Casta\u00f1uelas Teresa Laiz en Madrid, Toledo, Almer\u00eda, Nueva York...","robots":{"index":"index","follow":"follow","max-snippet":"max-snippet:-1","max-image-preview":"max-image-preview:large","max-video-preview":"max-video-preview:-1"},"canonical":"https:\/\/teresalaiz.com\/web\/proximos-conciertos\/","og_locale":"es_ES","og_type":"article","og_title":"Pr\u00f3ximos Conciertos","og_description":"Emoci\u00f3nate al son de las Casta\u00f1uelas!","og_url":"https:\/\/teresalaiz.com\/web\/proximos-conciertos\/","og_site_name":"Teresa Laiz","article_modified_time":"2026-04-13T18:37:21+00:00","og_image":[{"width":1594,"height":2560,"url":"https:\/\/teresalaiz.com\/web\/wp-content\/uploads\/2024\/10\/Agenda-2025-1-2Mb-scaled.jpg","type":"image\/jpeg"}],"twitter_card":"summary_large_image","twitter_title":"Pr\u00f3ximos Conciertos","twitter_description":"Emoci\u00f3nate al son de las Casta\u00f1uelas!","twitter_image":"https:\/\/teresalaiz.com\/web\/wp-content\/uploads\/2024\/10\/Agenda-2025-1-2Mb-scaled.jpg","twitter_misc":{"Tiempo de lectura":"38 minutos"},"schema":{"@context":"https:\/\/schema.org","@graph":[{"@type":"WebPage","@id":"https:\/\/teresalaiz.com\/web\/proximos-conciertos\/","url":"https:\/\/teresalaiz.com\/web\/proximos-conciertos\/","name":"Pr\u00f3ximos Conciertos - Teresa Laiz","isPartOf":{"@id":"https:\/\/teresalaiz.com\/web\/#website"},"primaryImageOfPage":{"@id":"https:\/\/teresalaiz.com\/web\/proximos-conciertos\/#primaryimage"},"image":{"@id":"https:\/\/teresalaiz.com\/web\/proximos-conciertos\/#primaryimage"},"thumbnailUrl":"https:\/\/teresalaiz.com\/web\/wp-content\/uploads\/2026\/04\/Agenda-2026-9-2-scaled.jpg","datePublished":"2021-10-23T23:44:44+00:00","dateModified":"2026-04-13T18:37:21+00:00","description":"Conciertos de Casta\u00f1uelas Teresa Laiz en Madrid, Toledo, Almer\u00eda, Nueva York...","breadcrumb":{"@id":"https:\/\/teresalaiz.com\/web\/proximos-conciertos\/#breadcrumb"},"inLanguage":"es","potentialAction":[{"@type":"ReadAction","target":["https:\/\/teresalaiz.com\/web\/proximos-conciertos\/"]}]},{"@type":"ImageObject","inLanguage":"es","@id":"https:\/\/teresalaiz.com\/web\/proximos-conciertos\/#primaryimage","url":"https:\/\/teresalaiz.com\/web\/wp-content\/uploads\/2026\/04\/Agenda-2026-9-2-scaled.jpg","contentUrl":"https:\/\/teresalaiz.com\/web\/wp-content\/uploads\/2026\/04\/Agenda-2026-9-2-scaled.jpg","width":2560,"height":2114},{"@type":"BreadcrumbList","@id":"https:\/\/teresalaiz.com\/web\/proximos-conciertos\/#breadcrumb","itemListElement":[{"@type":"ListItem","position":1,"name":"Portada","item":"https:\/\/teresalaiz.com\/web\/"},{"@type":"ListItem","position":2,"name":"Pr\u00f3ximos Conciertos"}]},{"@type":"WebSite","@id":"https:\/\/teresalaiz.com\/web\/#website","url":"https:\/\/teresalaiz.com\/web\/","name":"Teresa Laiz","description":"Casta\u00f1uelas, Conciertos de Casta\u00f1uelas, Cursos de Casta\u00f1uelas, Festival Internacional de Casta\u00f1uelas, M\u00e9todo de Casta\u00f1uelas, Castanets, Castagnettes, Kastagnetten, \u30ab\u30b9\u30bf\u30cd\u30c3\u30c8","potentialAction":[{"@type":"SearchAction","target":{"@type":"EntryPoint","urlTemplate":"https:\/\/teresalaiz.com\/web\/?s={search_term_string}"},"query-input":"required name=search_term_string"}],"inLanguage":"es"}]}},"jetpack_sharing_enabled":true,"jetpack_shortlink":"https:\/\/wp.me\/P702QQ-E5","jetpack_likes_enabled":true,"_links":{"self":[{"href":"https:\/\/teresalaiz.com\/web\/wp-json\/wp\/v2\/pages\/2485"}],"collection":[{"href":"https:\/\/teresalaiz.com\/web\/wp-json\/wp\/v2\/pages"}],"about":[{"href":"https:\/\/teresalaiz.com\/web\/wp-json\/wp\/v2\/types\/page"}],"author":[{"embeddable":true,"href":"https:\/\/teresalaiz.com\/web\/wp-json\/wp\/v2\/users\/1"}],"replies":[{"embeddable":true,"href":"https:\/\/teresalaiz.com\/web\/wp-json\/wp\/v2\/comments?post=2485"}],"version-history":[{"count":123,"href":"https:\/\/teresalaiz.com\/web\/wp-json\/wp\/v2\/pages\/2485\/revisions"}],"predecessor-version":[{"id":4385,"href":"https:\/\/teresalaiz.com\/web\/wp-json\/wp\/v2\/pages\/2485\/revisions\/4385"}],"wp:attachment":[{"href":"https:\/\/teresalaiz.com\/web\/wp-json\/wp\/v2\/media?parent=2485"}],"curies":[{"name":"wp","href":"https:\/\/api.w.org\/{rel}","templated":true}]}}