{"id":452,"date":"2015-12-14T17:40:01","date_gmt":"2015-12-14T17:40:01","guid":{"rendered":"https:\/\/teresalaiz.com\/web\/?page_id=452"},"modified":"2021-10-24T00:58:32","modified_gmt":"2021-10-24T00:58:32","slug":"fotos","status":"publish","type":"page","link":"https:\/\/teresalaiz.com\/web\/fotos\/","title":{"rendered":"Fotos"},"content":{"rendered":"<p style=\"text-align: center;\"><style type=\"text\/css\">.easingslider-455 { max-width: 640px; }.easingslider-455 .easingslider-image { max-height: 420px; max-width: 640px; }.easingslider-455 .easingslider-fade-in, .easingslider-fade-out { -webkit-animation-duration: 400ms; -moz-animation-duration: 400ms; animation-duration: 400ms; }<\/style><script type=\"text\/javascript\">window.EasingSlider455 = {\"width\":640,\"height\":420,\"singleItem\":true,\"items\":1,\"itemsDesktop\":false,\"itemsDesktopSmall\":false,\"itemsTablet\":false,\"itemsTabletSmall\":false,\"itemsMobile\":false,\"responsive\":true,\"lazyLoad\":true,\"autoPlay\":4000,\"slideSpeed\":400,\"navigation\":true,\"navigationText\":[\"\",\"\"],\"pagination\":true,\"autoHeight\":false,\"mouseDrag\":false,\"touchDrag\":false,\"addClassActive\":true,\"transitionStyle\":\"fade\"};<\/script><div data-id=\"455\" class=\"easingslider easingslider-455 easingslider-container easingslider-aspect-ratio easingslider-arrows-inside easingslider-pagination-outside easingslider-pagination-bottom-center\"><div class=\"easingslider-slide\"><a href=\"none\" target=\"\"><img decoding=\"async\" src=\"https:\/\/teresalaiz.com\/web\/wp-content\/plugins\/easing-slider\/assets\/images\/placeholder-pixel.png\" data-src=\"https:\/\/teresalaiz.com\/web\/wp-content\/uploads\/2015\/12\/Scannen0010g.jpg\" alt=\"Mi primera Maestra Ana Mercedes &amp; Andr\u00e9s Batista\" title=\"Mi primera Maestra Ana Mercedes &amp; Andr\u00e9s Batista\" class=\"easingslider-image easingslider-lazy\" \/><\/a><\/div><div class=\"easingslider-slide\"><a href=\"none\" target=\"\"><img decoding=\"async\" src=\"https:\/\/teresalaiz.com\/web\/wp-content\/plugins\/easing-slider\/assets\/images\/placeholder-pixel.png\" data-src=\"https:\/\/teresalaiz.com\/web\/wp-content\/uploads\/2015\/12\/ab1c8fc6919d980bfb6502e9922c2725.jpg\" alt=\"Teresa Laiz &amp; Rafael de C\u00f3rdova\" title=\"Teresa Laiz &amp; Rafael de C\u00f3rdova\" class=\"easingslider-image easingslider-lazy\" \/><\/a><\/div><div class=\"easingslider-slide\"><a href=\"none\" target=\"\"><img decoding=\"async\" src=\"https:\/\/teresalaiz.com\/web\/wp-content\/plugins\/easing-slider\/assets\/images\/placeholder-pixel.png\" data-src=\"https:\/\/teresalaiz.com\/web\/wp-content\/uploads\/2015\/12\/74d3eaf3fa9b9a92b1118005830adf16.jpg\" alt=\"Dedicatoria de Rafael de C\u00f3rdova\" title=\"Dedicatoria de Rafael de C\u00f3rdova\" class=\"easingslider-image easingslider-lazy\" \/><\/a><\/div><div class=\"easingslider-slide\"><a href=\"none\" target=\"\"><img decoding=\"async\" src=\"https:\/\/teresalaiz.com\/web\/wp-content\/plugins\/easing-slider\/assets\/images\/placeholder-pixel.png\" data-src=\"https:\/\/teresalaiz.com\/web\/wp-content\/uploads\/2015\/12\/Concierto-Privado-Udaeta-7-Sept.-2007-011.jpg\" alt=\"Jos\u00e9 de Udaeta &amp; Teresa Laiz\" title=\"Jos\u00e9 de Udaeta &amp; Teresa Laiz\" class=\"easingslider-image easingslider-lazy\" \/><\/a><\/div><div class=\"easingslider-slide\"><a href=\"none\" target=\"\"><img decoding=\"async\" src=\"https:\/\/teresalaiz.com\/web\/wp-content\/plugins\/easing-slider\/assets\/images\/placeholder-pixel.png\" data-src=\"https:\/\/teresalaiz.com\/web\/wp-content\/uploads\/2015\/12\/efd2ba2656153b603c17c3fb9f44e33c.jpg\" alt=\"Jos\u00e9 de Udaeta &amp; Teresa Laiz\" title=\"Jos\u00e9 de Udaeta &amp; Teresa Laiz\" class=\"easingslider-image easingslider-lazy\" \/><\/a><\/div><div class=\"easingslider-slide\"><a href=\"none\" target=\"\"><img decoding=\"async\" src=\"https:\/\/teresalaiz.com\/web\/wp-content\/plugins\/easing-slider\/assets\/images\/placeholder-pixel.png\" data-src=\"https:\/\/teresalaiz.com\/web\/wp-content\/uploads\/2015\/12\/Farruquito-Teresa-Laiz.jpg\" alt=\"Farruquito &amp; Teresa Laiz\" title=\"Farruquito &amp; Teresa Laiz\" class=\"easingslider-image easingslider-lazy\" \/><\/a><\/div><div class=\"easingslider-slide\"><a href=\"none\" target=\"\"><img decoding=\"async\" src=\"https:\/\/teresalaiz.com\/web\/wp-content\/plugins\/easing-slider\/assets\/images\/placeholder-pixel.png\" data-src=\"https:\/\/teresalaiz.com\/web\/wp-content\/uploads\/2015\/12\/Angel-Corella-Teresa-Laiz.jpg\" alt=\"Angel Corella &amp; Teresa Laiz\" title=\"Angel Corella &amp; Teresa Laiz\" class=\"easingslider-image easingslider-lazy\" \/><\/a><\/div><div class=\"easingslider-slide\"><a href=\"none\" target=\"\"><img decoding=\"async\" src=\"https:\/\/teresalaiz.com\/web\/wp-content\/plugins\/easing-slider\/assets\/images\/placeholder-pixel.png\" data-src=\"https:\/\/teresalaiz.com\/web\/wp-content\/uploads\/2015\/12\/9d83242596238cc8a72382e70452e8cf.jpg\" alt=\"Teresa Laiz &amp; Juan Carlos L\u00e9rida\" title=\"Teresa Laiz &amp; Juan Carlos L\u00e9rida\" class=\"easingslider-image easingslider-lazy\" \/><\/a><\/div><div class=\"easingslider-slide\"><a href=\"none\" target=\"\"><img decoding=\"async\" src=\"https:\/\/teresalaiz.com\/web\/wp-content\/plugins\/easing-slider\/assets\/images\/placeholder-pixel.png\" data-src=\"https:\/\/teresalaiz.com\/web\/wp-content\/uploads\/2017\/01\/Teresa-Laiz-Candela-Soto.jpg\" alt=\"Teresa Laiz &amp; Candela Soto\" title=\"Teresa Laiz &amp; Candela Soto\" class=\"easingslider-image easingslider-lazy\" \/><\/a><\/div><div class=\"easingslider-slide\"><a href=\"none\" target=\"\"><img decoding=\"async\" src=\"https:\/\/teresalaiz.com\/web\/wp-content\/plugins\/easing-slider\/assets\/images\/placeholder-pixel.png\" data-src=\"https:\/\/teresalaiz.com\/web\/wp-content\/uploads\/2015\/12\/Ricao-Teresa-Laiz1.jpg\" alt=\"Ricao &amp; Teresa Laiz\" title=\"Ricao &amp; Teresa Laiz\" class=\"easingslider-image easingslider-lazy\" \/><\/a><\/div><div class=\"easingslider-slide\"><a href=\"none\" target=\"\"><img decoding=\"async\" src=\"https:\/\/teresalaiz.com\/web\/wp-content\/plugins\/easing-slider\/assets\/images\/placeholder-pixel.png\" data-src=\"https:\/\/teresalaiz.com\/web\/wp-content\/uploads\/2015\/12\/e369e9595b79bb9e12a89feeeafae080.jpg\" alt=\"Teresa Laiz &amp; Pere Bah\u00ed\" title=\"Teresa Laiz &amp; Pere Bah\u00ed\" class=\"easingslider-image easingslider-lazy\" \/><\/a><\/div><div class=\"easingslider-slide\"><a href=\"none\" target=\"\"><img decoding=\"async\" src=\"https:\/\/teresalaiz.com\/web\/wp-content\/plugins\/easing-slider\/assets\/images\/placeholder-pixel.png\" data-src=\"https:\/\/teresalaiz.com\/web\/wp-content\/uploads\/2015\/12\/3539652567d8a756fac135b6a62a2360.jpg\" alt=\"Teresa Laiz &amp; Llu\u00eds Costa\" title=\"Teresa Laiz &amp; Llu\u00eds Costa\" class=\"easingslider-image easingslider-lazy\" \/><\/a><\/div><div class=\"easingslider-slide\"><a href=\"none\" target=\"\"><img decoding=\"async\" src=\"https:\/\/teresalaiz.com\/web\/wp-content\/plugins\/easing-slider\/assets\/images\/placeholder-pixel.png\" data-src=\"https:\/\/teresalaiz.com\/web\/wp-content\/uploads\/2015\/12\/Baronesa-Thyssen-Teresa-Laiz.jpg\" alt=\"Baronesa Thyssen &amp; Teresa Laiz\" title=\"Baronesa Thyssen &amp; Teresa Laiz\" class=\"easingslider-image easingslider-lazy\" \/><\/a><\/div><div class=\"easingslider-slide\"><a href=\"none\" target=\"\"><img decoding=\"async\" src=\"https:\/\/teresalaiz.com\/web\/wp-content\/plugins\/easing-slider\/assets\/images\/placeholder-pixel.png\" data-src=\"https:\/\/teresalaiz.com\/web\/wp-content\/uploads\/2015\/12\/Baronesa-Thyssen-y-Teresa-Laiz.jpg\" alt=\"Baronesa Thyssen &amp; Teresa Laiz\" title=\"Baronesa Thyssen &amp; Teresa Laiz\" class=\"easingslider-image easingslider-lazy\" \/><\/a><\/div><div class=\"easingslider-slide\"><a href=\"none\" target=\"\"><img decoding=\"async\" src=\"https:\/\/teresalaiz.com\/web\/wp-content\/plugins\/easing-slider\/assets\/images\/placeholder-pixel.png\" data-src=\"https:\/\/teresalaiz.com\/web\/wp-content\/uploads\/2015\/12\/Teresa-Laiz-y-Borja-Thyssen.jpg\" alt=\"Teresa Laiz &amp; Borja Thyssen\" title=\"Teresa Laiz &amp; Borja Thyssen\" class=\"easingslider-image easingslider-lazy\" \/><\/a><\/div><div class=\"easingslider-slide\"><a href=\"none\" target=\"\"><img decoding=\"async\" src=\"https:\/\/teresalaiz.com\/web\/wp-content\/plugins\/easing-slider\/assets\/images\/placeholder-pixel.png\" data-src=\"https:\/\/teresalaiz.com\/web\/wp-content\/uploads\/2015\/12\/Teresa-Laiz-Borja-Thyssen.jpg\" alt=\"Teresa Laiz &amp; Borja Thyssen\" title=\"Teresa Laiz &amp; Borja Thyssen\" class=\"easingslider-image easingslider-lazy\" \/><\/a><\/div><div class=\"easingslider-slide\"><a href=\"none\" target=\"\"><img decoding=\"async\" src=\"https:\/\/teresalaiz.com\/web\/wp-content\/plugins\/easing-slider\/assets\/images\/placeholder-pixel.png\" data-src=\"https:\/\/teresalaiz.com\/web\/wp-content\/uploads\/2015\/12\/511a55f762fdc59a582c339532d664b6.jpg\" alt=\"Poes\u00eda de Irene Mayoral a Teresa Laiz\" title=\"Poes\u00eda de Irene Mayoral a Teresa Laiz\" class=\"easingslider-image easingslider-lazy\" \/><\/a><\/div><div class=\"easingslider-slide\"><a href=\"none\" target=\"\"><img decoding=\"async\" src=\"https:\/\/teresalaiz.com\/web\/wp-content\/plugins\/easing-slider\/assets\/images\/placeholder-pixel.png\" data-src=\"https:\/\/teresalaiz.com\/web\/wp-content\/uploads\/2015\/12\/a1c251d7ff4087c93e5b22d6c27ca4c6.jpg\" alt=\"TV CyL. - Teresa Laiz - Concertista de Casta\u00f1uelas\" title=\"TV CyL. - Teresa Laiz - Concertista de Casta\u00f1uelas\" class=\"easingslider-image easingslider-lazy\" \/><\/a><\/div><div class=\"easingslider-slide\"><a href=\"none\" target=\"\"><img decoding=\"async\" src=\"https:\/\/teresalaiz.com\/web\/wp-content\/plugins\/easing-slider\/assets\/images\/placeholder-pixel.png\" data-src=\"https:\/\/teresalaiz.com\/web\/wp-content\/uploads\/2015\/12\/TV-Zamora.jpg\" alt=\"TV Zamora - Teresa Laiz - Casta\u00f1uelas\" title=\"TV Zamora - Teresa Laiz - Casta\u00f1uelas\" class=\"easingslider-image easingslider-lazy\" \/><\/a><\/div><div class=\"easingslider-slide\"><a href=\"none\" target=\"\"><img decoding=\"async\" src=\"https:\/\/teresalaiz.com\/web\/wp-content\/plugins\/easing-slider\/assets\/images\/placeholder-pixel.png\" data-src=\"https:\/\/teresalaiz.com\/web\/wp-content\/uploads\/2015\/12\/Teresa-Laiz-Banda-Municipal-de-Villarrobledo.jpg\" alt=\"Teresa Laiz &amp; Banda Municipal de Villarrobledo\" title=\"Teresa Laiz &amp; Banda Municipal de Villarrobledo\" class=\"easingslider-image easingslider-lazy\" \/><\/a><\/div><div class=\"easingslider-slide\"><a href=\"none\" target=\"\"><img decoding=\"async\" src=\"https:\/\/teresalaiz.com\/web\/wp-content\/plugins\/easing-slider\/assets\/images\/placeholder-pixel.png\" data-src=\"https:\/\/teresalaiz.com\/web\/wp-content\/uploads\/2015\/12\/c34697ff58da749341b4e643d60eb7d3.jpg\" alt=\"Teresa Laiz &amp; Quartet S\u00f3nor\" title=\"Teresa Laiz &amp; Quartet S\u00f3nor\" class=\"easingslider-image easingslider-lazy\" \/><\/a><\/div><div class=\"easingslider-slide\"><a href=\"none\" target=\"\"><img decoding=\"async\" src=\"https:\/\/teresalaiz.com\/web\/wp-content\/plugins\/easing-slider\/assets\/images\/placeholder-pixel.png\" data-src=\"https:\/\/teresalaiz.com\/web\/wp-content\/uploads\/2015\/12\/Pedro-Burruezo-Teresa-Laiz.jpg\" alt=\"Pedro Burruezo &amp; Teresa Laiz\" title=\"Pedro Burruezo &amp; Teresa Laiz\" class=\"easingslider-image easingslider-lazy\" \/><\/a><\/div><div class=\"easingslider-slide\"><a href=\"none\" target=\"\"><img decoding=\"async\" src=\"https:\/\/teresalaiz.com\/web\/wp-content\/plugins\/easing-slider\/assets\/images\/placeholder-pixel.png\" data-src=\"https:\/\/teresalaiz.com\/web\/wp-content\/uploads\/2015\/12\/Teresa-Laiz.jpg\" alt=\"Teresa Laiz - Concertista de Casta\u00f1uelas\" title=\"Teresa Laiz - Concertista de Casta\u00f1uelas\" class=\"easingslider-image easingslider-lazy\" \/><\/a><\/div><div class=\"easingslider-slide\"><a href=\"none\" target=\"\"><img decoding=\"async\" src=\"https:\/\/teresalaiz.com\/web\/wp-content\/plugins\/easing-slider\/assets\/images\/placeholder-pixel.png\" data-src=\"https:\/\/teresalaiz.com\/web\/wp-content\/uploads\/2015\/12\/73055527c885945d32258af8674b6fbf1.jpg\" alt=\"Teresa Sierra &amp; Teresa Laiz\" title=\"Teresa Sierra &amp; Teresa Laiz\" class=\"easingslider-image easingslider-lazy\" \/><\/a><\/div><div class=\"easingslider-slide\"><a href=\"none\" target=\"\"><img decoding=\"async\" src=\"https:\/\/teresalaiz.com\/web\/wp-content\/plugins\/easing-slider\/assets\/images\/placeholder-pixel.png\" data-src=\"https:\/\/teresalaiz.com\/web\/wp-content\/uploads\/2015\/12\/626ebbe7f05af7bd095c829440112d9a.jpg\" alt=\"Teresa Laiz - Concertista de Casta\u00f1uelas\" title=\"Teresa Laiz - Concertista de Casta\u00f1uelas\" class=\"easingslider-image easingslider-lazy\" \/><\/a><\/div><div class=\"easingslider-slide\"><a href=\"none\" target=\"\"><img decoding=\"async\" src=\"https:\/\/teresalaiz.com\/web\/wp-content\/plugins\/easing-slider\/assets\/images\/placeholder-pixel.png\" data-src=\"https:\/\/teresalaiz.com\/web\/wp-content\/uploads\/2015\/12\/Teresa-Laiz-David-Leiva.jpg\" alt=\"Teresa Laiz &amp; David Leiva\" title=\"Teresa Laiz &amp; David Leiva\" class=\"easingslider-image easingslider-lazy\" \/><\/a><\/div><div class=\"easingslider-slide\"><a href=\"none\" target=\"\"><img decoding=\"async\" src=\"https:\/\/teresalaiz.com\/web\/wp-content\/plugins\/easing-slider\/assets\/images\/placeholder-pixel.png\" data-src=\"https:\/\/teresalaiz.com\/web\/wp-content\/uploads\/2015\/12\/f48d3a1b4c8edaaaac39154254d2572b.jpg\" alt=\"Teresa Laiz &amp; Antonio Reyes (Antonio Rodr\u00edguez Real)\" title=\"Teresa Laiz &amp; Antonio Reyes (Antonio Rodr\u00edguez Real)\" class=\"easingslider-image easingslider-lazy\" \/><\/a><\/div><div class=\"easingslider-slide\"><a href=\"none\" target=\"\"><img decoding=\"async\" src=\"https:\/\/teresalaiz.com\/web\/wp-content\/plugins\/easing-slider\/assets\/images\/placeholder-pixel.png\" data-src=\"https:\/\/teresalaiz.com\/web\/wp-content\/uploads\/2015\/12\/21eea5ada6d09bf0c6b25db599352688.jpg\" alt=\"Efrem Garcia i Salinas &amp; Teresa Laiz\" title=\"Efrem Garcia i Salinas &amp; Teresa Laiz\" class=\"easingslider-image easingslider-lazy\" \/><\/a><\/div><div class=\"easingslider-slide\"><a href=\"none\" target=\"\"><img decoding=\"async\" src=\"https:\/\/teresalaiz.com\/web\/wp-content\/plugins\/easing-slider\/assets\/images\/placeholder-pixel.png\" data-src=\"https:\/\/teresalaiz.com\/web\/wp-content\/uploads\/2015\/12\/Teresa-Laiz-Lorca.jpg\" alt=\"Canciones de Lorca - Teresa Laiz Casta\u00f1uelas\" title=\"Laia Frigol\u00e9 &amp; Gina Reyner &amp; Teresa Laiz Casta\u00f1uelas\" class=\"easingslider-image easingslider-lazy\" \/><\/a><\/div><div class=\"easingslider-slide\"><a href=\"none\" target=\"\"><img decoding=\"async\" src=\"https:\/\/teresalaiz.com\/web\/wp-content\/plugins\/easing-slider\/assets\/images\/placeholder-pixel.png\" data-src=\"https:\/\/teresalaiz.com\/web\/wp-content\/uploads\/2015\/12\/Lorca.jpg\" alt=\"Teresa Laiz - Lorca\" title=\"Teresa Laiz - Lorca\" class=\"easingslider-image easingslider-lazy\" \/><\/a><\/div><div class=\"easingslider-slide\"><a href=\"none\" target=\"\"><img decoding=\"async\" src=\"https:\/\/teresalaiz.com\/web\/wp-content\/plugins\/easing-slider\/assets\/images\/placeholder-pixel.png\" data-src=\"https:\/\/teresalaiz.com\/web\/wp-content\/uploads\/2015\/12\/ad25d3df396934bb2aa8d2a214c25d0e.jpg\" alt=\"Teresa Laiz - Casta\u00f1uelas de Concierto\" title=\"Teresa Laiz - Casta\u00f1uelas de Concierto\" class=\"easingslider-image easingslider-lazy\" \/><\/a><\/div><div class=\"easingslider-slide\"><a href=\"none\" target=\"\"><img decoding=\"async\" src=\"https:\/\/teresalaiz.com\/web\/wp-content\/plugins\/easing-slider\/assets\/images\/placeholder-pixel.png\" data-src=\"https:\/\/teresalaiz.com\/web\/wp-content\/uploads\/2015\/12\/Coro.jpg\" alt=\"Coro de Casta\u00f1uelas - Dira. Teresa Laiz\" title=\"Coro de Casta\u00f1uelas - Dira. Teresa Laiz\" class=\"easingslider-image easingslider-lazy\" \/><\/a><\/div><div class=\"easingslider-slide\"><a href=\"none\" target=\"\"><img decoding=\"async\" src=\"https:\/\/teresalaiz.com\/web\/wp-content\/plugins\/easing-slider\/assets\/images\/placeholder-pixel.png\" data-src=\"https:\/\/teresalaiz.com\/web\/wp-content\/uploads\/2015\/12\/6765deedcf3bb04d3c3e56c9e69a5c13.jpg\" alt=\"Teresa Laiz\" title=\"Teresa Laiz\" class=\"easingslider-image easingslider-lazy\" \/><\/a><\/div><div class=\"easingslider-slide\"><a href=\"none\" target=\"\"><img decoding=\"async\" src=\"https:\/\/teresalaiz.com\/web\/wp-content\/plugins\/easing-slider\/assets\/images\/placeholder-pixel.png\" data-src=\"https:\/\/teresalaiz.com\/web\/wp-content\/uploads\/2015\/12\/47c897375bbe248d6feda10cf29e54a21.jpg\" alt=\"Teresa Laiz\" title=\"Teresa Laiz\" class=\"easingslider-image easingslider-lazy\" \/><\/a><\/div><div class=\"easingslider-slide\"><a href=\"none\" target=\"\"><img decoding=\"async\" src=\"https:\/\/teresalaiz.com\/web\/wp-content\/plugins\/easing-slider\/assets\/images\/placeholder-pixel.png\" data-src=\"https:\/\/teresalaiz.com\/web\/wp-content\/uploads\/2015\/12\/Teresa-Laiz-Juan-Carlos-Dos-Santos.jpg\" alt=\"Teresa Laiz &amp; Maestro Juan Carlos Dos Santos\" title=\"Teresa Laiz &amp; Maestro Juan Carlos Dos Santos\" class=\"easingslider-image easingslider-lazy\" \/><\/a><\/div><div class=\"easingslider-slide\"><a href=\"none\" target=\"\"><img decoding=\"async\" src=\"https:\/\/teresalaiz.com\/web\/wp-content\/plugins\/easing-slider\/assets\/images\/placeholder-pixel.png\" data-src=\"https:\/\/teresalaiz.com\/web\/wp-content\/uploads\/2015\/12\/Teresa-Laiz-Dos-Santos.jpg\" alt=\"Maestro Juan Carlos Dos Santos &amp; Teresa Laiz\" title=\"Maestro Juan Carlos Dos Santos &amp; Teresa Laiz\" class=\"easingslider-image easingslider-lazy\" \/><\/a><\/div><div class=\"easingslider-slide\"><a href=\"none\" target=\"\"><img decoding=\"async\" src=\"https:\/\/teresalaiz.com\/web\/wp-content\/plugins\/easing-slider\/assets\/images\/placeholder-pixel.png\" data-src=\"https:\/\/teresalaiz.com\/web\/wp-content\/uploads\/2015\/12\/Concierto-OIDO.jpg\" alt=\"Teresa Laiz &amp; Orquesta O.I.D.O.\" title=\"Teresa Laiz &amp; Orquesta O.I.D.O.\" class=\"easingslider-image easingslider-lazy\" \/><\/a><\/div><div class=\"easingslider-slide\"><a href=\"none\" target=\"\"><img decoding=\"async\" src=\"https:\/\/teresalaiz.com\/web\/wp-content\/plugins\/easing-slider\/assets\/images\/placeholder-pixel.png\" data-src=\"https:\/\/teresalaiz.com\/web\/wp-content\/uploads\/2015\/12\/Concierto-OIDO-Carmen.jpg\" alt=\"Teresa Laiz &amp; Orquesta O.I.D.O.\" title=\"Teresa Laiz &amp; Orquesta O.I.D.O.\" class=\"easingslider-image easingslider-lazy\" \/><\/a><\/div><div class=\"easingslider-slide\"><a href=\"none\" target=\"\"><img decoding=\"async\" src=\"https:\/\/teresalaiz.com\/web\/wp-content\/plugins\/easing-slider\/assets\/images\/placeholder-pixel.png\" data-src=\"https:\/\/teresalaiz.com\/web\/wp-content\/uploads\/2015\/12\/8af8ab9d735815d8ba4bb6190f40b700.jpg\" alt=\"Teresa Laiz &amp; Orquesta O.I.D.O.\" title=\"Teresa Laiz &amp; Orquesta O.I.D.O.\" class=\"easingslider-image easingslider-lazy\" \/><\/a><\/div><div class=\"easingslider-slide\"><a href=\"none\" target=\"\"><img decoding=\"async\" src=\"https:\/\/teresalaiz.com\/web\/wp-content\/plugins\/easing-slider\/assets\/images\/placeholder-pixel.png\" data-src=\"https:\/\/teresalaiz.com\/web\/wp-content\/uploads\/2017\/01\/Teresa-Laiz-O.-JMJ.jpg\" alt=\"Teresa Laiz &amp; Orquesta, Coro y Escolan\u00eda JMJ\" title=\"Teresa Laiz &amp; Orquesta, Coro y Escolan\u00eda JMJ\" class=\"easingslider-image easingslider-lazy\" \/><\/a><\/div><div class=\"easingslider-slide\"><a href=\"none\" target=\"\"><img decoding=\"async\" src=\"https:\/\/teresalaiz.com\/web\/wp-content\/plugins\/easing-slider\/assets\/images\/placeholder-pixel.png\" data-src=\"https:\/\/teresalaiz.com\/web\/wp-content\/uploads\/2015\/12\/Teresa-Laiz-Navarro-Lara.jpg\" alt=\"Teresa Laiz &amp; Maestro Navarro Lara\" title=\"Teresa Laiz &amp; Maestro Navarro Lara\" class=\"easingslider-image easingslider-lazy\" \/><\/a><\/div><div class=\"easingslider-slide\"><a href=\"none\" target=\"\"><img decoding=\"async\" src=\"https:\/\/teresalaiz.com\/web\/wp-content\/plugins\/easing-slider\/assets\/images\/placeholder-pixel.png\" data-src=\"https:\/\/teresalaiz.com\/web\/wp-content\/uploads\/2017\/01\/Jordi-Savall-Teresa-Laiz.jpg\" alt=\"Jordi Savall &amp; Teresa Laiz\" title=\"Jordi Savall &amp; Teresa Laiz\" class=\"easingslider-image easingslider-lazy\" \/><\/a><\/div><div class=\"easingslider-slide\"><a href=\"none\" target=\"\"><img decoding=\"async\" src=\"https:\/\/teresalaiz.com\/web\/wp-content\/plugins\/easing-slider\/assets\/images\/placeholder-pixel.png\" data-src=\"https:\/\/teresalaiz.com\/web\/wp-content\/uploads\/2017\/01\/Gustavo-Dudamel-y-Teresa-Laiz.jpg\" alt=\"Gustavo Dudamel &amp; Teresa Laiz\" title=\"Gustavo Dudamel &amp; Teresa Laiz\" class=\"easingslider-image easingslider-lazy\" \/><\/a><\/div><div class=\"easingslider-slide\"><img decoding=\"async\" src=\"https:\/\/teresalaiz.com\/web\/wp-content\/plugins\/easing-slider\/assets\/images\/placeholder-pixel.png\" data-src=\"https:\/\/teresalaiz.com\/web\/wp-content\/uploads\/2020\/09\/Antonio-Najarro-Teresa-Laiz-scaled.jpg\" alt=\"Antonio Najarro &amp; Teresa Laiz\" title=\"Antonio Najarro &amp; Teresa Laiz\" class=\"easingslider-image easingslider-lazy\" \/><\/div><div class=\"easingslider-slide\"><img decoding=\"async\" src=\"https:\/\/teresalaiz.com\/web\/wp-content\/plugins\/easing-slider\/assets\/images\/placeholder-pixel.png\" data-src=\"https:\/\/teresalaiz.com\/web\/wp-content\/uploads\/2020\/09\/Teresa-Laiz-Ara-Malikian-2-scaled.jpg\" alt=\"Teresa Laiz &amp; Ara Malikian\" title=\"Teresa Laiz &amp; Ara Malikian\" class=\"easingslider-image easingslider-lazy\" \/><\/div><div class=\"easingslider-slide\"><a href=\"none\" target=\"\"><img decoding=\"async\" src=\"https:\/\/teresalaiz.com\/web\/wp-content\/plugins\/easing-slider\/assets\/images\/placeholder-pixel.png\" data-src=\"https:\/\/teresalaiz.com\/web\/wp-content\/uploads\/2015\/12\/00d1062aa43105d6278f4363dde6601f.jpg\" alt=\"Teresa Laiz - Pintor Ram\u00f3n Guti\u00e9rrez\" title=\"Teresa Laiz - Pintor Ram\u00f3n Guti\u00e9rrez\" class=\"easingslider-image easingslider-lazy\" \/><\/a><\/div><div class=\"easingslider-slide\"><a href=\"none\" target=\"\"><img decoding=\"async\" src=\"https:\/\/teresalaiz.com\/web\/wp-content\/plugins\/easing-slider\/assets\/images\/placeholder-pixel.png\" data-src=\"https:\/\/teresalaiz.com\/web\/wp-content\/uploads\/2015\/12\/075e9129d65516e3cd5482b49268504d.jpg\" alt=\"Teresa Laiz y alumnas - Pintor Ram\u00f3n Guti\u00e9rrez\" title=\"Teresa Laiz y alumnas - Pintor Ram\u00f3n Guti\u00e9rrez\" class=\"easingslider-image easingslider-lazy\" \/><\/a><\/div><div class=\"easingslider-slide\"><a href=\"none\" target=\"\"><img decoding=\"async\" src=\"https:\/\/teresalaiz.com\/web\/wp-content\/plugins\/easing-slider\/assets\/images\/placeholder-pixel.png\" data-src=\"https:\/\/teresalaiz.com\/web\/wp-content\/uploads\/2015\/12\/fbaa551d2842c7d5c4b776a49f38f8d9.jpg\" alt=\"Teresa Laiz - Bailarina\" title=\"Teresa Laiz - Bailarina\" class=\"easingslider-image easingslider-lazy\" \/><\/a><\/div><div class=\"easingslider-slide\"><a href=\"none\" target=\"\"><img decoding=\"async\" src=\"https:\/\/teresalaiz.com\/web\/wp-content\/plugins\/easing-slider\/assets\/images\/placeholder-pixel.png\" data-src=\"https:\/\/teresalaiz.com\/web\/wp-content\/uploads\/2015\/12\/Cancan.jpg\" alt=\"Teresa Laiz - French Cancan\" title=\"Teresa Laiz - French Cancan\" class=\"easingslider-image easingslider-lazy\" \/><\/a><\/div><div class=\"easingslider-slide\"><a href=\"none\" target=\"\"><img decoding=\"async\" src=\"https:\/\/teresalaiz.com\/web\/wp-content\/plugins\/easing-slider\/assets\/images\/placeholder-pixel.png\" data-src=\"https:\/\/teresalaiz.com\/web\/wp-content\/uploads\/2015\/12\/cd98310651d663d3ad9d701ea0184eef.jpg\" alt=\"Teresa Laiz - Chotis madrile\u00f1o con casta\u00f1uelas\" title=\"Teresa Laiz - Chotis madrile\u00f1o con casta\u00f1uelas\" class=\"easingslider-image easingslider-lazy\" \/><\/a><\/div><div class=\"easingslider-slide\"><a href=\"none\" target=\"\"><img decoding=\"async\" src=\"https:\/\/teresalaiz.com\/web\/wp-content\/plugins\/easing-slider\/assets\/images\/placeholder-pixel.png\" data-src=\"https:\/\/teresalaiz.com\/web\/wp-content\/uploads\/2015\/12\/Teresa-Laiz-Zarzuela.jpg\" alt=\"Teresa Laiz - Zarzuela con casta\u00f1uelas\" title=\"Teresa Laiz - Zarzuela con casta\u00f1uelas\" class=\"easingslider-image easingslider-lazy\" \/><\/a><\/div><div class=\"easingslider-slide\"><a href=\"none\" target=\"\"><img decoding=\"async\" src=\"https:\/\/teresalaiz.com\/web\/wp-content\/plugins\/easing-slider\/assets\/images\/placeholder-pixel.png\" data-src=\"https:\/\/teresalaiz.com\/web\/wp-content\/uploads\/2015\/12\/a2878ce27b1dfc04f75d6cb3b810416a.jpg\" alt=\"Teresa Laiz &amp; Co. - Casta\u00f1uelas\" title=\"Teresa Laiz &amp; Co. - Casta\u00f1uelas\" class=\"easingslider-image easingslider-lazy\" \/><\/a><\/div><div class=\"easingslider-slide\"><a href=\"none\" target=\"\"><img decoding=\"async\" src=\"https:\/\/teresalaiz.com\/web\/wp-content\/plugins\/easing-slider\/assets\/images\/placeholder-pixel.png\" data-src=\"https:\/\/teresalaiz.com\/web\/wp-content\/uploads\/2015\/12\/39c07e4b56a791b452544643926440f0.jpg\" alt=\"Teresa Laiz &amp; Jes\u00fas Ag\u00fcero\" title=\"Teresa Laiz &amp; Jes\u00fas Ag\u00fcero\" class=\"easingslider-image easingslider-lazy\" \/><\/a><\/div><div class=\"easingslider-slide\"><a href=\"none\" target=\"\"><img decoding=\"async\" src=\"https:\/\/teresalaiz.com\/web\/wp-content\/plugins\/easing-slider\/assets\/images\/placeholder-pixel.png\" data-src=\"https:\/\/teresalaiz.com\/web\/wp-content\/uploads\/2015\/12\/Linda-Hadj-Teresa-Laiz.jpg\" alt=\"Linda Hadj &amp; Teresa Laiz\" title=\"Linda Hadj &amp; Teresa Laiz\" class=\"easingslider-image easingslider-lazy\" \/><\/a><\/div><div class=\"easingslider-slide\"><a href=\"none\" target=\"\"><img decoding=\"async\" src=\"https:\/\/teresalaiz.com\/web\/wp-content\/plugins\/easing-slider\/assets\/images\/placeholder-pixel.png\" data-src=\"https:\/\/teresalaiz.com\/web\/wp-content\/uploads\/2015\/12\/daf00498991dbc35fae9fba81f89fc60.jpg\" alt=\"Teresa Laiz - Clown &amp; Casta\u00f1uelas\" title=\"Teresa Laiz - Clown &amp; Casta\u00f1uelas\" class=\"easingslider-image easingslider-lazy\" \/><\/a><\/div><div class=\"easingslider-slide\"><a href=\"none\" target=\"\"><img decoding=\"async\" src=\"https:\/\/teresalaiz.com\/web\/wp-content\/plugins\/easing-slider\/assets\/images\/placeholder-pixel.png\" data-src=\"https:\/\/teresalaiz.com\/web\/wp-content\/uploads\/2015\/12\/7dcffd54fe76692d8313e270faeaf111.jpg\" alt=\"Teresa Laiz - Clown &amp; Casta\u00f1uelas\" title=\"Teresa Laiz - Clown &amp; Casta\u00f1uelas\" class=\"easingslider-image easingslider-lazy\" \/><\/a><\/div><div class=\"easingslider-slide\"><a href=\"none\" target=\"\"><img decoding=\"async\" src=\"https:\/\/teresalaiz.com\/web\/wp-content\/plugins\/easing-slider\/assets\/images\/placeholder-pixel.png\" data-src=\"https:\/\/teresalaiz.com\/web\/wp-content\/uploads\/2015\/12\/ea365888e38b22854d61c6538e6e5efe.jpg\" alt=\"Teresa Laiz - Clown &amp; Casta\u00f1uelas\" title=\"Teresa Laiz - Clown &amp; Casta\u00f1uelas\" class=\"easingslider-image easingslider-lazy\" \/><\/a><\/div><\/div><\/p>\n","protected":false},"excerpt":{"rendered":"","protected":false},"author":1,"featured_media":0,"parent":0,"menu_order":0,"comment_status":"closed","ping_status":"closed","template":"templates\/full-width.php","meta":{"footnotes":""},"yoast_head":"<!-- This site is optimized with the Yoast SEO plugin v22.7 - https:\/\/yoast.com\/wordpress\/plugins\/seo\/ -->\n<title>Fotos - Teresa Laiz<\/title>\n<meta name=\"robots\" content=\"index, follow, max-snippet:-1, max-image-preview:large, max-video-preview:-1\" \/>\n<link rel=\"canonical\" href=\"https:\/\/teresalaiz.com\/web\/fotos\/\" \/>\n<meta property=\"og:locale\" content=\"es_ES\" \/>\n<meta property=\"og:type\" content=\"article\" \/>\n<meta property=\"og:title\" content=\"Fotos - Teresa Laiz\" \/>\n<meta property=\"og:url\" content=\"https:\/\/teresalaiz.com\/web\/fotos\/\" \/>\n<meta property=\"og:site_name\" content=\"Teresa Laiz\" \/>\n<meta property=\"article:modified_time\" content=\"2021-10-24T00:58:32+00:00\" \/>\n<meta name=\"twitter:card\" content=\"summary_large_image\" \/>\n<meta name=\"twitter:label1\" content=\"Tiempo de lectura\" \/>\n\t<meta name=\"twitter:data1\" content=\"1 minuto\" \/>\n<script type=\"application\/ld+json\" class=\"yoast-schema-graph\">{\"@context\":\"https:\/\/schema.org\",\"@graph\":[{\"@type\":\"WebPage\",\"@id\":\"https:\/\/teresalaiz.com\/web\/fotos\/\",\"url\":\"https:\/\/teresalaiz.com\/web\/fotos\/\",\"name\":\"Fotos - Teresa Laiz\",\"isPartOf\":{\"@id\":\"https:\/\/teresalaiz.com\/web\/#website\"},\"datePublished\":\"2015-12-14T17:40:01+00:00\",\"dateModified\":\"2021-10-24T00:58:32+00:00\",\"breadcrumb\":{\"@id\":\"https:\/\/teresalaiz.com\/web\/fotos\/#breadcrumb\"},\"inLanguage\":\"es\",\"potentialAction\":[{\"@type\":\"ReadAction\",\"target\":[\"https:\/\/teresalaiz.com\/web\/fotos\/\"]}]},{\"@type\":\"BreadcrumbList\",\"@id\":\"https:\/\/teresalaiz.com\/web\/fotos\/#breadcrumb\",\"itemListElement\":[{\"@type\":\"ListItem\",\"position\":1,\"name\":\"Portada\",\"item\":\"https:\/\/teresalaiz.com\/web\/\"},{\"@type\":\"ListItem\",\"position\":2,\"name\":\"Fotos\"}]},{\"@type\":\"WebSite\",\"@id\":\"https:\/\/teresalaiz.com\/web\/#website\",\"url\":\"https:\/\/teresalaiz.com\/web\/\",\"name\":\"Teresa Laiz\",\"description\":\"Casta\u00f1uelas, Conciertos de Casta\u00f1uelas, Cursos de Casta\u00f1uelas, Festival Internacional de Casta\u00f1uelas, M\u00e9todo de Casta\u00f1uelas, Castanets, Castagnettes, Kastagnetten, \u30ab\u30b9\u30bf\u30cd\u30c3\u30c8\",\"potentialAction\":[{\"@type\":\"SearchAction\",\"target\":{\"@type\":\"EntryPoint\",\"urlTemplate\":\"https:\/\/teresalaiz.com\/web\/?s={search_term_string}\"},\"query-input\":\"required name=search_term_string\"}],\"inLanguage\":\"es\"}]}<\/script>\n<!-- \/ Yoast SEO plugin. -->","yoast_head_json":{"title":"Fotos - Teresa Laiz","robots":{"index":"index","follow":"follow","max-snippet":"max-snippet:-1","max-image-preview":"max-image-preview:large","max-video-preview":"max-video-preview:-1"},"canonical":"https:\/\/teresalaiz.com\/web\/fotos\/","og_locale":"es_ES","og_type":"article","og_title":"Fotos - Teresa Laiz","og_url":"https:\/\/teresalaiz.com\/web\/fotos\/","og_site_name":"Teresa Laiz","article_modified_time":"2021-10-24T00:58:32+00:00","twitter_card":"summary_large_image","twitter_misc":{"Tiempo de lectura":"1 minuto"},"schema":{"@context":"https:\/\/schema.org","@graph":[{"@type":"WebPage","@id":"https:\/\/teresalaiz.com\/web\/fotos\/","url":"https:\/\/teresalaiz.com\/web\/fotos\/","name":"Fotos - Teresa Laiz","isPartOf":{"@id":"https:\/\/teresalaiz.com\/web\/#website"},"datePublished":"2015-12-14T17:40:01+00:00","dateModified":"2021-10-24T00:58:32+00:00","breadcrumb":{"@id":"https:\/\/teresalaiz.com\/web\/fotos\/#breadcrumb"},"inLanguage":"es","potentialAction":[{"@type":"ReadAction","target":["https:\/\/teresalaiz.com\/web\/fotos\/"]}]},{"@type":"BreadcrumbList","@id":"https:\/\/teresalaiz.com\/web\/fotos\/#breadcrumb","itemListElement":[{"@type":"ListItem","position":1,"name":"Portada","item":"https:\/\/teresalaiz.com\/web\/"},{"@type":"ListItem","position":2,"name":"Fotos"}]},{"@type":"WebSite","@id":"https:\/\/teresalaiz.com\/web\/#website","url":"https:\/\/teresalaiz.com\/web\/","name":"Teresa Laiz","description":"Casta\u00f1uelas, Conciertos de Casta\u00f1uelas, Cursos de Casta\u00f1uelas, Festival Internacional de Casta\u00f1uelas, M\u00e9todo de Casta\u00f1uelas, Castanets, Castagnettes, Kastagnetten, \u30ab\u30b9\u30bf\u30cd\u30c3\u30c8","potentialAction":[{"@type":"SearchAction","target":{"@type":"EntryPoint","urlTemplate":"https:\/\/teresalaiz.com\/web\/?s={search_term_string}"},"query-input":"required name=search_term_string"}],"inLanguage":"es"}]}},"jetpack_sharing_enabled":true,"jetpack_shortlink":"https:\/\/wp.me\/P702QQ-7i","jetpack_likes_enabled":true,"_links":{"self":[{"href":"https:\/\/teresalaiz.com\/web\/wp-json\/wp\/v2\/pages\/452"}],"collection":[{"href":"https:\/\/teresalaiz.com\/web\/wp-json\/wp\/v2\/pages"}],"about":[{"href":"https:\/\/teresalaiz.com\/web\/wp-json\/wp\/v2\/types\/page"}],"author":[{"embeddable":true,"href":"https:\/\/teresalaiz.com\/web\/wp-json\/wp\/v2\/users\/1"}],"replies":[{"embeddable":true,"href":"https:\/\/teresalaiz.com\/web\/wp-json\/wp\/v2\/comments?post=452"}],"version-history":[{"count":0,"href":"https:\/\/teresalaiz.com\/web\/wp-json\/wp\/v2\/pages\/452\/revisions"}],"wp:attachment":[{"href":"https:\/\/teresalaiz.com\/web\/wp-json\/wp\/v2\/media?parent=452"}],"curies":[{"name":"wp","href":"https:\/\/api.w.org\/{rel}","templated":true}]}}