{"id":647,"date":"2015-12-17T22:41:18","date_gmt":"2015-12-17T22:41:18","guid":{"rendered":"https:\/\/teresalaiz.com\/web\/?page_id=647"},"modified":"2024-12-22T13:47:57","modified_gmt":"2024-12-22T13:47:57","slug":"festival-internacional-de-castanuelas","status":"publish","type":"page","link":"https:\/\/teresalaiz.com\/web\/festival-internacional-de-castanuelas\/","title":{"rendered":"IX Festival Internacional de Casta\u00f1uelas"},"content":{"rendered":"<p style=\"text-align: center;\">Paseos por el centro de Madrid<img loading=\"lazy\" decoding=\"async\" class=\"aligncenter wp-image-3109 size-large\" src=\"https:\/\/teresalaiz.com\/web\/wp-content\/uploads\/2023\/01\/Festival-FIC14-web-683x1024.jpg\" alt=\"\" width=\"683\" height=\"1024\" srcset=\"https:\/\/teresalaiz.com\/web\/wp-content\/uploads\/2023\/01\/Festival-FIC14-web-683x1024.jpg 683w, https:\/\/teresalaiz.com\/web\/wp-content\/uploads\/2023\/01\/Festival-FIC14-web-200x300.jpg 200w, https:\/\/teresalaiz.com\/web\/wp-content\/uploads\/2023\/01\/Festival-FIC14-web-768x1152.jpg 768w, https:\/\/teresalaiz.com\/web\/wp-content\/uploads\/2023\/01\/Festival-FIC14-web-1024x1536.jpg 1024w, https:\/\/teresalaiz.com\/web\/wp-content\/uploads\/2023\/01\/Festival-FIC14-web-1365x2048.jpg 1365w, https:\/\/teresalaiz.com\/web\/wp-content\/uploads\/2023\/01\/Festival-FIC14-web-scaled.jpg 1280w\" sizes=\"(max-width: 683px) 100vw, 683px\" \/><\/p>\n<p style=\"text-align: center;\"><span style=\"font-size: 18pt;\"><span style=\"font-family: book antiqua, palatino, serif; font-size: 24pt;\">IX Festival Internacional de Casta\u00f1uelas<\/span><br \/>\n<em>Del 24 al 26 Febrero 2023<\/em><\/span><\/p>\n<p style=\"text-align: center;\"><span style=\"font-size: 18pt;\">Programa General<\/span><\/p>\n<p style=\"text-align: justify;\"><a href=\"https:\/\/especiales.teatroflamencomadrid.com\/\" target=\"_blank\" rel=\"noopener\"><img loading=\"lazy\" decoding=\"async\" class=\"alignleft wp-image-3023\" src=\"https:\/\/teresalaiz.com\/web\/wp-content\/uploads\/2022\/12\/I-Concurso-Internacional-de-Castanuelas-pequeno-scaled.jpg\" alt=\"Cartel Concurso Casta\u00f1uelas\" width=\"313\" height=\"470\" srcset=\"https:\/\/teresalaiz.com\/web\/wp-content\/uploads\/2022\/12\/I-Concurso-Internacional-de-Castanuelas-pequeno-scaled.jpg 1280w, https:\/\/teresalaiz.com\/web\/wp-content\/uploads\/2022\/12\/I-Concurso-Internacional-de-Castanuelas-pequeno-200x300.jpg 200w, https:\/\/teresalaiz.com\/web\/wp-content\/uploads\/2022\/12\/I-Concurso-Internacional-de-Castanuelas-pequeno-683x1024.jpg 683w, https:\/\/teresalaiz.com\/web\/wp-content\/uploads\/2022\/12\/I-Concurso-Internacional-de-Castanuelas-pequeno-768x1152.jpg 768w, https:\/\/teresalaiz.com\/web\/wp-content\/uploads\/2022\/12\/I-Concurso-Internacional-de-Castanuelas-pequeno-1024x1536.jpg 1024w, https:\/\/teresalaiz.com\/web\/wp-content\/uploads\/2022\/12\/I-Concurso-Internacional-de-Castanuelas-pequeno-1365x2048.jpg 1365w\" sizes=\"(max-width: 313px) 100vw, 313px\" \/><\/a><a href=\"https:\/\/entradas.teatrolara.com\/entradas.teatrolara\/es_ES\/entradas\/evento\/27055\/session\/1529468\/select?viewCode=blockmap\" target=\"_blank\" rel=\"noopener\"><img loading=\"lazy\" decoding=\"async\" class=\"alignleft wp-image-2981\" src=\"https:\/\/teresalaiz.com\/web\/wp-content\/uploads\/2022\/12\/Cartel-Solistas14-pequeno-scaled.jpg\" alt=\"Gala Solistas, Maestros y Agrupaciones\" width=\"313\" height=\"470\" srcset=\"https:\/\/teresalaiz.com\/web\/wp-content\/uploads\/2022\/12\/Cartel-Solistas14-pequeno-scaled.jpg 1280w, https:\/\/teresalaiz.com\/web\/wp-content\/uploads\/2022\/12\/Cartel-Solistas14-pequeno-200x300.jpg 200w, https:\/\/teresalaiz.com\/web\/wp-content\/uploads\/2022\/12\/Cartel-Solistas14-pequeno-683x1024.jpg 683w, https:\/\/teresalaiz.com\/web\/wp-content\/uploads\/2022\/12\/Cartel-Solistas14-pequeno-768x1152.jpg 768w, https:\/\/teresalaiz.com\/web\/wp-content\/uploads\/2022\/12\/Cartel-Solistas14-pequeno-1024x1536.jpg 1024w, https:\/\/teresalaiz.com\/web\/wp-content\/uploads\/2022\/12\/Cartel-Solistas14-pequeno-1365x2048.jpg 1365w\" sizes=\"(max-width: 313px) 100vw, 313px\" \/><\/a> <a href=\"https:\/\/butacaoro.com\/espectaculo\/ix-festival-internacional-de-castanuelas-gala-grandes-figuras\/\" target=\"_blank\" rel=\"noopener\"><img loading=\"lazy\" decoding=\"async\" class=\"alignleft wp-image-2984\" src=\"https:\/\/teresalaiz.com\/web\/wp-content\/uploads\/2022\/12\/Cartel-Grandes-Figuras14-pequeno-scaled.jpg\" alt=\"Gala Grandes Figuras de la Casta\u00f1uela\" width=\"313\" height=\"470\" srcset=\"https:\/\/teresalaiz.com\/web\/wp-content\/uploads\/2022\/12\/Cartel-Grandes-Figuras14-pequeno-scaled.jpg 1280w, https:\/\/teresalaiz.com\/web\/wp-content\/uploads\/2022\/12\/Cartel-Grandes-Figuras14-pequeno-200x300.jpg 200w, https:\/\/teresalaiz.com\/web\/wp-content\/uploads\/2022\/12\/Cartel-Grandes-Figuras14-pequeno-683x1024.jpg 683w, https:\/\/teresalaiz.com\/web\/wp-content\/uploads\/2022\/12\/Cartel-Grandes-Figuras14-pequeno-768x1152.jpg 768w, https:\/\/teresalaiz.com\/web\/wp-content\/uploads\/2022\/12\/Cartel-Grandes-Figuras14-pequeno-1024x1536.jpg 1024w, https:\/\/teresalaiz.com\/web\/wp-content\/uploads\/2022\/12\/Cartel-Grandes-Figuras14-pequeno-1365x2048.jpg 1365w\" sizes=\"(max-width: 313px) 100vw, 313px\" \/><\/a><\/p>\n<p>&nbsp;<\/p>\n<p>&nbsp;<\/p>\n<p>&nbsp;<\/p>\n<p>&nbsp;<\/p>\n<p>&nbsp;<\/p>\n<p>&nbsp;<\/p>\n<p>&nbsp;<\/p>\n<h3 style=\"text-align: center;\"><span style=\"font-size: 36pt;\"><strong><span style=\"color: #ff0000;\">ENTRADAS<br \/>\n<\/span><\/strong><\/span><span style=\"font-size: 12pt;\"><strong><span style=\"color: #ff0000;\">Compra tus entradas a las 3 Galas haciendo click en cada uno de los carteles de arriba.<br \/>\n<\/span><\/strong><\/span><\/h3>\n<h3 style=\"text-align: center;\"><span style=\"font-size: 12pt; color: #33cccc;\">Todas las Masterclass est\u00e1n orientadas de tal forma que que puedan tomarlas tanto concertistas como bailarines y contienen una parte informativa\/Te\u00f3rica y otra pr\u00e1ctica.<\/span><\/h3>\n<p style=\"text-align: center;\"><span style=\"color: #ff6600;\">Si est\u00e1s interesado en participar como Artista en una de las Galas, ponte en contacto: <\/span><br \/>\n<span style=\"color: #ff6600;\">info@teresalaiz.com &#8211; Tf. +34 636739377<\/span><\/p>\n<p style=\"text-align: center;\"><span style=\"font-size: 18pt;\"><strong><span style=\"color: #339966;\">Actividades Socio-Culturales Previas<br \/>\n<span style=\"font-size: 14pt;\">Paseos por el Centro de Madrid<br \/>\n<em>Actividad Gratuita<\/em><br \/>\n<\/span><\/span><\/strong><\/span><\/p>\n<p style=\"text-align: center;\">Martes, 21 de Febrero 2023 &#8211; RETIRO Y ENTORNO PASEO DEL PRADO. PAISAJE DE LA LUZ<br \/>\nMi\u00e9rcoles, 22 de Febrero 2023 &#8211; EL MADRID DE LOS AUSTRIAS<br \/>\nJueves, 23 de Febrero 2023 &#8211; EL MADRID DE LOS BORBONES<br \/>\n<a href=\"https:\/\/teresalaiz.com\/web\/wp-content\/uploads\/2023\/02\/Paseos-por-el-centro-de-Madrid.pdf\" target=\"_blank\" rel=\"noopener\"><span style=\"color: #339966;\"><strong>M\u00e1s informaci\u00f3n<\/strong><\/span><\/a><\/p>\n<p>&nbsp;<\/p>\n<p><span style=\"font-size: 18pt;\"><strong><u>Viernes, 24 Febrero 2023<\/u><\/strong><\/span><\/p>\n<p style=\"text-align: center;\"><em><span style=\"font-size: 14pt;\">&#8211; 13:00 h \u2013 \u00a0 <span style=\"font-size: 18pt;\"><strong>Gala de Semifinales y Finales del I Concurso Internacional de Casta\u00f1uelas \u2018\u2019Teresa Laiz\u2019\u2019<\/strong>.<\/span><\/span><br \/>\n<\/em>\u00a0\u00a0\u00a0\u00a0\u00a0\u00a0\u00a0\u00a0\u00a0\u00a0\u00a0\u00a0\u00a0\u00a0\u00a0\u00a0\u00a0\u00a0\u00a0\u00a0 Teatro Flamenco de Madrid (Teatro Alfil, C\/Pez, n\u00ba 10).<strong><em>\u00a0 <\/em><\/strong>Precio entradas: 20 \u20ac, 25 \u20ac y 50 \u20ac (VIP)<\/p>\n<p style=\"text-align: center;\"><em><span style=\"font-size: 12pt;\">Durante la deliberaci\u00f3n del Jurado antes de la entrega de premios se proyectar\u00e1 el corto <strong><span style=\"color: #808000;\"><a style=\"color: #808000;\" href=\"https:\/\/teresalaiz.com\/web\/wp-content\/uploads\/2023\/02\/Sinopsis-Mujer.pdf\" target=\"_blank\" rel=\"noopener\">\u00abMUJER\u00bb<\/a><\/span><\/strong>,<br \/>\ndirigido y coreografiado por el bailaor Mariano Cruceta.<\/span><br \/>\n<\/em><\/p>\n<p style=\"text-align: center;\"><span style=\"font-size: 12pt;\">Presenta la Gala <em>Mar\u00eda Jes\u00fas S\u00e1nchez Garc\u00eda<\/em><br \/>\nDoctora en Filolog\u00eda y profesora de Literatura.\u00a0 Siempre ha estado relacionada con el mundo del Teatro, primero como actriz en grupos universitarios y despu\u00e9s como directora y dramaturga. Ha obtenido varios premios con sus textos, entre ellos el Premio Buero de Teatro Joven.<\/span><\/p>\n<p style=\"text-align: center;\"><span style=\"color: #993300;\"><a style=\"color: #993300;\" href=\"https:\/\/teresalaiz.com\/web\/wp-content\/uploads\/2023\/02\/Programa-mano-I-Concurso-Castanuelas.pdf\" target=\"_blank\" rel=\"noopener\"><strong>PROGRAMA DE MANO<\/strong><\/a><\/span><\/p>\n<p style=\"text-align: center;\"><a href=\"https:\/\/teresalaiz.com\/web\/wp-content\/uploads\/2023\/02\/Semifinalistas-Listado-con-fotos.pdf\" target=\"_blank\" rel=\"noopener\"><span style=\"text-decoration: underline;\">Semifinalistas<\/span><\/a>:<br \/>\n<span style=\"font-size: 12pt;\">Encarna Garc\u00eda (Concierto) \u2013 Murcia (Espa\u00f1a), Laura Morales (Acompa\u00f1amiento) \u2013 Barcelona (Espa\u00f1a), Sonia de la C\u00e1mara (Concierto) \u2013 Madrid (Espa\u00f1a),\u00a0 Nayra Gonz\u00e1lez \u00a0(Acompa\u00f1amiento) \u2013 Murcia (Espa\u00f1a),\u00a0 Luc\u00eda L\u00f3pez\u00a0 (Acompa\u00f1amiento) \u2013 Murcia (Espa\u00f1a), Pilar Beltr\u00e1n (Acompa\u00f1amiento) \u2013 Madrid (Espa\u00f1a), Sonido de Casta\u00f1uelas (Concierto) \u2013 Madrid (Espa\u00f1a),\u00a0 David P\u00e9rez (Acompa\u00f1amiento) \u2013 Valladolid (Espa\u00f1a), Gabriela Castillo (Concierto) \u2013 C\u00f3rdoba (Espa\u00f1a), Kimberly Uribe (Concierto) \u2013 Gerona (Espa\u00f1a), Escuela de baile Betty Sanchez (Concierto) \u2013 Gerona (Espa\u00f1a), Luc\u00eda Vicedo (Acompa\u00f1amiento) \u2013 Barcelona (Espa\u00f1a), Coro Escola Flamenca de Oeiras (Concierto) \u2013 Lisboa (Portugal),\u00a0 Nora Mu\u00f1oz (Concierto) \u2013 Ciudad de M\u00e9xico (M\u00e9xico), Lupita Boullosa (Concierto) \u2013 Veracruz (M\u00e9xico), Florencia Fourcade (Concierto) \u2013 Mendoza (Argentina), Indhira Guzm\u00e1n (Concierto) \u2013 Bogot\u00e1 (Colombia).<\/span><\/p>\n<p style=\"text-align: center;\"><em>\u00a0\u00a0 Tarde &#8211; \u00a0 <span style=\"font-size: 18pt;\"><strong>Masterclass:<\/strong><\/span><\/em> Centro de Arte Flamenco y Danza Espa\u00f1ola \u2018\u2019Amor de Dios\u2019\u2019 (C\/Santa Isabel, n\u00ba 5) Estudio-4.<br \/>\n<a href=\"https:\/\/teresalaiz.com\/web\/wp-content\/uploads\/2023\/02\/Informacion-Masterclass-IX-Festival-Internacional-de-Castanuelas-2023.pdf\" target=\"_blank\" rel=\"noopener\">M\u00e1s info Masterclass<\/a><\/p>\n<p><em>&#8211; 17:00 h \u2013 <\/em>Prof\u00aa. Teresa Laiz<em> \u201cC\u00f3mo improvisar de manera profesional\u201d<\/em><\/p>\n<p><em>&#8211; 18:00 h \u2013 Prof\u00aa. Mar Bezana \u201cExpresi\u00f3n y matices en la interpretaci\u00f3n con las Casta\u00f1uelas\u2019\u2019 <\/em><\/p>\n<p><em>&#8211; 19:00 h \u2013 \u00a0Prof\u00aa. Ludovica Mosca \u201cLas Casta\u00f1uelas en la Danza Barroca Francesa\u201d<\/em><\/p>\n<p><em>&#8211; 20:00 h \u2013 Prof\u00aa. Reyes Le\u00f3n \u201cLa Casta\u00f1uela en las Marchas de Semana Santa\u201d<\/em><\/p>\n<p><em>&#8211; 21:00 h \u2013 Prof\u00aa. Emma Lucena \u201cLa Casta\u00f1uela Tradicional de Castilla\u201d<\/em><\/p>\n<p>&nbsp;<\/p>\n<p><span style=\"font-size: 18pt;\"><strong><u>S\u00e1bado, 25 Febrero 2023<\/u><\/strong><\/span><\/p>\n<p style=\"text-align: left;\">&#8211; 12:30 h <em>\u2013\u00a0 <strong><span style=\"font-size: 18pt;\">Gala Solistas, Maestros y Agrupaciones de Casta\u00f1uelas.<\/span><br \/>\n<\/strong><\/em>\u00a0\u00a0\u00a0\u00a0\u00a0\u00a0\u00a0\u00a0\u00a0\u00a0\u00a0\u00a0\u00a0\u00a0\u00a0\u00a0\u00a0\u00a0\u00a0 Teatro Lara (Corredera Baja de San Pablo, n\u00ba 15). <em>Precio entradas: de 15 \u20ac a 30 \u20ac<\/em><\/p>\n<p style=\"text-align: center;\"><span style=\"font-size: 12pt;\">Presenta la Gala <em>Mar\u00eda Mar\u00edn<\/em><\/span><br \/>\n<span style=\"font-size: 12pt;\">Periodista, lleva 15 a\u00f1os trabajando en los informativos de Telemadrid. Adem\u00e1s, es aficionada a la danza espa\u00f1ola.<\/span><\/p>\n<p style=\"text-align: center;\"><span style=\"color: #993300;\"><a style=\"color: #993300;\" href=\"https:\/\/teresalaiz.com\/web\/wp-content\/uploads\/2023\/02\/Programa-mano-Gala-Teatro-Lara.pdf\" target=\"_blank\" rel=\"noopener\"><strong>PROGRAMA DE MANO<\/strong><\/a><\/span><\/p>\n<p style=\"text-align: center;\"><u>Artistas<\/u>:<br \/>\n<span style=\"color: #000080;\"><a style=\"color: #000080;\" href=\"https:\/\/teresalaiz.com\/web\/wp-content\/uploads\/2023\/02\/NEREA-LOPEZ-BENAVIDES-CV.pdf\" target=\"_blank\" rel=\"noopener\">Nerea L\u00f3pez<\/a>, <a style=\"color: #000080;\" href=\"https:\/\/teresalaiz.com\/web\/wp-content\/uploads\/2023\/02\/Curriculum-Escuela-Mar-Bezana3.pdf\" target=\"_blank\" rel=\"noopener\">Escuela Mar Bezana<\/a><\/span>, <span style=\"color: #000080;\"><a style=\"color: #000080;\" href=\"https:\/\/teresalaiz.com\/web\/wp-content\/uploads\/2023\/02\/Escuela-de-Castanuelas-Teresa-Laiz-CV.pdf\" target=\"_blank\" rel=\"noopener\">Escuela de Casta\u00f1uelas Teresa Laiz<\/a><\/span>, <span style=\"color: #000080;\"><a style=\"color: #000080;\" href=\"https:\/\/teresalaiz.com\/web\/wp-content\/uploads\/2023\/02\/Coro-de-Castanuelas-de-Madrid.pdf\" target=\"_blank\" rel=\"noopener\">Coro de Casta\u00f1uelas de Madrid<\/a><\/span>, <span style=\"color: #000080;\"><a style=\"color: #000080;\" href=\"https:\/\/teresalaiz.com\/web\/wp-content\/uploads\/2023\/02\/Kety-Mendez-Curriculum-breve1.pdf\" target=\"_blank\" rel=\"noopener\">Kety M\u00e9ndez<\/a><\/span>, <span style=\"color: #000080;\"><a style=\"color: #000080;\" href=\"https:\/\/teresalaiz.com\/web\/wp-content\/uploads\/2023\/02\/Elena-Clara-CV.pdf\" target=\"_blank\" rel=\"noopener\">Elena Clara<\/a><\/span>, <span style=\"color: #000080;\"><a style=\"color: #000080;\" href=\"https:\/\/teresalaiz.com\/web\/wp-content\/uploads\/2023\/02\/REYES-LEON-CURRICULUM-10-LINEAS.pdf\" target=\"_blank\" rel=\"noopener\">Reyes Le\u00f3n<\/a><\/span>, <span style=\"color: #000080;\"><a style=\"color: #000080;\" href=\"https:\/\/teresalaiz.com\/web\/wp-content\/uploads\/2023\/02\/Sonidos-de-Sebka-cv.pdf\" target=\"_blank\" rel=\"noopener\">Sonidos de Sebka<\/a>,<\/span> <span style=\"color: #000080;\"><a style=\"color: #000080;\" href=\"https:\/\/teresalaiz.com\/web\/wp-content\/uploads\/2023\/02\/Ma-Jose-Sanchez-Falcon-cv.pdf\" target=\"_blank\" rel=\"noopener\">M\u00aa Jos\u00e9 S\u00e1nchez Falc\u00f3n<\/a><\/span>, <span style=\"color: #000080;\"><a style=\"color: #000080;\" href=\"https:\/\/teresalaiz.com\/web\/wp-content\/uploads\/2023\/02\/Escuela-Ma-Jose-Sanchez-Falcon-CV.pdf\" target=\"_blank\" rel=\"noopener\">Escuela Mar\u00eda Jos\u00e9 S\u00e1nchez<\/a><\/span>, <span style=\"color: #000080;\"><a style=\"color: #000080;\" href=\"https:\/\/teresalaiz.com\/web\/wp-content\/uploads\/2023\/02\/Conservatorio-Profesional-de-Danza-Fortea-CV.pdf\" target=\"_blank\" rel=\"noopener\">Conservatorio Profesional de Danza Fortea<\/a><\/span>, <span style=\"color: #000080;\"><a style=\"color: #000080;\" href=\"https:\/\/teresalaiz.com\/web\/wp-content\/uploads\/2023\/02\/Aurelia-de-la-Cruz-cv.pdf\" target=\"_blank\" rel=\"noopener\">Aurelia de la Cruz<\/a><\/span>, <span style=\"color: #000080;\"><a style=\"color: #000080;\" href=\"https:\/\/teresalaiz.com\/web\/wp-content\/uploads\/2023\/02\/ACASTAMUR-cv.pdf\" target=\"_blank\" rel=\"noopener\">Coro de Casta\u00f1uelas de Murcia<\/a><\/span>, <span style=\"color: #000080;\"><a style=\"color: #000080;\" href=\"https:\/\/teresalaiz.com\/web\/wp-content\/uploads\/2023\/02\/Sofia-de-los-Angeles-cv.pdf\" target=\"_blank\" rel=\"noopener\">Sof\u00eda de los \u00c1ngeles<\/a><\/span>, <span style=\"color: #000080;\"><a style=\"color: #000080;\" href=\"https:\/\/teresalaiz.com\/web\/wp-content\/uploads\/2023\/02\/Emma-Lucena-CV.pdf\" target=\"_blank\" rel=\"noopener\">Emma Lucena<\/a><\/span>, <span style=\"color: #000080;\"><a style=\"color: #000080;\" href=\"https:\/\/teresalaiz.com\/web\/wp-content\/uploads\/2023\/02\/Susana-Algora-Curriculum-vitae.pdf\" target=\"_blank\" rel=\"noopener\">Susana Algora<\/a><\/span>, <span style=\"color: #000080;\"><a style=\"color: #000080;\" href=\"https:\/\/teresalaiz.com\/web\/wp-content\/uploads\/2023\/02\/Grupo-la-panocha-Murcia-cv.pdf\" target=\"_blank\" rel=\"noopener\">Pe\u00f1a Huertana \u00abSan Isidro &#8211; La Panocha\u00bb de Murcia<\/a><\/span>, <span style=\"color: #000080;\"><a style=\"color: #000080;\" href=\"https:\/\/teresalaiz.com\/web\/wp-content\/uploads\/2023\/02\/Bailes-y-Costumbres-Tradicionales-de-Alcorcon-cv.pdf\" target=\"_blank\" rel=\"noopener\">Bailes, Costumbres Tradicionales de Alcorc\u00f3n<\/a><\/span> y <span style=\"color: #000080;\"><a style=\"color: #000080;\" href=\"https:\/\/teresalaiz.com\/web\/wp-content\/uploads\/2023\/02\/CURRICULUM-XUNTANZA-cv.pdf\" target=\"_blank\" rel=\"noopener\">Xuntanza de Galegos en Alcobendas<\/a><\/span>.<\/p>\n<p style=\"text-align: center;\"><em>\u00a0\u00a0 Tarde &#8211; \u00a0 <span style=\"font-size: 18pt;\"><strong>Masterclass:<\/strong><\/span><\/em> Centro de Arte Flamenco y Danza Espa\u00f1ola \u2018\u2019Amor de Dios\u2019\u2019 (C\/Santa Isabel, n\u00ba 5) Estudio-1.<br \/>\n<a href=\"https:\/\/teresalaiz.com\/web\/wp-content\/uploads\/2023\/02\/Informacion-Masterclass-IX-Festival-Internacional-de-Castanuelas-2023.pdf\" target=\"_blank\" rel=\"noopener\">M\u00e1s info Masterclass<\/a><\/p>\n<p><em>&#8211; 17:00 h \u2013 Prof\u00aa. Bel\u00e9n Cabanes \u201cJazzta\u00f1uelas\u201d <\/em><\/p>\n<p><em>&#8211; 18:00 h \u2013 Prof. Miguel \u00c1ngel Berna \u201cDimensiones de la Jota\u201d<\/em><\/p>\n<p><em>&#8211; 19:00 h \u2013 Prof\u00aa. Estela Alonso \u201cLa Influencia del Flamenco en la Escuela Bolera\u201d<\/em><\/p>\n<p><em>&#8211; 20:00 h \u2013 Prof. Mariano Cruceta \u201cSignificado en el movimiento\u201d<\/em><\/p>\n<p><em>&#8211; 21:00 h \u2013 Prof\u00aa. Cristina Cazorla \u201cRitmos y Casta\u00f1uelas en la Escuela Bolera\u201d<\/em><\/p>\n<p><em>\u00a0<\/em><\/p>\n<p><span style=\"font-size: 18pt;\"><strong><u>Domingo, 26 Febrero 2023<\/u><\/strong><\/span><\/p>\n<p>&#8211; 12:00 h <em>\u2013\u00a0 <span style=\"font-size: 18pt;\"><strong>Gala<\/strong><\/span><\/em><strong><span style=\"font-size: 18pt;\"> <em>Grandes Figuras de la Casta\u00f1uela<\/em>.<\/span><br \/>\n<\/strong>\u00a0\u00a0\u00a0\u00a0\u00a0\u00a0\u00a0\u00a0\u00a0\u00a0\u00a0\u00a0\u00a0\u00a0\u00a0\u00a0\u00a0\u00a0\u00a0\u00a0 Teatro Calder\u00f3n (C\/Atocha, n\u00ba 18).<em> Precio entradas: de 22 \u20ac a 45 \u20ac<\/em><\/p>\n<p style=\"text-align: center;\"><span style=\"font-size: 12pt;\">Presenta la Gala <a href=\"https:\/\/teresalaiz.com\/web\/wp-content\/uploads\/2023\/02\/ANTONIO-NAJARRO-CV.pdf\" target=\"_blank\" rel=\"noopener\"><span style=\"text-decoration: underline;\"><span style=\"color: #800080; text-decoration: underline;\">Antonio Najarro<\/span><\/span><\/a><\/span><br \/>\n<span style=\"font-size: 12pt;\">Exdirector del Ballet Nacional, Director de su propia Compa\u00f1\u00eda. Bailar\u00edn y Core\u00f3grafo, galardonado con innumerables premios.<\/span><\/p>\n<p style=\"text-align: center;\"><span style=\"color: #993300;\"><a style=\"color: #993300;\" href=\"https:\/\/teresalaiz.com\/web\/wp-content\/uploads\/2023\/02\/Programa-mano-Gala-Teatro-Calderon.pdf\" target=\"_blank\" rel=\"noopener\"><strong>PROGRAMA DE MANO<\/strong><\/a><\/span><\/p>\n<p style=\"text-align: center;\"><u>Artistas<\/u>:<br \/>\n<span style=\"color: #881313;\"><a style=\"color: #881313;\" href=\"https:\/\/teresalaiz.com\/web\/biografia\/\" target=\"_blank\" rel=\"noopener\"><span style=\"color: #991717;\"><span style=\"color: #bd1919;\"><span style=\"color: #b31919;\"><span style=\"color: #800080;\">Teresa Laiz<\/span><\/span><\/span><\/span><\/a><\/span> &amp; <span style=\"color: #800080;\"><a style=\"color: #800080;\" href=\"https:\/\/teresalaiz.com\/web\/wp-content\/uploads\/2023\/02\/dossier-orquesta.pdf\" target=\"_blank\" rel=\"noopener\">Orquesta Cruz D\u00edez<\/a><\/span> (Concierto),<span style=\"color: #800080;\"> <a style=\"color: #800080;\" href=\"https:\/\/teresalaiz.com\/web\/wp-content\/uploads\/2023\/02\/Marta-Casas-CV.pdf\" target=\"_blank\" rel=\"noopener\">Marta Casas<\/a> <\/span>(Soprano), <span style=\"color: #800080;\"><a style=\"color: #800080;\" href=\"https:\/\/teresalaiz.com\/web\/wp-content\/uploads\/2023\/02\/Ludovica-Mosca-Alberto-Arcos-CV.pdf\" target=\"_blank\" rel=\"noopener\">Ludovica Mosca &amp; Alberto Arcos<\/a><\/span> (Danza barroca de la corte francesa), <span style=\"color: #800080;\"><a style=\"color: #800080;\" href=\"https:\/\/teresalaiz.com\/web\/wp-content\/uploads\/2023\/02\/BIOGRAFIA-CRISTINA-CAZORLA.pdf\" target=\"_blank\" rel=\"noopener\">Cristina Cazorla<\/a> <\/span>(Danza Bolera y Contempor\u00e1neo), <span style=\"color: #800080;\"><a style=\"color: #800080;\" href=\"https:\/\/teresalaiz.com\/web\/wp-content\/uploads\/2023\/02\/Paula-Garcia-Constantino-CV.pdf\" target=\"_blank\" rel=\"noopener\">Paula Garc\u00eda<\/a><\/span> (Danza estilizada), <span style=\"color: #800080;\"><a style=\"color: #800080;\" href=\"https:\/\/teresalaiz.com\/web\/wp-content\/uploads\/2023\/02\/MIGUEL-ANGEL-BERNA-CV-Gala-de-Castanuelas.pdf\" target=\"_blank\" rel=\"noopener\">Miguel \u00c1ngel Berna<\/a><\/span> (Jota), <span style=\"color: #800080;\"><a style=\"color: #800080;\" href=\"https:\/\/teresalaiz.com\/web\/wp-content\/uploads\/2023\/02\/CV-Belen-Cabanes.pdf\" target=\"_blank\" rel=\"noopener\">Bel\u00e9n Cabanes<\/a> <\/span>(Jazzta\u00f1uelas), <span style=\"color: #800080;\"><a style=\"color: #800080;\" href=\"https:\/\/teresalaiz.com\/web\/wp-content\/uploads\/2023\/02\/Curriculum-Mar-Bezana-y-Castanets-BCN.pdf\" target=\"_blank\" rel=\"noopener\">Castanets BCN<\/a><\/span> (Moderna), <span style=\"color: #800080;\"><a style=\"color: #800080;\" href=\"https:\/\/teresalaiz.com\/web\/wp-content\/uploads\/2023\/02\/Estela-Alonso-CV.pdf\" target=\"_blank\" rel=\"noopener\">Estela Alonso<\/a><\/span> (Danza Bolera con m\u00fasica flamenca),<br \/>\n<span style=\"color: #333399;\"><a style=\"color: #333399;\" href=\"https:\/\/teresalaiz.com\/web\/wp-content\/uploads\/2023\/03\/PILAR-BELTRAN.pdf\" target=\"_blank\" rel=\"noopener\"><span style=\"color: #800080;\">Ganador del I Concurso Internacional de Casta\u00f1uelas<\/span><\/a><span style=\"color: #800080;\">,<\/span><\/span><br \/>\n<span style=\"color: #800080;\"><a style=\"color: #800080;\" href=\"https:\/\/teresalaiz.com\/web\/wp-content\/uploads\/2023\/02\/ANTONIO-NAJARRO-CV.pdf\" target=\"_blank\" rel=\"noopener\">Antonio Najarro<\/a><\/span>. &amp; <span style=\"color: #333399;\"><a style=\"color: #333399;\" href=\"https:\/\/teresalaiz.com\/web\/wp-content\/uploads\/2023\/02\/FERNANDO-EGOZCUE-CV.pdf\" target=\"_blank\" rel=\"noopener\"><span style=\"color: #800080;\">Fernando Egozcue<\/span><\/a><\/span>, <span style=\"color: #800080;\"><a style=\"color: #800080;\" href=\"https:\/\/teresalaiz.com\/web\/wp-content\/uploads\/2023\/02\/THOMAS-POTIRON-CV.pdf\" target=\"_blank\" rel=\"noopener\">Thomas Potiron<\/a><\/span><\/p>\n<p style=\"text-align: justify;\"><em>&#8211; 14:30 h \u2013\u00a0 <span style=\"font-size: 18pt;\"><strong>Comida de Clausura<\/strong><\/span><\/em><span style=\"font-size: 18pt;\">.<\/span> Restaurante Ana La Santa (<span id=\"page3R_mcid2\" class=\"markedContent\"><span dir=\"ltr\" role=\"presentation\">Plaza<\/span><\/span><span id=\"page3R_mcid3\" class=\"markedContent\"> <span dir=\"ltr\" role=\"presentation\">de<\/span><\/span><span id=\"page3R_mcid4\" class=\"markedContent\"> <span dir=\"ltr\" role=\"presentation\">Santa<\/span><\/span><span id=\"page3R_mcid5\" class=\"markedContent\"> <span dir=\"ltr\" role=\"presentation\">Ana,<\/span><\/span><span id=\"page3R_mcid6\" class=\"markedContent\"> <span dir=\"ltr\" role=\"presentation\">14<\/span><\/span><span id=\"page3R_mcid7\" class=\"markedContent\"> <span dir=\"ltr\" role=\"presentation\">(Hotel<\/span><\/span><span id=\"page3R_mcid8\" class=\"markedContent\"> <span dir=\"ltr\" role=\"presentation\">ME)<\/span><\/span><span id=\"page3R_mcid9\" class=\"markedContent\"> <span dir=\"ltr\" role=\"presentation\">28012<\/span><\/span><span id=\"page3R_mcid10\" class=\"markedContent\"> <span dir=\"ltr\" role=\"presentation\">Madrid &#8211; A 3 minutos andando desde el Teatro Calder\u00f3n). <em>Precio Men\u00fa: 50 \u20ac. <\/em>(El precio de la comida incluye s\u00f3lo el men\u00fa, las copas que se tomen despu\u00e9s de la comida ser\u00e1n por cuenta de cada uno). Ver \u00ab<a href=\"https:\/\/teresalaiz.com\/web\/wp-content\/uploads\/2023\/01\/Ana-la-santa-Menu-.pdf\" target=\"_blank\" rel=\"noopener\">Men\u00fa<\/a>\u00bb .<\/span><\/span><\/p>\n<p style=\"text-align: justify;\">Por gentileza de la casa, el Restaurante Ana La Santa ofrecer\u00e1 un vino de bienvenida (welcome drink) y un aperitivo hasta que comience la comida.<\/p>\n<p style=\"text-align: justify;\">La organizaci\u00f3n del Festival ha contratado a un d\u00fao musical para quienes t<span id=\"page3R_mcid10\" class=\"markedContent\"><span dir=\"ltr\" role=\"presentation\">ras la comida se queden a tomar una copa,\u00a0 pudiendo disfrutar de la actuaci\u00f3n de \u00abLas Jipas\u00bb (voz-guitarra y caj\u00f3n flamenco), un d\u00fao musical de lo m\u00e1s animado que se desplazar\u00e1n desde C\u00f3rdoba para amenizarnos la tarde. Despu\u00e9s de la actuaci\u00f3n, continuaremos con baile.<\/span><\/span><\/p>\n<h3 style=\"text-align: center;\"><span style=\"font-size: 36pt; color: #ff0000;\">Inscripciones<br \/>\n<\/span><span style=\"color: #ff0000;\">Masterclass y comida de clausura<br \/>\n<\/span><span style=\"color: #33cccc;\">Cada Masterclass &#8211; 20 \u20ac<\/span><br \/>\n<span style=\"color: #33cccc;\">Comida -50 \u20ac<span style=\"font-size: 10pt;\"><br \/>\n<\/span><br \/>\n<\/span><\/h3>\n<p style=\"text-align: justify;\"><strong>1.-<\/strong> Realiza el ingreso del pago por transferencia bancaria, especificando en el concepto el nombre del Profesor o los Profesores de las Masterclass que deseas realizar y si deseas apuntarte a la Comida de Clausura indica tambi\u00e9n en el concepto \u00abComida\u00bb.<\/p>\n<p>Datos bancarios:<br \/>\nTeresa Laiz Monsalve<br \/>\nOpenbank<br \/>\nIBAN: ES1100730100510747313434<br \/>\nSWIFT\/BIC: OPENESMM<br \/>\nDirecci\u00f3n del Banco: Paseo de la Castellana, 134 &#8211; 28046 Madrid (Espa\u00f1a)<\/p>\n<p><strong>2.-<\/strong> M\u00e1ndanos el resguardo de la transferencia por email a info@teresalaiz.com.<\/p>\n<p style=\"text-align: justify;\"><strong>3.-<\/strong> Si te has apuntado a la comida has de elegir el 2\u00ba plato y el postre por adelantado. As\u00ed mismo, indica si te vas a quedar a tomar una copa despu\u00e9s de la comida, para poder reservar el espacio. Por favor, ind\u00edcalo todo en el email.<br \/>\nHaz click en \u00ab<a href=\"https:\/\/teresalaiz.com\/web\/wp-content\/uploads\/2023\/01\/Ana-la-santa-Menu-.pdf\" target=\"_blank\" rel=\"noopener\">Men\u00fa<\/a>\u00bb para visualizarlo.<\/p>\n<hr \/>\n<h2 style=\"text-align: center;\"><span style=\"font-family: book antiqua, palatino, serif;\"><strong>Colaboraciones y Patrocinios<\/strong><\/span><\/h2>\n<p>&nbsp;<\/p>\n<p style=\"text-align: center;\"><strong>\u00bfQuieres patrocinar o colaborar con el IX Festival Internacional de Casta\u00f1uelas a cambio de publicitar tu negocio?<\/strong><\/p>\n<p style=\"text-align: center;\">Un Festival cuyo protagonista es un instrumento muy espa\u00f1ol: la Casta\u00f1uela.<\/p>\n<p style=\"text-align: center;\">Mostramos las Casta\u00f1uelas en todas sus facetas, como acompa\u00f1amiento a la danza o al canto y como instrumento<br \/>\nsolista de orquesta.<\/p>\n<p style=\"text-align: center;\">Promociona tu negocio con un evento de alto nivel art\u00edstico.<\/p>\n<p><strong>Colaboraciones: <\/strong><\/p>\n<p>Tipo A &#8211; 200 \u20ac (logo en programa de mano y photo call en las 3 Galas del FIC)<\/p>\n<p>Tipo B &#8211; 500 \u20ac (logo en carteles, programa de mano y photo call en las 3 Galas del FIC)<\/p>\n<p>Tipo C &#8211; 1.000 \u20ac (comentario y entrega de premio en la gala del I Concurso; logo en carteles, programa de mano y photo call en las 3 Galas del FIC)<\/p>\n<p>Tipo D &#8211; 1.000 \u20ac (puesto de merchandising en las 3 Galas del FIC)<\/p>\n<p>Tipo E &#8211; 5.000 a 10.000 \u20ac (cita en tv, prensa y radio; entrega de premio en la gala del I Concurso; logo en carteles, programa de mano y photo call, invitaciones en las 3 Galas del FIC).<\/p>\n<p><span style=\"font-size: 18pt;\"><strong>\u00bfC\u00f3mo efectuar la colaboraci\u00f3n?<\/strong><\/span><\/p>\n<p><strong>1.-<\/strong> Realiza el ingreso del pago por transferencia bancaria, especificando en el concepto el tipo de colaboraci\u00f3n que deseas realizar y el nombre de tu negocio.<\/p>\n<p><span style=\"text-decoration: underline;\">Datos bancarios<\/span>:<br \/>\nTeresa Laiz Monsalve<br \/>\nOpenbank<br \/>\nIBAN: ES1100730100510747313434<br \/>\nSWIFT\/BIC: OPENESMM<br \/>\nDirecci\u00f3n del Banco: Paseo de la Castellana, 134 &#8211; 28046 Madrid (Espa\u00f1a)<\/p>\n<p><strong>2.-<\/strong> M\u00e1ndanos el resguardo de la transferencia por email a info@teresalaiz.com.<\/p>\n<p><strong>3.-<\/strong> Adjunta en el email el logo del negocio que quieres promocionar. Debe de tener alta calidad para impresi\u00f3n.<\/p>\n<p><strong>4.-<\/strong> Adjunta en el email un p\u00e1rrafo resumiendo el prop\u00f3sito\/actividad del negocio, entidad o empresa colaboradora, que no exceda de 5 l\u00edneas.<\/p>\n<hr \/>\n<h2 style=\"text-align: center;\"><strong>IX Festival Internacional de Casta\u00f1uelas<br \/>\n<\/strong><\/h2>\n<h3 style=\"text-align: center;\"><strong>Colaboradores y Esp\u00f3nsors <\/strong><\/h3>\n<p style=\"text-align: center;\"><em>Gracias por apoyar la Cultura de nuestro pa\u00eds.<\/em><\/p>\n<h5 style=\"text-align: center;\"><a href=\"https:\/\/ferrazabogados.com\/\"><strong> <img loading=\"lazy\" decoding=\"async\" class=\"wp-image-3062 size-full alignnone\" src=\"https:\/\/teresalaiz.com\/web\/wp-content\/uploads\/2023\/01\/Logo-Ferraz-Abogados.jpg\" alt=\"Despacho de Abogados Ferraz\" width=\"1193\" height=\"671\" srcset=\"https:\/\/teresalaiz.com\/web\/wp-content\/uploads\/2023\/01\/Logo-Ferraz-Abogados.jpg 1193w, https:\/\/teresalaiz.com\/web\/wp-content\/uploads\/2023\/01\/Logo-Ferraz-Abogados-300x169.jpg 300w, https:\/\/teresalaiz.com\/web\/wp-content\/uploads\/2023\/01\/Logo-Ferraz-Abogados-1024x576.jpg 1024w, https:\/\/teresalaiz.com\/web\/wp-content\/uploads\/2023\/01\/Logo-Ferraz-Abogados-768x432.jpg 768w\" sizes=\"(max-width: 1193px) 100vw, 1193px\" \/><\/strong><\/a><strong>Haz click en el Logo para entrar en su web.<\/strong><\/h5>\n<p style=\"text-align: left;\"><strong>Ferraz Abogados\u00a0\u00a0 &#8211;\u00a0\u00a0 <\/strong>Tel. 915767969 &#8211; info@ferrazabogados.com \u2013 www.ferrazabogados.com<strong><br \/>\n<\/strong>Bufete jur\u00eddico multidisciplinar integrado por un equipo de cuatro socios altamente cualificados con m\u00e1s de 35 a\u00f1os de experiencia en el ejercicio de la abogac\u00eda, con un elenco de colaboradores especialistas en distintas ramas del Derecho para ofrecer a los clientes la m\u00e1xima cobertura de sus necesidades con garant\u00eda de calidad, bajo los principios de transparencia, honestidad y excelencia.<\/p>\n<h5 style=\"text-align: center;\"><a href=\"https:\/\/personasysoluciones.es\/\" target=\"_blank\" rel=\"noopener\"><img loading=\"lazy\" decoding=\"async\" class=\"aligncenter wp-image-3093 size-full\" src=\"https:\/\/teresalaiz.com\/web\/wp-content\/uploads\/2023\/01\/PS_Logotipo-Naranja.jpg\" alt=\"\" width=\"1951\" height=\"434\" srcset=\"https:\/\/teresalaiz.com\/web\/wp-content\/uploads\/2023\/01\/PS_Logotipo-Naranja.jpg 1920w, https:\/\/teresalaiz.com\/web\/wp-content\/uploads\/2023\/01\/PS_Logotipo-Naranja-300x67.jpg 300w, https:\/\/teresalaiz.com\/web\/wp-content\/uploads\/2023\/01\/PS_Logotipo-Naranja-1024x228.jpg 1024w, https:\/\/teresalaiz.com\/web\/wp-content\/uploads\/2023\/01\/PS_Logotipo-Naranja-768x171.jpg 768w, https:\/\/teresalaiz.com\/web\/wp-content\/uploads\/2023\/01\/PS_Logotipo-Naranja-1536x342.jpg 1536w\" sizes=\"(max-width: 1951px) 100vw, 1951px\" \/><\/a><strong>Haz click en el Logo para entrar en su web.<\/strong><\/h5>\n<p style=\"text-align: justify;\"><strong>Personas y Soluciones\u00a0\u00a0 &#8211;<\/strong> \u00a0 Tel.\u00a0 646 202 130 \u2013 info@personasysoluciones.es &#8211; www.personasysoluciones.es<br \/>\n<strong>P&amp;S<\/strong> patrocina este <strong>IX Festival Internacional de Casta\u00f1uelas<\/strong> porque las casta\u00f1uelas, como las relaciones, son cosa de dos. Su m\u00fasica suena con notas altas y bajas, afinadas y desafinadas, pero, si se mantiene la sinton\u00eda, la obra culminar\u00e1 con aplausos. Para resolver tus problemas de entendimiento con otras personas, no de cualquier manera, sino con sinton\u00eda y aplausos, cuentas con nuestras reveladoras y entretenidas <strong>formaciones, <\/strong>nuestros <strong>procesos de mediaci\u00f3n,<\/strong> r\u00e1pidos y econ\u00f3micos y, si es en tu empresa donde quieres prevenir y resolver los conflictos, nuestra <strong>consultor\u00eda estrat\u00e9gica y ecol\u00f3gica<\/strong>.<\/p>\n<p style=\"text-align: center;\"><a href=\"https:\/\/www.encompaniadelobos.com\/ana-la-santa\/\" target=\"_blank\" rel=\"noopener\"><img loading=\"lazy\" decoding=\"async\" class=\"alignnone wp-image-3102 size-full\" src=\"https:\/\/teresalaiz.com\/web\/wp-content\/uploads\/2023\/01\/Ana-la-Santa-pequeno.jpg\" alt=\"\" width=\"1772\" height=\"630\" srcset=\"https:\/\/teresalaiz.com\/web\/wp-content\/uploads\/2023\/01\/Ana-la-Santa-pequeno.jpg 1772w, https:\/\/teresalaiz.com\/web\/wp-content\/uploads\/2023\/01\/Ana-la-Santa-pequeno-300x107.jpg 300w, https:\/\/teresalaiz.com\/web\/wp-content\/uploads\/2023\/01\/Ana-la-Santa-pequeno-1024x364.jpg 1024w, https:\/\/teresalaiz.com\/web\/wp-content\/uploads\/2023\/01\/Ana-la-Santa-pequeno-768x273.jpg 768w, https:\/\/teresalaiz.com\/web\/wp-content\/uploads\/2023\/01\/Ana-la-Santa-pequeno-1536x546.jpg 1536w\" sizes=\"(max-width: 1772px) 100vw, 1772px\" \/><\/a><strong>Haz click en el Logo para entrar en su web.<br \/>\n<\/strong><\/p>\n<p><strong>Restaurante Ana La Santa &#8211; <\/strong>Tel. +34 911 45 03 34\u00a0 &#8211; reservas.ana@encompaniadelobos.com &#8211; www.encompaniadelobos.com<br \/>\nUn lobby con restaurante o un restaurante con lobby. Una tapa en el bar o un arroz en el comedor. <em>Plaza Santa Ana, Madrid<br \/>\n<\/em><\/p>\n<p><img loading=\"lazy\" decoding=\"async\" class=\"alignnone size-full wp-image-3271\" src=\"https:\/\/teresalaiz.com\/web\/wp-content\/uploads\/2023\/02\/Lola-Bernabeu-2-copia.jpg\" alt=\"\" width=\"1863\" height=\"1352\" data-wp-editing=\"1\" srcset=\"https:\/\/teresalaiz.com\/web\/wp-content\/uploads\/2023\/02\/Lola-Bernabeu-2-copia.jpg 1863w, https:\/\/teresalaiz.com\/web\/wp-content\/uploads\/2023\/02\/Lola-Bernabeu-2-copia-300x218.jpg 300w, https:\/\/teresalaiz.com\/web\/wp-content\/uploads\/2023\/02\/Lola-Bernabeu-2-copia-1024x743.jpg 1024w, https:\/\/teresalaiz.com\/web\/wp-content\/uploads\/2023\/02\/Lola-Bernabeu-2-copia-768x557.jpg 768w, https:\/\/teresalaiz.com\/web\/wp-content\/uploads\/2023\/02\/Lola-Bernabeu-2-copia-1536x1115.jpg 1536w\" sizes=\"(max-width: 1863px) 100vw, 1863px\" \/><\/p>\n<p style=\"text-align: justify;\"><strong>Lola Bernab\u00e9u &#8211; <\/strong>Tf. +34 630 05 64 37 &#8211; mloberp@gmail.com<br \/>\nLB, farmac\u00e9utica de profesi\u00f3n pero al mismo tiempo, una apasionada de la cultura y del arte en todas sus expresiones. La m\u00fasica y la danza le han inspirado desde su infancia pero han sido el dibujo y la pintura donde, de forma autodidacta, ha encontrado la v\u00eda para dar salida a esa pasi\u00f3n a lo largo de los a\u00f1os. Actualmente est\u00e1 trabajando en un proyecto sobre el Bautismo para la futura Iglesia de Santa Ana en Cartagena, su querida ciudad natal. Su estilo es realista y refleja su amor por los matices y detalles de lo\u00a0que\u00a0nos\u00a0rodea.<\/p>\n<hr \/>\n<h2><\/h2>\n<h2 style=\"text-align: center;\"><strong>Festival Internacional de Casta\u00f1uelas<br \/>\n<\/strong><\/h2>\n<p style=\"text-align: center;\"><strong>Direcci\u00f3n y Coordinaci\u00f3n Teresa Laiz<\/strong><\/p>\n<p style=\"text-align: justify;\">El Festival Internacional de Casta\u00f1uelas (F.I.C.), dirigido por la concertista Teresa Laiz, es el primer y \u00fanico festival que existe en el mundo con car\u00e1cter regular y exclusivamente dedicado a las Casta\u00f1uelas en todas sus facetas y en especial a las Casta\u00f1uelas de Concierto. Hasta ahora, el festival en sus ocho ediciones anteriores se ha venido realizando en Sant Feliu de Gu\u00edxols (Girona), aunque a partir de ahora establecer\u00e1 su ubicaci\u00f3n en Madrid para lograr una mayor difusi\u00f3n.<\/p>\n<p style=\"text-align: justify;\">El objetivo del evento es dar a conocer las Casta\u00f1uelas en todas sus vertientes y hacerlas revivir, mostrando el desarrollo t\u00e9cnico virtuoso y creativo que poseen los actuales concertistas y bailarines.<\/p>\n<p style=\"text-align: justify;\">Diversas galas y conciertos, cursillos intensivos, talleres, seminarios, master class, conferencias, exposiciones, proyecciones, presentaciones, concursos, promoci\u00f3n, venta y merchandising conforman el <em>Festival Internacional de Casta\u00f1uelas<\/em>.<\/p>\n<p style=\"text-align: justify;\">En las Galas \u00a0participan artistas profesionales tanto nacionales como internacionales, \u00a0entre los que se incluyen solistas, coros de casta\u00f1uelas y m\u00fasicos en vivo, que interpretan diferentes estilos de m\u00fasica y danza: cl\u00e1sica, espa\u00f1ola, flamenco, danza barroca, danza bolera, ballet cl\u00e1sico, claqu\u00e9, danza oriental, jotas, folklore, jazz, popular de todos los pa\u00edses y n\u00fameros c\u00f3micos teatralizados.<\/p>\n<p style=\"text-align: justify;\">Durante el Festival se realizar\u00e1n diversas Masterclass de artistas reconocidos en las diferentes \u00e1reas de la Casta\u00f1uela, que se celebrar\u00e1n en el Centro de Arte Flamenco y Danza Espa\u00f1ola \u201cAmor de Dios\u201d, en la C\/Santa Isabel, 5 (Ant\u00f3n Mart\u00edn).<\/p>\n<p style=\"text-align: justify;\">As\u00edmismo, se realiza un reportaje tanto fotogr\u00e1fico como de v\u00eddeo de las diferentes actividades y conciertos del Festival Internacional de Casta\u00f1uelas con fines promocionales.<\/p>\n<p style=\"text-align: justify;\">Se pretende que las fuentes de financiaci\u00f3n provengan tanto de la recaudaci\u00f3n\u00a0 de las entradas como de entidades p\u00fablicas o privadas a trav\u00e9s de colaboraciones y patrocinios.<\/p>\n<p><strong>Equipo<\/strong><br \/>\nDirecci\u00f3n y Coordinaci\u00f3n: Teresa Laiz<br \/>\nAyudante de Direcci\u00f3n: Luz Ruiz<br \/>\nRegidora: Mar L\u00f3pez<br \/>\nPresentadora Gala I Concurso Internacional de Casta\u00f1uelas: M\u00aa Jes\u00fas S\u00e1nchez Garc\u00eda<br \/>\nPresentadora Gala Solistas, Maestros y Agrupaciones: Mar\u00eda Mar\u00edn<br \/>\nPresentador Gala Grandes Figuras de la Casta\u00f1uela: Antonio Najarro<br \/>\nWebmaster: Teresa Laiz<\/p>\n<p style=\"text-align: justify;\">V\u00eddeo<strong> &#8211; <\/strong>Breve resumen de ediciones anteriores:<\/p>\n<div class=\"audiotheme-embed\">\n<div class=\"audiotheme-embed\"><span class=\"embed-youtube\" style=\"text-align:center; display: block;\"><iframe loading=\"lazy\" class=\"youtube-player\" width=\"720\" height=\"405\" src=\"https:\/\/www.youtube.com\/embed\/RjuCF6krS0E?version=3&#038;rel=1&#038;showsearch=0&#038;showinfo=1&#038;iv_load_policy=1&#038;fs=1&#038;hl=es-ES&#038;autohide=2&#038;wmode=transparent\" allowfullscreen=\"true\" style=\"border:0;\" sandbox=\"allow-scripts allow-same-origin allow-popups allow-presentation allow-popups-to-escape-sandbox\"><\/iframe><\/span><\/div>\n<\/div>\n<hr \/>\n<p>&nbsp;<\/p>\n","protected":false},"excerpt":{"rendered":"<p>Paseos por el centro de Madrid IX Festival Internacional de Casta\u00f1uelas Del 24 al 26 Febrero 2023 Programa General &nbsp; &nbsp; &nbsp; &nbsp; &nbsp; &nbsp; &nbsp; ENTRADAS Compra tus entradas a las 3 Galas haciendo click en cada uno de los carteles de arriba. Todas las Masterclass est\u00e1n orientadas de tal forma que que puedan tomarlas tanto concertistas como bailarines y contienen una parte informativa\/Te\u00f3rica y otra pr\u00e1ctica. Si est\u00e1s interesado en participar como Artista en una de las Galas, ponte en contacto: info@teresalaiz.com &#8211; Tf. +34 636739377 Actividades Socio-Culturales Previas Paseos por el Centro de Madrid Actividad Gratuita Martes, 21 de Febrero 2023 &#8211; RETIRO Y ENTORNO PASEO DEL [&hellip;]<\/p>\n","protected":false},"author":1,"featured_media":649,"parent":0,"menu_order":0,"comment_status":"closed","ping_status":"closed","template":"templates\/full-width.php","meta":{"footnotes":""},"yoast_head":"<!-- This site is optimized with the Yoast SEO plugin v22.7 - https:\/\/yoast.com\/wordpress\/plugins\/seo\/ -->\n<title>IX Festival Internacional de Casta\u00f1uelas - Teresa Laiz<\/title>\n<meta name=\"description\" content=\"\u00danico festival que existe en el mundo con car\u00e1cter regular y exclusivamente dedicado a las Casta\u00f1uelas en todas sus facetas y en especial a las Casta\u00f1uelas de Concierto, dirigido por la concertista de casta\u00f1uelas Teresa Laiz.\" \/>\n<meta name=\"robots\" content=\"index, follow, max-snippet:-1, max-image-preview:large, max-video-preview:-1\" \/>\n<link rel=\"canonical\" href=\"https:\/\/teresalaiz.com\/web\/festival-internacional-de-castanuelas\/\" \/>\n<meta property=\"og:locale\" content=\"es_ES\" \/>\n<meta property=\"og:type\" content=\"article\" \/>\n<meta property=\"og:title\" content=\"IX Festival Internacional de Casta\u00f1uelas 2023 (Madrid)\" \/>\n<meta property=\"og:description\" content=\"Los mejores Artistas de la Casta\u00f1uela se dar\u00e1n cita en Madrid, del 24 al 26 de Febrero 2023. El Festival cuenta con 3 Galas y numerosas Masterclass de renombradas figuras.\" \/>\n<meta property=\"og:url\" content=\"https:\/\/teresalaiz.com\/web\/festival-internacional-de-castanuelas\/\" \/>\n<meta property=\"og:site_name\" content=\"Teresa Laiz\" \/>\n<meta property=\"article:modified_time\" content=\"2024-12-22T13:47:57+00:00\" \/>\n<meta property=\"og:image\" content=\"https:\/\/teresalaiz.com\/web\/wp-content\/uploads\/2023\/01\/Festival-FIC14-web-scaled.jpg\" \/>\n\t<meta property=\"og:image:width\" content=\"1280\" \/>\n\t<meta property=\"og:image:height\" content=\"1920\" \/>\n\t<meta property=\"og:image:type\" content=\"image\/jpeg\" \/>\n<meta name=\"twitter:card\" content=\"summary_large_image\" \/>\n<meta name=\"twitter:title\" content=\"IX Festival Internacional de Casta\u00f1uelas 2023 (Madrid)\" \/>\n<meta name=\"twitter:description\" content=\"Los mejores Artistas de la Casta\u00f1uela se dar\u00e1n cita en Madrid, del 24 al 26 de Febrero 2023. El Festival cuenta con 3 Galas y numerosas Masterclass de renombradas figuras.\" \/>\n<meta name=\"twitter:image\" content=\"https:\/\/teresalaiz.com\/web\/wp-content\/uploads\/2023\/01\/Festival-FIC14-web-scaled.jpg\" \/>\n<meta name=\"twitter:label1\" content=\"Tiempo de lectura\" \/>\n\t<meta name=\"twitter:data1\" content=\"11 minutos\" \/>\n<script type=\"application\/ld+json\" class=\"yoast-schema-graph\">{\"@context\":\"https:\/\/schema.org\",\"@graph\":[{\"@type\":\"WebPage\",\"@id\":\"https:\/\/teresalaiz.com\/web\/festival-internacional-de-castanuelas\/\",\"url\":\"https:\/\/teresalaiz.com\/web\/festival-internacional-de-castanuelas\/\",\"name\":\"IX Festival Internacional de Casta\u00f1uelas - Teresa Laiz\",\"isPartOf\":{\"@id\":\"https:\/\/teresalaiz.com\/web\/#website\"},\"primaryImageOfPage\":{\"@id\":\"https:\/\/teresalaiz.com\/web\/festival-internacional-de-castanuelas\/#primaryimage\"},\"image\":{\"@id\":\"https:\/\/teresalaiz.com\/web\/festival-internacional-de-castanuelas\/#primaryimage\"},\"thumbnailUrl\":\"https:\/\/teresalaiz.com\/web\/wp-content\/uploads\/2015\/12\/9649e20f50f164b0fec3058ab6a51028.jpg\",\"datePublished\":\"2015-12-17T22:41:18+00:00\",\"dateModified\":\"2024-12-22T13:47:57+00:00\",\"description\":\"\u00danico festival que existe en el mundo con car\u00e1cter regular y exclusivamente dedicado a las Casta\u00f1uelas en todas sus facetas y en especial a las Casta\u00f1uelas de Concierto, dirigido por la concertista de casta\u00f1uelas Teresa Laiz.\",\"breadcrumb\":{\"@id\":\"https:\/\/teresalaiz.com\/web\/festival-internacional-de-castanuelas\/#breadcrumb\"},\"inLanguage\":\"es\",\"potentialAction\":[{\"@type\":\"ReadAction\",\"target\":[\"https:\/\/teresalaiz.com\/web\/festival-internacional-de-castanuelas\/\"]}]},{\"@type\":\"ImageObject\",\"inLanguage\":\"es\",\"@id\":\"https:\/\/teresalaiz.com\/web\/festival-internacional-de-castanuelas\/#primaryimage\",\"url\":\"https:\/\/teresalaiz.com\/web\/wp-content\/uploads\/2015\/12\/9649e20f50f164b0fec3058ab6a51028.jpg\",\"contentUrl\":\"https:\/\/teresalaiz.com\/web\/wp-content\/uploads\/2015\/12\/9649e20f50f164b0fec3058ab6a51028.jpg\",\"width\":475,\"height\":420,\"caption\":\"Festival Internacional de Casta\u00f1uelas\"},{\"@type\":\"BreadcrumbList\",\"@id\":\"https:\/\/teresalaiz.com\/web\/festival-internacional-de-castanuelas\/#breadcrumb\",\"itemListElement\":[{\"@type\":\"ListItem\",\"position\":1,\"name\":\"Portada\",\"item\":\"https:\/\/teresalaiz.com\/web\/\"},{\"@type\":\"ListItem\",\"position\":2,\"name\":\"IX Festival Internacional de Casta\u00f1uelas\"}]},{\"@type\":\"WebSite\",\"@id\":\"https:\/\/teresalaiz.com\/web\/#website\",\"url\":\"https:\/\/teresalaiz.com\/web\/\",\"name\":\"Teresa Laiz\",\"description\":\"Casta\u00f1uelas, Conciertos de Casta\u00f1uelas, Cursos de Casta\u00f1uelas, Festival Internacional de Casta\u00f1uelas, M\u00e9todo de Casta\u00f1uelas, Castanets, Castagnettes, Kastagnetten, \u30ab\u30b9\u30bf\u30cd\u30c3\u30c8\",\"potentialAction\":[{\"@type\":\"SearchAction\",\"target\":{\"@type\":\"EntryPoint\",\"urlTemplate\":\"https:\/\/teresalaiz.com\/web\/?s={search_term_string}\"},\"query-input\":\"required name=search_term_string\"}],\"inLanguage\":\"es\"}]}<\/script>\n<!-- \/ Yoast SEO plugin. -->","yoast_head_json":{"title":"IX Festival Internacional de Casta\u00f1uelas - Teresa Laiz","description":"\u00danico festival que existe en el mundo con car\u00e1cter regular y exclusivamente dedicado a las Casta\u00f1uelas en todas sus facetas y en especial a las Casta\u00f1uelas de Concierto, dirigido por la concertista de casta\u00f1uelas Teresa Laiz.","robots":{"index":"index","follow":"follow","max-snippet":"max-snippet:-1","max-image-preview":"max-image-preview:large","max-video-preview":"max-video-preview:-1"},"canonical":"https:\/\/teresalaiz.com\/web\/festival-internacional-de-castanuelas\/","og_locale":"es_ES","og_type":"article","og_title":"IX Festival Internacional de Casta\u00f1uelas 2023 (Madrid)","og_description":"Los mejores Artistas de la Casta\u00f1uela se dar\u00e1n cita en Madrid, del 24 al 26 de Febrero 2023. El Festival cuenta con 3 Galas y numerosas Masterclass de renombradas figuras.","og_url":"https:\/\/teresalaiz.com\/web\/festival-internacional-de-castanuelas\/","og_site_name":"Teresa Laiz","article_modified_time":"2024-12-22T13:47:57+00:00","og_image":[{"width":1280,"height":1920,"url":"https:\/\/teresalaiz.com\/web\/wp-content\/uploads\/2023\/01\/Festival-FIC14-web-scaled.jpg","type":"image\/jpeg"}],"twitter_card":"summary_large_image","twitter_title":"IX Festival Internacional de Casta\u00f1uelas 2023 (Madrid)","twitter_description":"Los mejores Artistas de la Casta\u00f1uela se dar\u00e1n cita en Madrid, del 24 al 26 de Febrero 2023. El Festival cuenta con 3 Galas y numerosas Masterclass de renombradas figuras.","twitter_image":"https:\/\/teresalaiz.com\/web\/wp-content\/uploads\/2023\/01\/Festival-FIC14-web-scaled.jpg","twitter_misc":{"Tiempo de lectura":"11 minutos"},"schema":{"@context":"https:\/\/schema.org","@graph":[{"@type":"WebPage","@id":"https:\/\/teresalaiz.com\/web\/festival-internacional-de-castanuelas\/","url":"https:\/\/teresalaiz.com\/web\/festival-internacional-de-castanuelas\/","name":"IX Festival Internacional de Casta\u00f1uelas - Teresa Laiz","isPartOf":{"@id":"https:\/\/teresalaiz.com\/web\/#website"},"primaryImageOfPage":{"@id":"https:\/\/teresalaiz.com\/web\/festival-internacional-de-castanuelas\/#primaryimage"},"image":{"@id":"https:\/\/teresalaiz.com\/web\/festival-internacional-de-castanuelas\/#primaryimage"},"thumbnailUrl":"https:\/\/teresalaiz.com\/web\/wp-content\/uploads\/2015\/12\/9649e20f50f164b0fec3058ab6a51028.jpg","datePublished":"2015-12-17T22:41:18+00:00","dateModified":"2024-12-22T13:47:57+00:00","description":"\u00danico festival que existe en el mundo con car\u00e1cter regular y exclusivamente dedicado a las Casta\u00f1uelas en todas sus facetas y en especial a las Casta\u00f1uelas de Concierto, dirigido por la concertista de casta\u00f1uelas Teresa Laiz.","breadcrumb":{"@id":"https:\/\/teresalaiz.com\/web\/festival-internacional-de-castanuelas\/#breadcrumb"},"inLanguage":"es","potentialAction":[{"@type":"ReadAction","target":["https:\/\/teresalaiz.com\/web\/festival-internacional-de-castanuelas\/"]}]},{"@type":"ImageObject","inLanguage":"es","@id":"https:\/\/teresalaiz.com\/web\/festival-internacional-de-castanuelas\/#primaryimage","url":"https:\/\/teresalaiz.com\/web\/wp-content\/uploads\/2015\/12\/9649e20f50f164b0fec3058ab6a51028.jpg","contentUrl":"https:\/\/teresalaiz.com\/web\/wp-content\/uploads\/2015\/12\/9649e20f50f164b0fec3058ab6a51028.jpg","width":475,"height":420,"caption":"Festival Internacional de Casta\u00f1uelas"},{"@type":"BreadcrumbList","@id":"https:\/\/teresalaiz.com\/web\/festival-internacional-de-castanuelas\/#breadcrumb","itemListElement":[{"@type":"ListItem","position":1,"name":"Portada","item":"https:\/\/teresalaiz.com\/web\/"},{"@type":"ListItem","position":2,"name":"IX Festival Internacional de Casta\u00f1uelas"}]},{"@type":"WebSite","@id":"https:\/\/teresalaiz.com\/web\/#website","url":"https:\/\/teresalaiz.com\/web\/","name":"Teresa Laiz","description":"Casta\u00f1uelas, Conciertos de Casta\u00f1uelas, Cursos de Casta\u00f1uelas, Festival Internacional de Casta\u00f1uelas, M\u00e9todo de Casta\u00f1uelas, Castanets, Castagnettes, Kastagnetten, \u30ab\u30b9\u30bf\u30cd\u30c3\u30c8","potentialAction":[{"@type":"SearchAction","target":{"@type":"EntryPoint","urlTemplate":"https:\/\/teresalaiz.com\/web\/?s={search_term_string}"},"query-input":"required name=search_term_string"}],"inLanguage":"es"}]}},"jetpack_sharing_enabled":true,"jetpack_shortlink":"https:\/\/wp.me\/P702QQ-ar","jetpack_likes_enabled":true,"_links":{"self":[{"href":"https:\/\/teresalaiz.com\/web\/wp-json\/wp\/v2\/pages\/647"}],"collection":[{"href":"https:\/\/teresalaiz.com\/web\/wp-json\/wp\/v2\/pages"}],"about":[{"href":"https:\/\/teresalaiz.com\/web\/wp-json\/wp\/v2\/types\/page"}],"author":[{"embeddable":true,"href":"https:\/\/teresalaiz.com\/web\/wp-json\/wp\/v2\/users\/1"}],"replies":[{"embeddable":true,"href":"https:\/\/teresalaiz.com\/web\/wp-json\/wp\/v2\/comments?post=647"}],"version-history":[{"count":1,"href":"https:\/\/teresalaiz.com\/web\/wp-json\/wp\/v2\/pages\/647\/revisions"}],"predecessor-version":[{"id":3975,"href":"https:\/\/teresalaiz.com\/web\/wp-json\/wp\/v2\/pages\/647\/revisions\/3975"}],"wp:featuredmedia":[{"embeddable":true,"href":"https:\/\/teresalaiz.com\/web\/wp-json\/wp\/v2\/media\/649"}],"wp:attachment":[{"href":"https:\/\/teresalaiz.com\/web\/wp-json\/wp\/v2\/media?parent=647"}],"curies":[{"name":"wp","href":"https:\/\/api.w.org\/{rel}","templated":true}]}}